{"id":56240,"date":"2025-12-12T10:33:50","date_gmt":"2025-12-12T09:33:50","guid":{"rendered":"https:\/\/ikar.dev\/bceco-v2\/?page_id=56240"},"modified":"2026-01-02T05:46:54","modified_gmt":"2026-01-02T04:46:54","slug":"presentation","status":"publish","type":"page","link":"https:\/\/ikar.dev\/bceco-v2\/bceco\/presentation\/","title":{"rendered":"Pr\u00e9sentation"},"content":{"rendered":"\t\t<div data-elementor-type=\"wp-page\" data-elementor-id=\"56240\" class=\"elementor elementor-56240\" data-elementor-post-type=\"page\">\n\t\t\t\t\t\t<section class=\"elementor-section elementor-top-section elementor-element elementor-element-3bfedb7 elementor-section-content-middle elementor-section-stretched elementor-section-boxed elementor-section-height-default elementor-section-height-default\" data-id=\"3bfedb7\" data-element_type=\"section\" data-e-type=\"section\" data-settings=\"{&quot;stretch_section&quot;:&quot;section-stretched&quot;}\">\n\t\t\t\t\t\t<div class=\"elementor-container elementor-column-gap-extended\">\n\t\t\t\t\t<div class=\"elementor-column elementor-col-50 elementor-top-column elementor-element elementor-element-b340c46\" data-id=\"b340c46\" data-element_type=\"column\" data-e-type=\"column\">\n\t\t\t<div class=\"elementor-widget-wrap elementor-element-populated\">\n\t\t\t\t\t\t<div class=\"elementor-element elementor-element-5b12b3a elementor-widget elementor-widget-image\" data-id=\"5b12b3a\" data-element_type=\"widget\" data-e-type=\"widget\" data-widget_type=\"image.default\">\n\t\t\t\t\t\t\t\t\t\t\t\t\t\t\t<img decoding=\"async\" src=\"https:\/\/ikar.dev\/bceco-v2\/wp-content\/uploads\/elementor\/thumbs\/Le-BCECO-decide-a-livrer-la-vraie-information-9-rg1o37l0tohxwp9620ivqxpu88yfuhssp67xthm4xc.jpg\" title=\"Le BCECO de\u0301cide\u0301 a\u0300 livrer la vraie information 9\" alt=\"Le BCECO de\u0301cide\u0301 a\u0300 livrer la vraie information 9\" loading=\"lazy\" \/>\t\t\t\t\t\t\t\t\t\t\t\t\t\t\t<\/div>\n\t\t\t\t\t<\/div>\n\t\t<\/div>\n\t\t\t\t<div class=\"elementor-column elementor-col-50 elementor-top-column elementor-element elementor-element-0487fdd\" data-id=\"0487fdd\" data-element_type=\"column\" data-e-type=\"column\">\n\t\t\t<div class=\"elementor-widget-wrap elementor-element-populated\">\n\t\t\t\t\t\t<div class=\"elementor-element elementor-element-8648a5b cea-align-left elementor-widget elementor-widget-ceasectiontitle\" data-id=\"8648a5b\" data-element_type=\"widget\" data-e-type=\"widget\" data-widget_type=\"ceasectiontitle.default\">\n\t\t\t\t<div class=\"elementor-widget-container\">\n\t\t\t\t\t<div class=\"section-title-wrapper\"><div class=\"title-wrap\"><h2 class=\"section-title\"><\/h2><\/div><!-- .title-wrap --><div class=\"section-description\"><p class=\"section-content\">Le Bureau Central de Coordination (B.Ce.Co) est un service public strat\u00e9gique de la R\u00e9publique d\u00e9mocratique du Congo, plac\u00e9 sous la tutelle du Minist\u00e8re des Finances. Il a pour mission principale d\u2019assurer la gestion, la coordination et l\u2019ex\u00e9cution des projets et programmes de d\u00e9veloppement, financ\u00e9s aussi bien sur ressources propres de l\u2019\u00c9tat que par les bailleurs de fonds bilat\u00e9raux et multilat\u00e9raux.\n<p>\nCr\u00e9\u00e9 dans le contexte de la relance de la coop\u00e9ration internationale, le B.Ce.Co constitue la premi\u00e8re agence nationale d\u2019ex\u00e9cution des projets de d\u00e9veloppement mise en place apr\u00e8s la reprise des relations entre la RDC, le Fonds mon\u00e9taire international (FMI) et la Banque mondiale (BM). Il a \u00e9t\u00e9 institu\u00e9 par le D\u00e9cret pr\u00e9sidentiel n\u00b0039\/2001 du 8 ao\u00fbt 2001.\n<\/p>\n<p>\u00c0 travers son action, le B.Ce.Co contribue activement \u00e0 la mise en \u0153uvre des politiques publiques de d\u00e9veloppement, au renforcement de la gouvernance financi\u00e8re, ainsi qu\u2019\u00e0 l\u2019optimisation de l\u2019impact des financements mobilis\u00e9s au b\u00e9n\u00e9fice du d\u00e9veloppement \u00e9conomique et social du pays.<\/p><\/p><\/div><!-- .section-description --><\/div><!-- .section-title-wrapper -->\t\t\t\t<\/div>\n\t\t\t\t<\/div>\n\t\t\t\t\t<\/div>\n\t\t<\/div>\n\t\t\t\t\t<\/div>\n\t\t<\/section>\n\t\t\t\t<section data-cea-float=\"[{&quot;float_title&quot;:&quot;Floating Image&quot;,&quot;float_img&quot;:&quot;https:\\\/\\\/elementor.zozothemes.com\\\/corpkit\\\/wp-content\\\/uploads\\\/sites\\\/45\\\/2021\\\/09\\\/welcome-one-shape-2.png&quot;,&quot;float_left&quot;:&quot;66&quot;,&quot;float_top&quot;:&quot;80&quot;,&quot;float_distance&quot;:&quot;100&quot;,&quot;float_animation&quot;:&quot;1&quot;,&quot;float_mouse&quot;:&quot;0&quot;,&quot;float_width&quot;:&quot;100px&quot;}]\" class=\"elementor-section elementor-top-section elementor-element elementor-element-d9c3ca7 elementor-section-content-middle elementor-section-stretched elementor-section-boxed elementor-section-height-default elementor-section-height-default\" data-id=\"d9c3ca7\" data-element_type=\"section\" data-e-type=\"section\" data-settings=\"{&quot;stretch_section&quot;:&quot;section-stretched&quot;}\">\n\t\t\t\t\t\t<div class=\"elementor-container elementor-column-gap-extended\">\n\t\t\t\t\t<div class=\"elementor-column elementor-col-50 elementor-top-column elementor-element elementor-element-be921cd\" data-id=\"be921cd\" data-element_type=\"column\" data-e-type=\"column\">\n\t\t\t<div class=\"elementor-widget-wrap elementor-element-populated\">\n\t\t\t\t\t\t<div class=\"elementor-element elementor-element-1f1dc4f elementor-widget elementor-widget-image\" data-id=\"1f1dc4f\" data-element_type=\"widget\" data-e-type=\"widget\" data-widget_type=\"image.default\">\n\t\t\t\t\t\t\t\t\t\t\t\t\t\t\t<img fetchpriority=\"high\" decoding=\"async\" width=\"1500\" height=\"1000\" src=\"https:\/\/ikar.dev\/bceco-v2\/wp-content\/uploads\/2024\/04\/Evolution-des-differents-projets-dans-le-Kasai-Central-_-Le-BCECO-organise-une-journee-dinformation-a-legard-de-ses-elus-nationaux-3.jpg\" class=\"attachment-full size-full wp-image-35862\" alt=\"\" srcset=\"https:\/\/ikar.dev\/bceco-v2\/wp-content\/uploads\/2024\/04\/Evolution-des-differents-projets-dans-le-Kasai-Central-_-Le-BCECO-organise-une-journee-dinformation-a-legard-de-ses-elus-nationaux-3.jpg 1500w, https:\/\/ikar.dev\/bceco-v2\/wp-content\/uploads\/2024\/04\/Evolution-des-differents-projets-dans-le-Kasai-Central-_-Le-BCECO-organise-une-journee-dinformation-a-legard-de-ses-elus-nationaux-3-768x512.jpg 768w, https:\/\/ikar.dev\/bceco-v2\/wp-content\/uploads\/2024\/04\/Evolution-des-differents-projets-dans-le-Kasai-Central-_-Le-BCECO-organise-une-journee-dinformation-a-legard-de-ses-elus-nationaux-3-600x400.jpg 600w\" sizes=\"(max-width: 1500px) 100vw, 1500px\" \/>\t\t\t\t\t\t\t\t\t\t\t\t\t\t\t<\/div>\n\t\t\t\t\t<\/div>\n\t\t<\/div>\n\t\t\t\t<div class=\"elementor-column elementor-col-50 elementor-top-column elementor-element elementor-element-f484346\" data-id=\"f484346\" data-element_type=\"column\" data-e-type=\"column\">\n\t\t\t<div class=\"elementor-widget-wrap elementor-element-populated\">\n\t\t\t\t\t\t<div class=\"elementor-element elementor-element-d7b000f cea-align-left elementor-widget elementor-widget-ceasectiontitle\" data-id=\"d7b000f\" data-element_type=\"widget\" data-e-type=\"widget\" data-widget_type=\"ceasectiontitle.default\">\n\t\t\t\t<div class=\"elementor-widget-container\">\n\t\t\t\t\t<div class=\"section-title-wrapper\"><div class=\"title-wrap\"><h6 class=\"sub-title\">\u00c0 propos de nous<\/h6><h2 class=\"section-title\">Vision, mission et d\u00e9fis<\/h2><\/div><!-- .title-wrap --><div class=\"section-description\"><\/div><!-- .section-description --><\/div><!-- .section-title-wrapper -->\t\t\t\t<\/div>\n\t\t\t\t<\/div>\n\t\t\t\t<div class=\"elementor-element elementor-element-64f9afc elementor-widget elementor-widget-text-editor\" data-id=\"64f9afc\" data-element_type=\"widget\" data-e-type=\"widget\" data-widget_type=\"text-editor.default\">\n\t\t\t\t\t\t\t\t\t<p><strong>Vision :<\/strong>\u00a0Faire du BCECO la premi\u00e8re agence de d\u00e9veloppement en RDC valorisant les comp\u00e9tences congolaises pour un d\u00e9veloppement<\/p><p><strong>Mission :<\/strong>\u00a0Accompagner le Gouvernement Congolais dans la r\u00e9duction de la pauvret\u00e9 et des in\u00e9galit\u00e9s sociales.<\/p><p><strong>Nos d\u00e9fis :<\/strong>\u00a0Ex\u00e9cuter des projets de qualit\u00e9 dans les d\u00e9lais et le respect des normes dans diff\u00e9rents environnements.<\/p>\t\t\t\t\t\t\t\t<\/div>\n\t\t\t\t\t<\/div>\n\t\t<\/div>\n\t\t\t\t\t<\/div>\n\t\t<\/section>\n\t\t\t\t<section data-cea-float=\"[{&quot;float_title&quot;:&quot;Floating Image&quot;,&quot;float_img&quot;:&quot;https:\\\/\\\/elementor.zozothemes.com\\\/corpkit\\\/wp-content\\\/uploads\\\/sites\\\/45\\\/2021\\\/08\\\/icon-5.png&quot;,&quot;float_left&quot;:&quot;0&quot;,&quot;float_top&quot;:&quot;50&quot;,&quot;float_distance&quot;:&quot;&quot;,&quot;float_animation&quot;:&quot;2&quot;,&quot;float_mouse&quot;:&quot;0&quot;,&quot;float_width&quot;:&quot;50px&quot;}]\" class=\"elementor-section elementor-top-section elementor-element elementor-element-5d3a28b elementor-section-stretched elementor-section-content-middle elementor-section-boxed elementor-section-height-default elementor-section-height-default\" data-id=\"5d3a28b\" data-element_type=\"section\" data-e-type=\"section\" data-settings=\"{&quot;stretch_section&quot;:&quot;section-stretched&quot;,&quot;background_background&quot;:&quot;classic&quot;,&quot;shape_divider_top&quot;:&quot;tilt&quot;,&quot;shape_divider_bottom&quot;:&quot;tilt&quot;}\">\n\t\t\t\t\t\t\t<div class=\"elementor-background-overlay\"><\/div>\n\t\t\t\t\t\t<div class=\"elementor-shape elementor-shape-top\" aria-hidden=\"true\" data-negative=\"false\">\n\t\t\t<svg xmlns=\"http:\/\/www.w3.org\/2000\/svg\" viewBox=\"0 0 1000 100\" preserveAspectRatio=\"none\">\n\t<path class=\"elementor-shape-fill\" d=\"M0,6V0h1000v100L0,6z\"\/>\n<\/svg>\t\t<\/div>\n\t\t\t\t<div class=\"elementor-shape elementor-shape-bottom\" aria-hidden=\"true\" data-negative=\"false\">\n\t\t\t<svg xmlns=\"http:\/\/www.w3.org\/2000\/svg\" viewBox=\"0 0 1000 100\" preserveAspectRatio=\"none\">\n\t<path class=\"elementor-shape-fill\" d=\"M0,6V0h1000v100L0,6z\"\/>\n<\/svg>\t\t<\/div>\n\t\t\t\t\t<div class=\"elementor-container elementor-column-gap-extended\">\n\t\t\t\t\t<div class=\"elementor-column elementor-col-50 elementor-top-column elementor-element elementor-element-41dc44f\" data-id=\"41dc44f\" data-element_type=\"column\" data-e-type=\"column\" data-settings=\"{&quot;background_background&quot;:&quot;classic&quot;}\">\n\t\t\t<div class=\"elementor-widget-wrap elementor-element-populated\">\n\t\t\t\t\t<div class=\"elementor-background-overlay\"><\/div>\n\t\t\t\t\t\t<div class=\"elementor-element elementor-element-1616561 cea-align-left elementor-widget elementor-widget-ceasectiontitle\" data-id=\"1616561\" data-element_type=\"widget\" data-e-type=\"widget\" data-widget_type=\"ceasectiontitle.default\">\n\t\t\t\t<div class=\"elementor-widget-container\">\n\t\t\t\t\t<div class=\"section-title-wrapper\"><div class=\"title-wrap\"><h2 class=\"section-title\">Nos valeurs<\/h2><\/div><!-- .title-wrap --><div class=\"section-description\"><\/div><!-- .section-description --><\/div><!-- .section-title-wrapper -->\t\t\t\t<\/div>\n\t\t\t\t<\/div>\n\t\t\t\t<section class=\"elementor-section elementor-inner-section elementor-element elementor-element-666f4e6 elementor-section-boxed elementor-section-height-default elementor-section-height-default\" data-id=\"666f4e6\" data-element_type=\"section\" data-e-type=\"section\">\n\t\t\t\t\t\t<div class=\"elementor-container elementor-column-gap-extended\">\n\t\t\t\t\t<div class=\"elementor-column elementor-col-100 elementor-inner-column elementor-element elementor-element-1de364f\" data-id=\"1de364f\" data-element_type=\"column\" data-e-type=\"column\">\n\t\t\t<div class=\"elementor-widget-wrap elementor-element-populated\">\n\t\t\t\t\t\t<div class=\"elementor-element elementor-element-7cd3221 elementor-arrows-position-inside elementor-pagination-position-outside elementor-widget elementor-widget-image-carousel\" data-id=\"7cd3221\" data-element_type=\"widget\" data-e-type=\"widget\" data-settings=\"{&quot;slides_to_show&quot;:&quot;1&quot;,&quot;navigation&quot;:&quot;both&quot;,&quot;autoplay&quot;:&quot;yes&quot;,&quot;pause_on_hover&quot;:&quot;yes&quot;,&quot;pause_on_interaction&quot;:&quot;yes&quot;,&quot;autoplay_speed&quot;:5000,&quot;infinite&quot;:&quot;yes&quot;,&quot;effect&quot;:&quot;slide&quot;,&quot;speed&quot;:500}\" data-widget_type=\"image-carousel.default\">\n\t\t\t\t\t\t\t<div class=\"elementor-image-carousel-wrapper swiper\" role=\"region\" aria-roledescription=\"carousel\" aria-label=\"Carrousel d\u2019images\" dir=\"ltr\">\n\t\t\t<div class=\"elementor-image-carousel swiper-wrapper\" aria-live=\"off\">\n\t\t\t\t\t\t\t\t<div class=\"swiper-slide\" role=\"group\" aria-roledescription=\"slide\" aria-label=\"1 of 6\"><figure class=\"swiper-slide-inner\"><img decoding=\"async\" class=\"swiper-slide-image\" src=\"https:\/\/ikar.dev\/bceco-v2\/wp-content\/uploads\/2025\/09\/4M4A3993-768x456.jpg\" alt=\"4M4A3993\" \/><\/figure><\/div><div class=\"swiper-slide\" role=\"group\" aria-roledescription=\"slide\" aria-label=\"2 of 6\"><figure class=\"swiper-slide-inner\"><img decoding=\"async\" class=\"swiper-slide-image\" src=\"https:\/\/ikar.dev\/bceco-v2\/wp-content\/uploads\/2025\/09\/4M4A3988-768x456.jpg\" alt=\"4M4A3988\" \/><\/figure><\/div><div class=\"swiper-slide\" role=\"group\" aria-roledescription=\"slide\" aria-label=\"3 of 6\"><figure class=\"swiper-slide-inner\"><img decoding=\"async\" class=\"swiper-slide-image\" src=\"https:\/\/ikar.dev\/bceco-v2\/wp-content\/uploads\/2025\/09\/4M4A3987-768x456.jpg\" alt=\"4M4A3987\" \/><\/figure><\/div><div class=\"swiper-slide\" role=\"group\" aria-roledescription=\"slide\" aria-label=\"4 of 6\"><figure class=\"swiper-slide-inner\"><img decoding=\"async\" class=\"swiper-slide-image\" src=\"https:\/\/ikar.dev\/bceco-v2\/wp-content\/uploads\/2025\/09\/4M4A3986-768x456.jpg\" alt=\"4M4A3986\" \/><\/figure><\/div><div class=\"swiper-slide\" role=\"group\" aria-roledescription=\"slide\" aria-label=\"5 of 6\"><figure class=\"swiper-slide-inner\"><img decoding=\"async\" class=\"swiper-slide-image\" src=\"https:\/\/ikar.dev\/bceco-v2\/wp-content\/uploads\/2025\/09\/4M4A3984-768x456.jpg\" alt=\"4M4A3984\" \/><\/figure><\/div><div class=\"swiper-slide\" role=\"group\" aria-roledescription=\"slide\" aria-label=\"6 of 6\"><figure class=\"swiper-slide-inner\"><img decoding=\"async\" class=\"swiper-slide-image\" src=\"https:\/\/ikar.dev\/bceco-v2\/wp-content\/uploads\/2025\/09\/4M4A3983-768x456.jpg\" alt=\"4M4A3983\" \/><\/figure><\/div>\t\t\t<\/div>\n\t\t\t\t\t\t\t\t\t\t\t\t<div class=\"elementor-swiper-button elementor-swiper-button-prev\" role=\"button\" tabindex=\"0\">\n\t\t\t\t\t\t<svg aria-hidden=\"true\" class=\"e-font-icon-svg e-eicon-chevron-left\" viewBox=\"0 0 1000 1000\" xmlns=\"http:\/\/www.w3.org\/2000\/svg\"><path d=\"M646 125C629 125 613 133 604 142L308 442C296 454 292 471 292 487 292 504 296 521 308 533L604 854C617 867 629 875 646 875 663 875 679 871 692 858 704 846 713 829 713 812 713 796 708 779 692 767L438 487 692 225C700 217 708 204 708 187 708 171 704 154 692 142 675 129 663 125 646 125Z\"><\/path><\/svg>\t\t\t\t\t<\/div>\n\t\t\t\t\t<div class=\"elementor-swiper-button elementor-swiper-button-next\" role=\"button\" tabindex=\"0\">\n\t\t\t\t\t\t<svg aria-hidden=\"true\" class=\"e-font-icon-svg e-eicon-chevron-right\" viewBox=\"0 0 1000 1000\" xmlns=\"http:\/\/www.w3.org\/2000\/svg\"><path d=\"M696 533C708 521 713 504 713 487 713 471 708 454 696 446L400 146C388 133 375 125 354 125 338 125 325 129 313 142 300 154 292 171 292 187 292 204 296 221 308 233L563 492 304 771C292 783 288 800 288 817 288 833 296 850 308 863 321 871 338 875 354 875 371 875 388 867 400 854L696 533Z\"><\/path><\/svg>\t\t\t\t\t<\/div>\n\t\t\t\t\n\t\t\t\t\t\t\t\t\t<div class=\"swiper-pagination\"><\/div>\n\t\t\t\t\t\t\t\t\t<\/div>\n\t\t\t\t\t\t<\/div>\n\t\t\t\t\t<\/div>\n\t\t<\/div>\n\t\t\t\t\t<\/div>\n\t\t<\/section>\n\t\t\t\t\t<\/div>\n\t\t<\/div>\n\t\t\t\t<div class=\"elementor-column elementor-col-50 elementor-top-column elementor-element elementor-element-80bfe2f\" data-id=\"80bfe2f\" data-element_type=\"column\" data-e-type=\"column\">\n\t\t\t<div class=\"elementor-widget-wrap elementor-element-populated\">\n\t\t\t\t\t\t<div class=\"elementor-element elementor-element-7dcd09a d-none elementor-widget elementor-widget-heading\" data-id=\"7dcd09a\" data-element_type=\"widget\" data-e-type=\"widget\" data-widget_type=\"heading.default\">\n\t\t\t\t\t<h2 class=\"elementor-heading-title elementor-size-default\">Faq<\/h2>\t\t\t\t<\/div>\n\t\t\t\t<div class=\"elementor-element elementor-element-c78a927 elementor-widget elementor-widget-ceaaccordion\" data-id=\"c78a927\" data-element_type=\"widget\" data-e-type=\"widget\" data-widget_type=\"ceaaccordion.default\">\n\t\t\t\t\r\n\t\t<div class=\"elementor-widget-container cea-accordion-elementor-widget\" data-toggle=\"\">\r\n\t\t\t<div class=\"cea-accordions\" id=\"cea-accordion-1\"><div class=\"card cea-accordion\"><div class=\"card-header cea-accordion-header\"><a class=\"nav-item nav-link active\" href=\"#cea-accordion-1-1\"><span class=\"elementor-accordion-icon elementor-accordion-icon-right\" aria-hidden=\"true\"><span class=\"cea-accordion-icon-closed\"><i class=\"ti ti-arrow-circle-down\"><\/i><\/span><span class=\"cea-accordion-icon-opened\"><i class=\"ti ti-arrow-circle-up\"><\/i><\/span><\/span>Professionnalisme<\/a><\/div><!-- .card-header --><div class=\"cea-accordion-content active\" id=\"cea-accordion-1-1\"><div class=\"card-body\"><div class=\"cea-accordion-pane\"><p>Capacit\u00e9 d\u2019ex\u00e9cution des travaux de qualit\u00e9 dans les normes et d\u00e9lais prescrits.<\/p><\/div><\/div><!-- .card-body --><\/div><!-- .cea-accordion-content --><\/div><!-- .card --><div class=\"card cea-accordion\"><div class=\"card-header cea-accordion-header\"><a class=\"nav-item nav-link\" href=\"#cea-accordion-1-2\"><span class=\"elementor-accordion-icon elementor-accordion-icon-right\" aria-hidden=\"true\"><span class=\"cea-accordion-icon-closed\"><i class=\"ti ti-arrow-circle-down\"><\/i><\/span><span class=\"cea-accordion-icon-opened\"><i class=\"ti ti-arrow-circle-up\"><\/i><\/span><\/span>Redevabilit\u00e9<\/a><\/div><!-- .card-header --><div class=\"cea-accordion-content\" id=\"cea-accordion-1-2\"><div class=\"card-body\"><div class=\"cea-accordion-pane\"><p>Rendre r\u00e9guli\u00e8rement des comptes aux diff\u00e9rentes parties prenantes.<\/p><\/div><\/div><!-- .card-body --><\/div><!-- .cea-accordion-content --><\/div><!-- .card --><div class=\"card cea-accordion\"><div class=\"card-header cea-accordion-header\"><a class=\"nav-item nav-link\" href=\"#cea-accordion-1-3\"><span class=\"elementor-accordion-icon elementor-accordion-icon-right\" aria-hidden=\"true\"><span class=\"cea-accordion-icon-closed\"><i class=\"ti ti-arrow-circle-down\"><\/i><\/span><span class=\"cea-accordion-icon-opened\"><i class=\"ti ti-arrow-circle-up\"><\/i><\/span><\/span>Transparence<\/a><\/div><!-- .card-header --><div class=\"cea-accordion-content\" id=\"cea-accordion-1-3\"><div class=\"card-body\"><div class=\"cea-accordion-pane\"><p>Le respect des proc\u00e9dures dans l\u2019ex\u00e9cution des march\u00e9s publiques.<\/p><\/div><\/div><!-- .card-body --><\/div><!-- .cea-accordion-content --><\/div><!-- .card --><div class=\"card cea-accordion\"><div class=\"card-header cea-accordion-header\"><a class=\"nav-item nav-link\" href=\"#cea-accordion-1-4\"><span class=\"elementor-accordion-icon elementor-accordion-icon-right\" aria-hidden=\"true\"><span class=\"cea-accordion-icon-closed\"><i class=\"ti ti-arrow-circle-down\"><\/i><\/span><span class=\"cea-accordion-icon-opened\"><i class=\"ti ti-arrow-circle-up\"><\/i><\/span><\/span>Int\u00e9grit\u00e9<\/a><\/div><!-- .card-header --><div class=\"cea-accordion-content\" id=\"cea-accordion-1-4\"><div class=\"card-body\"><div class=\"cea-accordion-pane\"><p>Gestion orthodoxe des fonds re\u00e7us du Gouvernement et des partenaires techniques.<\/p><\/div><\/div><!-- .card-body --><\/div><!-- .cea-accordion-content --><\/div><!-- .card --><div class=\"card cea-accordion\"><div class=\"card-header cea-accordion-header\"><a class=\"nav-item nav-link\" href=\"#cea-accordion-1-5\"><span class=\"elementor-accordion-icon elementor-accordion-icon-right\" aria-hidden=\"true\"><span class=\"cea-accordion-icon-closed\"><i class=\"ti ti-arrow-circle-down\"><\/i><\/span><span class=\"cea-accordion-icon-opened\"><i class=\"ti ti-arrow-circle-up\"><\/i><\/span><\/span>Innovation<\/a><\/div><!-- .card-header --><div class=\"cea-accordion-content\" id=\"cea-accordion-1-5\"><div class=\"card-body\"><div class=\"cea-accordion-pane\"><p>Recours aux Nouvelles Technologies et aux solutions innovantes dans la gestion des projets.<\/p><\/div><\/div><!-- .card-body --><\/div><!-- .cea-accordion-content --><\/div><!-- .card --><\/div>\t\t\t\r\n\t\t<\/div>\r\n\t\t\t\t<\/div>\n\t\t\t\t\t<\/div>\n\t\t<\/div>\n\t\t\t\t\t<\/div>\n\t\t<\/section>\n\t\t\t\t<section data-cea-float=\"[{&quot;float_title&quot;:&quot;Floating Image&quot;,&quot;float_img&quot;:&quot;https:\\\/\\\/elementor.zozothemes.com\\\/corpkit\\\/wp-content\\\/uploads\\\/sites\\\/45\\\/2021\\\/08\\\/shape-2-1.png&quot;,&quot;float_left&quot;:&quot;10&quot;,&quot;float_top&quot;:&quot;30&quot;,&quot;float_distance&quot;:&quot;100&quot;,&quot;float_animation&quot;:&quot;1&quot;,&quot;float_mouse&quot;:&quot;0&quot;,&quot;float_width&quot;:&quot;70px&quot;}]\" class=\"elementor-section elementor-top-section elementor-element elementor-element-d38cffe elementor-section-content-middle elementor-section-stretched elementor-section-boxed elementor-section-height-default elementor-section-height-default\" data-id=\"d38cffe\" data-element_type=\"section\" data-e-type=\"section\" data-settings=\"{&quot;stretch_section&quot;:&quot;section-stretched&quot;,&quot;background_background&quot;:&quot;classic&quot;}\">\n\t\t\t\t\t\t\t<div class=\"elementor-background-overlay\"><\/div>\n\t\t\t\t\t\t\t<div class=\"elementor-container elementor-column-gap-extended\">\n\t\t\t\t\t<div class=\"elementor-column elementor-col-50 elementor-top-column elementor-element elementor-element-1dbd09c\" data-id=\"1dbd09c\" data-element_type=\"column\" data-e-type=\"column\">\n\t\t\t<div class=\"elementor-widget-wrap elementor-element-populated\">\n\t\t\t\t\t\t<div class=\"elementor-element elementor-element-c52cee1 cea-align-left elementor-widget elementor-widget-ceasectiontitle\" data-id=\"c52cee1\" data-element_type=\"widget\" data-e-type=\"widget\" data-widget_type=\"ceasectiontitle.default\">\n\t\t\t\t<div class=\"elementor-widget-container\">\n\t\t\t\t\t<div class=\"section-title-wrapper\"><div class=\"title-wrap\"><h2 class=\"section-title\">Nos engagements<\/h2><\/div><!-- .title-wrap --><div class=\"section-description\"><p class=\"section-content\"><div>\n\t<p><b>Environnement <\/b>: Le respect de l\u2019environnement est un facteur de d\u00e9veloppement durable. Ainsi, dans\n\t\tl\u2019ex\u00e9cution de ses projets, le BCeCo s\u2019assure d\u2019\u00eatre en conformit\u00e9 avec les r\u00e8gles environnementales en accord\n\t\tavec les <a href=\"https:\/\/www.un.org\/sustainabledevelopment\/fr\/climate-change-2\/\" target=\"_blank\"\n\t\t\trel=\"noopener\">ODD 13<\/a> et <a href=\"https:\/\/www.un.org\/sustainabledevelopment\/fr\/biodiversity\/\"\n\t\t\ttarget=\"_blank\" rel=\"noopener\">ODD 15<\/a>.<\/p>\n\t<p><b>Genre <\/b>: Nous estimons que les comp\u00e9tences ne devraient pas \u00eatre d\u00e9finies par le genre. Nous militons\n\t\tpour l\u2019\u00e9galit\u00e9 entre homme et femme dans nos recrutements conform\u00e9ment \u00e0 l\u2019<a\n\t\t\thref=\"https:\/\/www.un.org\/sustainabledevelopment\/fr\/gender-equality\/\" target=\"_blank\" rel=\"noopener\">ODD\n\t\t\t5<\/a>.<\/p>\n\t<p><b>Diversit\u00e9 <\/b>: Nous consid\u00e9rons la diversit\u00e9 comme une richesse. Nous respectons chaque individu ou\n\t\tcommunaut\u00e9 sans tenir compte de la race, de la tribu ou de la religion.<\/p>\n<\/div><\/p><\/div><!-- .section-description --><\/div><!-- .section-title-wrapper -->\t\t\t\t<\/div>\n\t\t\t\t<\/div>\n\t\t\t\t\t<\/div>\n\t\t<\/div>\n\t\t\t\t<div class=\"elementor-column elementor-col-50 elementor-top-column elementor-element elementor-element-0bf71b1\" data-id=\"0bf71b1\" data-element_type=\"column\" data-e-type=\"column\">\n\t\t\t<div class=\"elementor-widget-wrap elementor-element-populated\">\n\t\t\t\t\t\t<section class=\"elementor-section elementor-inner-section elementor-element elementor-element-b818cac elementor-section-boxed elementor-section-height-default elementor-section-height-default\" data-id=\"b818cac\" data-element_type=\"section\" data-e-type=\"section\">\n\t\t\t\t\t\t<div class=\"elementor-container elementor-column-gap-extended\">\n\t\t\t\t\t<div class=\"elementor-column elementor-col-50 elementor-inner-column elementor-element elementor-element-5618ea7\" data-id=\"5618ea7\" data-element_type=\"column\" data-e-type=\"column\">\n\t\t\t<div class=\"elementor-widget-wrap elementor-element-populated\">\n\t\t\t\t\t\t<div class=\"elementor-element elementor-element-143889f elementor-widget elementor-widget-image\" data-id=\"143889f\" data-element_type=\"widget\" data-e-type=\"widget\" data-widget_type=\"image.default\">\n\t\t\t\t\t\t\t\t\t\t\t\t\t\t\t<img decoding=\"async\" src=\"https:\/\/ikar.dev\/bceco-v2\/wp-content\/uploads\/elementor\/thumbs\/Couverture-sante-universelle-en-marche-lex-Hopital-Mama-Yemo-Inaugure-1-rg1o1bwijecsrmudsrpdcp5l77xnscyy6slc7lwds8.jpg\" title=\"Couverture sante\u0301 universelle en marche, l&#8217;ex Ho\u0302pital Mama Yemo Inaugure\u0301 1\" alt=\"Couverture sante\u0301 universelle en marche, l&#039;ex Ho\u0302pital Mama Yemo Inaugure\u0301 1\" loading=\"lazy\" \/>\t\t\t\t\t\t\t\t\t\t\t\t\t\t\t<\/div>\n\t\t\t\t\t<\/div>\n\t\t<\/div>\n\t\t\t\t<div class=\"elementor-column elementor-col-50 elementor-inner-column elementor-element elementor-element-3bc970f\" data-id=\"3bc970f\" data-element_type=\"column\" data-e-type=\"column\">\n\t\t\t<div class=\"elementor-widget-wrap elementor-element-populated\">\n\t\t\t\t\t\t<div class=\"elementor-element elementor-element-7065d0b elementor-widget elementor-widget-image\" data-id=\"7065d0b\" data-element_type=\"widget\" data-e-type=\"widget\" data-widget_type=\"image.default\">\n\t\t\t\t\t\t\t\t\t\t\t\t\t\t\t<img decoding=\"async\" src=\"https:\/\/ikar.dev\/bceco-v2\/wp-content\/uploads\/elementor\/thumbs\/4M4A3993-scaled-rg1o81h1btjhnf3hm64hni71v8uzqklys094jpy7d4.jpg\" title=\"4M4A3993\" alt=\"4M4A3993\" loading=\"lazy\" \/>\t\t\t\t\t\t\t\t\t\t\t\t\t\t\t<\/div>\n\t\t\t\t\t<\/div>\n\t\t<\/div>\n\t\t\t\t\t<\/div>\n\t\t<\/section>\n\t\t\t\t\t<\/div>\n\t\t<\/div>\n\t\t\t\t\t<\/div>\n\t\t<\/section>\n\t\t\t\t<\/div>\n\t\t","protected":false},"excerpt":{"rendered":"<p>Le Bureau Central de Coordination (B.Ce.Co) est un service public strat\u00e9gique de la R\u00e9publique d\u00e9mocratique du Congo, plac\u00e9 sous la tutelle du Minist\u00e8re des Finances. Il a pour mission principale d\u2019assurer la gestion, la coordination et l\u2019ex\u00e9cution des projets et programmes de d\u00e9veloppement, financ\u00e9s aussi bien sur ressources propres de l\u2019\u00c9tat que par les bailleurs<\/p>\n","protected":false},"author":1,"featured_media":0,"parent":10786,"menu_order":0,"comment_status":"closed","ping_status":"closed","template":"","meta":{"footnotes":""},"class_list":["post-56240","page","type-page","status-publish","hentry"],"yoast_head":"<!-- This site is optimized with the Yoast SEO plugin v27.0 - https:\/\/yoast.com\/product\/yoast-seo-wordpress\/ -->\n<title>Pr\u00e9sentation - Bureau Central de Coordination<\/title>\n<meta name=\"robots\" content=\"index, follow, max-snippet:-1, max-image-preview:large, max-video-preview:-1\" \/>\n<link rel=\"canonical\" href=\"https:\/\/ikar.dev\/bceco-v2\/bceco\/presentation\/\" \/>\n<meta property=\"og:locale\" content=\"en_US\" \/>\n<meta property=\"og:type\" content=\"article\" \/>\n<meta property=\"og:title\" content=\"Pr\u00e9sentation - Bureau Central de Coordination\" \/>\n<meta property=\"og:description\" content=\"Le Bureau Central de Coordination (B.Ce.Co) est un service public strat\u00e9gique de la R\u00e9publique d\u00e9mocratique du Congo, plac\u00e9 sous la tutelle du Minist\u00e8re des Finances. Il a pour mission principale d\u2019assurer la gestion, la coordination et l\u2019ex\u00e9cution des projets et programmes de d\u00e9veloppement, financ\u00e9s aussi bien sur ressources propres de l\u2019\u00c9tat que par les bailleurs\" \/>\n<meta property=\"og:url\" content=\"https:\/\/ikar.dev\/bceco-v2\/bceco\/presentation\/\" \/>\n<meta property=\"og:site_name\" content=\"Bureau Central de Coordination\" \/>\n<meta property=\"article:publisher\" content=\"https:\/\/www.facebook.com\/BCeCoRDC\" \/>\n<meta property=\"article:modified_time\" content=\"2026-01-02T04:46:54+00:00\" \/>\n<meta property=\"og:image\" content=\"https:\/\/ikar.dev\/bceco-v2\/wp-content\/uploads\/elementor\/thumbs\/Le-BCECO-decide-a-livrer-la-vraie-information-9-rg1o37l0tohxwp9620ivqxpu88yfuhssp67xthm4xc.jpg\" \/>\n<meta name=\"twitter:card\" content=\"summary_large_image\" \/>\n<meta name=\"twitter:site\" content=\"@BCeCoRDC\" \/>\n<meta name=\"twitter:label1\" content=\"Est. reading time\" \/>\n\t<meta name=\"twitter:data1\" content=\"2 minutes\" \/>\n<script type=\"application\/ld+json\" class=\"yoast-schema-graph\">{\"@context\":\"https:\/\/schema.org\",\"@graph\":[{\"@type\":\"WebPage\",\"@id\":\"https:\/\/ikar.dev\/bceco-v2\/bceco\/presentation\/\",\"url\":\"https:\/\/ikar.dev\/bceco-v2\/bceco\/presentation\/\",\"name\":\"Pr\u00e9sentation - Bureau Central de Coordination\",\"isPartOf\":{\"@id\":\"https:\/\/ikar.dev\/bceco-v2\/#website\"},\"primaryImageOfPage\":{\"@id\":\"https:\/\/ikar.dev\/bceco-v2\/bceco\/presentation\/#primaryimage\"},\"image\":{\"@id\":\"https:\/\/ikar.dev\/bceco-v2\/bceco\/presentation\/#primaryimage\"},\"thumbnailUrl\":\"https:\/\/ikar.dev\/bceco-v2\/wp-content\/uploads\/elementor\/thumbs\/Le-BCECO-decide-a-livrer-la-vraie-information-9-rg1o37l0tohxwp9620ivqxpu88yfuhssp67xthm4xc.jpg\",\"datePublished\":\"2025-12-12T09:33:50+00:00\",\"dateModified\":\"2026-01-02T04:46:54+00:00\",\"breadcrumb\":{\"@id\":\"https:\/\/ikar.dev\/bceco-v2\/bceco\/presentation\/#breadcrumb\"},\"inLanguage\":\"en-US\",\"potentialAction\":[{\"@type\":\"ReadAction\",\"target\":[\"https:\/\/ikar.dev\/bceco-v2\/bceco\/presentation\/\"]}]},{\"@type\":\"ImageObject\",\"inLanguage\":\"en-US\",\"@id\":\"https:\/\/ikar.dev\/bceco-v2\/bceco\/presentation\/#primaryimage\",\"url\":\"https:\/\/ikar.dev\/bceco-v2\/wp-content\/uploads\/elementor\/thumbs\/Le-BCECO-decide-a-livrer-la-vraie-information-9-rg1o37l0tohxwp9620ivqxpu88yfuhssp67xthm4xc.jpg\",\"contentUrl\":\"https:\/\/ikar.dev\/bceco-v2\/wp-content\/uploads\/elementor\/thumbs\/Le-BCECO-decide-a-livrer-la-vraie-information-9-rg1o37l0tohxwp9620ivqxpu88yfuhssp67xthm4xc.jpg\"},{\"@type\":\"BreadcrumbList\",\"@id\":\"https:\/\/ikar.dev\/bceco-v2\/bceco\/presentation\/#breadcrumb\",\"itemListElement\":[{\"@type\":\"ListItem\",\"position\":1,\"name\":\"Accueil\",\"item\":\"https:\/\/ikar.dev\/bceco-v2\/\"},{\"@type\":\"ListItem\",\"position\":2,\"name\":\"BCeCo\",\"item\":\"https:\/\/ikar.dev\/bceco-v2\/bceco\/\"},{\"@type\":\"ListItem\",\"position\":3,\"name\":\"Pr\u00e9sentation\"}]},{\"@type\":\"WebSite\",\"@id\":\"https:\/\/ikar.dev\/bceco-v2\/#website\",\"url\":\"https:\/\/ikar.dev\/bceco-v2\/\",\"name\":\"Bureau Central de Coordination\",\"description\":\"B.Ce.Co \u2013 Au c\u0153ur de l\u2019ex\u00e9cution des projets de d\u00e9veloppement en RDC\",\"publisher\":{\"@id\":\"https:\/\/ikar.dev\/bceco-v2\/#organization\"},\"potentialAction\":[{\"@type\":\"SearchAction\",\"target\":{\"@type\":\"EntryPoint\",\"urlTemplate\":\"https:\/\/ikar.dev\/bceco-v2\/?s={search_term_string}\"},\"query-input\":{\"@type\":\"PropertyValueSpecification\",\"valueRequired\":true,\"valueName\":\"search_term_string\"}}],\"inLanguage\":\"en-US\"},{\"@type\":\"Organization\",\"@id\":\"https:\/\/ikar.dev\/bceco-v2\/#organization\",\"name\":\"Bureau Central de Coordination\",\"url\":\"https:\/\/ikar.dev\/bceco-v2\/\",\"logo\":{\"@type\":\"ImageObject\",\"inLanguage\":\"en-US\",\"@id\":\"https:\/\/ikar.dev\/bceco-v2\/#\/schema\/logo\/image\/\",\"url\":\"https:\/\/ikar.dev\/bceco-v2\/wp-content\/uploads\/2025\/12\/BCECO-Bureau-Central-de-Coordination.jpg\",\"contentUrl\":\"https:\/\/ikar.dev\/bceco-v2\/wp-content\/uploads\/2025\/12\/BCECO-Bureau-Central-de-Coordination.jpg\",\"width\":2048,\"height\":2048,\"caption\":\"Bureau Central de Coordination\"},\"image\":{\"@id\":\"https:\/\/ikar.dev\/bceco-v2\/#\/schema\/logo\/image\/\"},\"sameAs\":[\"https:\/\/www.facebook.com\/BCeCoRDC\",\"https:\/\/x.com\/BCeCoRDC\"]}]}<\/script>\n<!-- \/ Yoast SEO plugin. -->","yoast_head_json":{"title":"Pr\u00e9sentation - Bureau Central de Coordination","robots":{"index":"index","follow":"follow","max-snippet":"max-snippet:-1","max-image-preview":"max-image-preview:large","max-video-preview":"max-video-preview:-1"},"canonical":"https:\/\/ikar.dev\/bceco-v2\/bceco\/presentation\/","og_locale":"en_US","og_type":"article","og_title":"Pr\u00e9sentation - Bureau Central de Coordination","og_description":"Le Bureau Central de Coordination (B.Ce.Co) est un service public strat\u00e9gique de la R\u00e9publique d\u00e9mocratique du Congo, plac\u00e9 sous la tutelle du Minist\u00e8re des Finances. Il a pour mission principale d\u2019assurer la gestion, la coordination et l\u2019ex\u00e9cution des projets et programmes de d\u00e9veloppement, financ\u00e9s aussi bien sur ressources propres de l\u2019\u00c9tat que par les bailleurs","og_url":"https:\/\/ikar.dev\/bceco-v2\/bceco\/presentation\/","og_site_name":"Bureau Central de Coordination","article_publisher":"https:\/\/www.facebook.com\/BCeCoRDC","article_modified_time":"2026-01-02T04:46:54+00:00","og_image":[{"url":"https:\/\/ikar.dev\/bceco-v2\/wp-content\/uploads\/elementor\/thumbs\/Le-BCECO-decide-a-livrer-la-vraie-information-9-rg1o37l0tohxwp9620ivqxpu88yfuhssp67xthm4xc.jpg","type":"","width":"","height":""}],"twitter_card":"summary_large_image","twitter_site":"@BCeCoRDC","twitter_misc":{"Est. reading time":"2 minutes"},"schema":{"@context":"https:\/\/schema.org","@graph":[{"@type":"WebPage","@id":"https:\/\/ikar.dev\/bceco-v2\/bceco\/presentation\/","url":"https:\/\/ikar.dev\/bceco-v2\/bceco\/presentation\/","name":"Pr\u00e9sentation - Bureau Central de Coordination","isPartOf":{"@id":"https:\/\/ikar.dev\/bceco-v2\/#website"},"primaryImageOfPage":{"@id":"https:\/\/ikar.dev\/bceco-v2\/bceco\/presentation\/#primaryimage"},"image":{"@id":"https:\/\/ikar.dev\/bceco-v2\/bceco\/presentation\/#primaryimage"},"thumbnailUrl":"https:\/\/ikar.dev\/bceco-v2\/wp-content\/uploads\/elementor\/thumbs\/Le-BCECO-decide-a-livrer-la-vraie-information-9-rg1o37l0tohxwp9620ivqxpu88yfuhssp67xthm4xc.jpg","datePublished":"2025-12-12T09:33:50+00:00","dateModified":"2026-01-02T04:46:54+00:00","breadcrumb":{"@id":"https:\/\/ikar.dev\/bceco-v2\/bceco\/presentation\/#breadcrumb"},"inLanguage":"en-US","potentialAction":[{"@type":"ReadAction","target":["https:\/\/ikar.dev\/bceco-v2\/bceco\/presentation\/"]}]},{"@type":"ImageObject","inLanguage":"en-US","@id":"https:\/\/ikar.dev\/bceco-v2\/bceco\/presentation\/#primaryimage","url":"https:\/\/ikar.dev\/bceco-v2\/wp-content\/uploads\/elementor\/thumbs\/Le-BCECO-decide-a-livrer-la-vraie-information-9-rg1o37l0tohxwp9620ivqxpu88yfuhssp67xthm4xc.jpg","contentUrl":"https:\/\/ikar.dev\/bceco-v2\/wp-content\/uploads\/elementor\/thumbs\/Le-BCECO-decide-a-livrer-la-vraie-information-9-rg1o37l0tohxwp9620ivqxpu88yfuhssp67xthm4xc.jpg"},{"@type":"BreadcrumbList","@id":"https:\/\/ikar.dev\/bceco-v2\/bceco\/presentation\/#breadcrumb","itemListElement":[{"@type":"ListItem","position":1,"name":"Accueil","item":"https:\/\/ikar.dev\/bceco-v2\/"},{"@type":"ListItem","position":2,"name":"BCeCo","item":"https:\/\/ikar.dev\/bceco-v2\/bceco\/"},{"@type":"ListItem","position":3,"name":"Pr\u00e9sentation"}]},{"@type":"WebSite","@id":"https:\/\/ikar.dev\/bceco-v2\/#website","url":"https:\/\/ikar.dev\/bceco-v2\/","name":"Bureau Central de Coordination","description":"B.Ce.Co \u2013 Au c\u0153ur de l\u2019ex\u00e9cution des projets de d\u00e9veloppement en RDC","publisher":{"@id":"https:\/\/ikar.dev\/bceco-v2\/#organization"},"potentialAction":[{"@type":"SearchAction","target":{"@type":"EntryPoint","urlTemplate":"https:\/\/ikar.dev\/bceco-v2\/?s={search_term_string}"},"query-input":{"@type":"PropertyValueSpecification","valueRequired":true,"valueName":"search_term_string"}}],"inLanguage":"en-US"},{"@type":"Organization","@id":"https:\/\/ikar.dev\/bceco-v2\/#organization","name":"Bureau Central de Coordination","url":"https:\/\/ikar.dev\/bceco-v2\/","logo":{"@type":"ImageObject","inLanguage":"en-US","@id":"https:\/\/ikar.dev\/bceco-v2\/#\/schema\/logo\/image\/","url":"https:\/\/ikar.dev\/bceco-v2\/wp-content\/uploads\/2025\/12\/BCECO-Bureau-Central-de-Coordination.jpg","contentUrl":"https:\/\/ikar.dev\/bceco-v2\/wp-content\/uploads\/2025\/12\/BCECO-Bureau-Central-de-Coordination.jpg","width":2048,"height":2048,"caption":"Bureau Central de Coordination"},"image":{"@id":"https:\/\/ikar.dev\/bceco-v2\/#\/schema\/logo\/image\/"},"sameAs":["https:\/\/www.facebook.com\/BCeCoRDC","https:\/\/x.com\/BCeCoRDC"]}]}},"_links":{"self":[{"href":"https:\/\/ikar.dev\/bceco-v2\/wp-json\/wp\/v2\/pages\/56240","targetHints":{"allow":["GET"]}}],"collection":[{"href":"https:\/\/ikar.dev\/bceco-v2\/wp-json\/wp\/v2\/pages"}],"about":[{"href":"https:\/\/ikar.dev\/bceco-v2\/wp-json\/wp\/v2\/types\/page"}],"author":[{"embeddable":true,"href":"https:\/\/ikar.dev\/bceco-v2\/wp-json\/wp\/v2\/users\/1"}],"replies":[{"embeddable":true,"href":"https:\/\/ikar.dev\/bceco-v2\/wp-json\/wp\/v2\/comments?post=56240"}],"version-history":[{"count":16,"href":"https:\/\/ikar.dev\/bceco-v2\/wp-json\/wp\/v2\/pages\/56240\/revisions"}],"predecessor-version":[{"id":56961,"href":"https:\/\/ikar.dev\/bceco-v2\/wp-json\/wp\/v2\/pages\/56240\/revisions\/56961"}],"up":[{"embeddable":true,"href":"https:\/\/ikar.dev\/bceco-v2\/wp-json\/wp\/v2\/pages\/10786"}],"wp:attachment":[{"href":"https:\/\/ikar.dev\/bceco-v2\/wp-json\/wp\/v2\/media?parent=56240"}],"curies":[{"name":"wp","href":"https:\/\/api.w.org\/{rel}","templated":true}]}}