{"id":16210,"date":"2022-06-09T07:02:12","date_gmt":"2022-06-09T07:02:12","guid":{"rendered":"https:\/\/elementor.zozothemes.com\/corpkit\/blog-grid-3-columns-copy\/"},"modified":"2022-06-09T07:02:12","modified_gmt":"2022-06-09T07:02:12","slug":"blog-grid-4-columns","status":"publish","type":"page","link":"https:\/\/ikar.dev\/bceco-v2\/blog-grid-4-columns\/","title":{"rendered":"Blog Grid 4 Columns"},"content":{"rendered":"\t\t<div data-elementor-type=\"wp-page\" data-elementor-id=\"16210\" class=\"elementor elementor-16210\" data-elementor-post-type=\"page\">\n\t\t\t\t\t\t<section class=\"elementor-section elementor-top-section elementor-element elementor-element-a2ceca8 elementor-section-stretched elementor-section-boxed elementor-section-height-default elementor-section-height-default\" data-id=\"a2ceca8\" data-element_type=\"section\" data-e-type=\"section\" data-settings=\"{&quot;stretch_section&quot;:&quot;section-stretched&quot;}\">\n\t\t\t\t\t\t<div class=\"elementor-container elementor-column-gap-default\">\n\t\t\t\t\t<div class=\"elementor-column elementor-col-100 elementor-top-column elementor-element elementor-element-7334c0a\" data-id=\"7334c0a\" data-element_type=\"column\" data-e-type=\"column\">\n\t\t\t<div class=\"elementor-widget-wrap elementor-element-populated\">\n\t\t\t\t\t\t<div class=\"elementor-element elementor-element-9cb5c24 elementor-widget elementor-widget-ceablog\" data-id=\"9cb5c24\" data-element_type=\"widget\" data-e-type=\"widget\" data-widget_type=\"ceablog.default\">\n\t\t\t\t\r\n\t\t<div class=\"elementor-widget-container blog-wrapper blog-style-modern blog-light blog-isotope-model\">\r\n\t\t\r\n\t\t\t<div class=\"isotope isotope-col-4\" data-cols=\"4\" data-gutter=\"30\" data-layout=\"masonry\" data-infinite=\"\" data-lazyload=\"\" data-loadmsg=\"Loading..\" data-loadend=\"No more posts..\" data-loadimg=\"https:\/\/ikar.dev\/bceco-v2\/wp-content\/plugins\/classic-elementor-addons-pro\/assets\/images\/infinite-loader.gif\"><div class=\"isotope-item\"><div class=\"blog-inner\"><div class=\"post-thumb\"><a href=\"https:\/\/ikar.dev\/bceco-v2\/rdc-une-des-recommandations-issues-de-la-9e-conference-de-gouverneurs-lordonnance-fixant-le-cadre-institutionnel-du-pdl-145t-a-ete-signee\/\" class=\"post-image-link\"><img decoding=\"async\" src=\"https:\/\/ikar.dev\/bceco-v2\/wp-content\/uploads\/elementor\/thumbs\/president_1-rg1nnvtn4fr81wfeywq9wg5zz5g4a73kuqbdzqyy30.jpeg\" title=\"president_1\" alt=\"\" class=\"img-fluid squared\" \/><\/a><\/div><!-- .post-thumb --><div class=\"entry-title\"><h5 class=\"post-title-head\"><a href=\"https:\/\/ikar.dev\/bceco-v2\/rdc-une-des-recommandations-issues-de-la-9e-conference-de-gouverneurs-lordonnance-fixant-le-cadre-institutionnel-du-pdl-145t-a-ete-signee\/\" class=\"post-title\">RDC : une des recommandations issues de la 9e conf\u00e9rence de gouverneurs, l&#8217;ordonnance fixant le cadre institutionnel du PDL-145T a \u00e9t\u00e9 sign\u00e9e<\/a><\/h5><\/div><!-- .entry-title --><\/div><!-- .blog-inner --><\/div><!-- .col \/ .owl-carousel-item \/ .isotope --><div class=\"isotope-item\"><div class=\"blog-inner\"><div class=\"post-thumb\"><a href=\"https:\/\/ikar.dev\/bceco-v2\/bceco-le-nouveau-dg-jean-mabi-mulumba-promet-des-reformes-pour-faire-de-ce-service-une-agence-de-developpement\/\" class=\"post-image-link\"><img decoding=\"async\" src=\"https:\/\/ikar.dev\/bceco-v2\/wp-content\/uploads\/elementor\/thumbs\/new_dg_bceco-rg1nnuvsxlpxqags4ebnbyejdrkr2hzuilnwih0c98.jpeg\" title=\"new_dg_bceco\" alt=\"\" class=\"img-fluid squared img-fluid squared\" \/><\/a><\/div><!-- .post-thumb --><div class=\"entry-title\"><h5 class=\"post-title-head\"><a href=\"https:\/\/ikar.dev\/bceco-v2\/bceco-le-nouveau-dg-jean-mabi-mulumba-promet-des-reformes-pour-faire-de-ce-service-une-agence-de-developpement\/\" class=\"post-title\">BCECO : Le nouveau DG, Jean Mabi Mulumba, promet des r\u00e9formes pour faire de ce service une agence de d\u00e9veloppement<\/a><\/h5><\/div><!-- .entry-title --><\/div><!-- .blog-inner --><\/div><!-- .col \/ .owl-carousel-item \/ .isotope --><div class=\"isotope-item\"><div class=\"blog-inner\"><div class=\"post-thumb\"><a href=\"https:\/\/ikar.dev\/bceco-v2\/10-millions-usd-pour-des-investissements-a-moanda-le-bceco-et-le-ministere-des-hydrocarbures-se-sont-repartis-les-responsabilites-pour-la-gestion-de-ce-fonds\/\" class=\"post-image-link\"><img decoding=\"async\" src=\"https:\/\/ikar.dev\/bceco-v2\/wp-content\/uploads\/elementor\/thumbs\/318329031_120501657547851_808990305008542158_n-rg1nnr4g69ksfum8qcp51zcp083a7pkx631yld5wy4.jpg\" title=\"318329031_120501657547851_808990305008542158_n\" alt=\"\" class=\"img-fluid squared img-fluid squared img-fluid squared\" \/><\/a><\/div><!-- .post-thumb --><div class=\"entry-title\"><h5 class=\"post-title-head\"><a href=\"https:\/\/ikar.dev\/bceco-v2\/10-millions-usd-pour-des-investissements-a-moanda-le-bceco-et-le-ministere-des-hydrocarbures-se-sont-repartis-les-responsabilites-pour-la-gestion-de-ce-fonds\/\" class=\"post-title\">10 millions USD pour des investissements \u00e0 Moanda : Le BCeCo et le Minist\u00e8re des Hydrocarbures se sont r\u00e9partis les responsabilit\u00e9s pour la gestion de ce fonds<\/a><\/h5><\/div><!-- .entry-title --><\/div><!-- .blog-inner --><\/div><!-- .col \/ .owl-carousel-item \/ .isotope --><div class=\"isotope-item\"><div class=\"blog-inner\"><div class=\"post-thumb\"><a href=\"https:\/\/ikar.dev\/bceco-v2\/tony-mwaba-et-jean-mabi-signe-un-protocole-daccord-pour-la-construction-des-145-ecoles\/\" class=\"post-image-link\"><img decoding=\"async\" src=\"https:\/\/ikar.dev\/bceco-v2\/wp-content\/uploads\/elementor\/thumbs\/po1546-rg1nnr4g69ksfum8qcp51zcp083a7pkx631yld5wy4.png\" title=\"po1546\" alt=\"\" class=\"img-fluid squared img-fluid squared img-fluid squared img-fluid squared\" \/><\/a><\/div><!-- .post-thumb --><div class=\"entry-title\"><h5 class=\"post-title-head\"><a href=\"https:\/\/ikar.dev\/bceco-v2\/tony-mwaba-et-jean-mabi-signe-un-protocole-daccord-pour-la-construction-des-145-ecoles\/\" class=\"post-title\">TONY MWABA ET JEAN MABI SIGNE UN PROTOCOLE D\u2019ACCORD POUR LA CONSTRUCTION DES 145 \u00c9COLES<\/a><\/h5><\/div><!-- .entry-title --><\/div><!-- .blog-inner --><\/div><!-- .col \/ .owl-carousel-item \/ .isotope --><div class=\"isotope-item\"><div class=\"blog-inner\"><div class=\"post-thumb\"><a href=\"https:\/\/ikar.dev\/bceco-v2\/programme-de-developpement-de-mai-ndombe-le-dg-jean-mabi-et-la-gouverneure-rita-bola-ont-harmonise-les-vues-sur-les-modalites-dexecution\/\" class=\"post-image-link\"><img decoding=\"async\" src=\"https:\/\/ikar.dev\/bceco-v2\/wp-content\/uploads\/elementor\/thumbs\/WhatsApp-Image-2022-11-15-at-11.00.02-AM-rg1nnp8rsli7smoz1bvvwztrtgcjsbdghtqzmt8pak.jpeg\" title=\"WhatsApp-Image-2022-11-15-at-11.00.02-AM\" alt=\"\" class=\"img-fluid squared img-fluid squared img-fluid squared img-fluid squared img-fluid squared\" \/><\/a><\/div><!-- .post-thumb --><div class=\"entry-title\"><h5 class=\"post-title-head\"><a href=\"https:\/\/ikar.dev\/bceco-v2\/programme-de-developpement-de-mai-ndombe-le-dg-jean-mabi-et-la-gouverneure-rita-bola-ont-harmonise-les-vues-sur-les-modalites-dexecution\/\" class=\"post-title\">Programme de D\u00e9veloppement de Ma\u00ef-Ndombe : Le DG Jean Mabi et la Gouverneure Rita Bola ont harmonis\u00e9 les vues sur les modalit\u00e9s d\u2019ex\u00e9cution<\/a><\/h5><\/div><!-- .entry-title --><\/div><!-- .blog-inner --><\/div><!-- .col \/ .owl-carousel-item \/ .isotope --><div class=\"isotope-item\"><div class=\"blog-inner\"><div class=\"post-thumb\"><a href=\"https:\/\/ikar.dev\/bceco-v2\/developpement-de-145-territoires-ces-travaux-seront-finis-dici-6-mois-assure-le-bceco-au-kasai-central\/\" class=\"post-image-link\"><img decoding=\"async\" src=\"https:\/\/ikar.dev\/bceco-v2\/wp-content\/uploads\/elementor\/thumbs\/developpement_145_territoires-rg1nnnd3exfn5erpcb2ms0aumoltcx5ztkg0o9bhn0.jpeg\" title=\"developpement_145_territoires\" alt=\"\" class=\"img-fluid squared img-fluid squared img-fluid squared img-fluid squared img-fluid squared img-fluid squared\" \/><\/a><\/div><!-- .post-thumb --><div class=\"entry-title\"><h5 class=\"post-title-head\"><a href=\"https:\/\/ikar.dev\/bceco-v2\/developpement-de-145-territoires-ces-travaux-seront-finis-dici-6-mois-assure-le-bceco-au-kasai-central\/\" class=\"post-title\">D\u00e9veloppement de 145 territoires : \u00ab Ces travaux seront finis d\u2019ici 6 mois \u00bb, assure le BCECO au Kasa\u00ef-Central<\/a><\/h5><\/div><!-- .entry-title --><\/div><!-- .blog-inner --><\/div><!-- .col \/ .owl-carousel-item \/ .isotope --><div class=\"isotope-item\"><div class=\"blog-inner\"><div class=\"post-thumb\"><a href=\"https:\/\/ikar.dev\/bceco-v2\/lancement-des-travaux-de-construction-de-la-morgue-de-kananga\/\" class=\"post-image-link\"><img decoding=\"async\" src=\"https:\/\/ikar.dev\/bceco-v2\/wp-content\/uploads\/elementor\/thumbs\/pierre-rg1nnxpbi3tsp4conxjj1fox5x6uplb1izmcyaw5qk.jpg\" title=\"pierre\" alt=\"\" class=\"img-fluid squared img-fluid squared img-fluid squared img-fluid squared img-fluid squared img-fluid squared img-fluid squared\" \/><\/a><\/div><!-- .post-thumb --><div class=\"entry-title\"><h5 class=\"post-title-head\"><a href=\"https:\/\/ikar.dev\/bceco-v2\/lancement-des-travaux-de-construction-de-la-morgue-de-kananga\/\" class=\"post-title\">Lancement des travaux de construction de la morgue de Kananga<\/a><\/h5><\/div><!-- .entry-title --><\/div><!-- .blog-inner --><\/div><!-- .col \/ .owl-carousel-item \/ .isotope --><div class=\"isotope-item\"><div class=\"blog-inner\"><div class=\"post-thumb\"><a href=\"https:\/\/ikar.dev\/bceco-v2\/pdl-145t-reception-technique-des-ouvrages-pour-mi-mars\/\" class=\"post-image-link\"><img decoding=\"async\" src=\"https:\/\/ikar.dev\/bceco-v2\/wp-content\/uploads\/elementor\/thumbs\/briefing_1-rg1no3ccn41ims4hqzzage9oq8f1zrxfjrj9tynsp8.jpg\" title=\"briefing_1\" alt=\"\" class=\"img-fluid squared img-fluid squared img-fluid squared img-fluid squared img-fluid squared img-fluid squared img-fluid squared img-fluid squared\" \/><\/a><\/div><!-- .post-thumb --><div class=\"entry-title\"><h5 class=\"post-title-head\"><a href=\"https:\/\/ikar.dev\/bceco-v2\/pdl-145t-reception-technique-des-ouvrages-pour-mi-mars\/\" class=\"post-title\">PDL-145T : R\u00e9ception technique des ouvrages pour mi-mars<\/a><\/h5><\/div><!-- .entry-title --><\/div><!-- .blog-inner --><\/div><!-- .col \/ .owl-carousel-item \/ .isotope --><\/div><!-- .isotope -->\t\t\t\r\n\t\t<\/div>\r\n\t\t\t\t<\/div>\n\t\t\t\t\t<\/div>\n\t\t<\/div>\n\t\t\t\t\t<\/div>\n\t\t<\/section>\n\t\t\t\t<\/div>\n\t\t","protected":false},"excerpt":{"rendered":"","protected":false},"author":1,"featured_media":0,"parent":0,"menu_order":0,"comment_status":"closed","ping_status":"closed","template":"","meta":{"footnotes":""},"class_list":["post-16210","page","type-page","status-publish","hentry"],"yoast_head":"<!-- This site is optimized with the Yoast SEO plugin v27.1.1 - https:\/\/yoast.com\/product\/yoast-seo-wordpress\/ -->\n<title>Blog Grid 4 Columns - Bureau Central de Coordination<\/title>\n<meta name=\"robots\" content=\"index, follow, max-snippet:-1, max-image-preview:large, max-video-preview:-1\" \/>\n<link rel=\"canonical\" href=\"https:\/\/ikar.dev\/bceco-v2\/blog-grid-4-columns\/\" \/>\n<meta property=\"og:locale\" content=\"en_US\" \/>\n<meta property=\"og:type\" content=\"article\" \/>\n<meta property=\"og:title\" content=\"Blog Grid 4 Columns - Bureau Central de Coordination\" \/>\n<meta property=\"og:url\" content=\"https:\/\/ikar.dev\/bceco-v2\/blog-grid-4-columns\/\" \/>\n<meta property=\"og:site_name\" content=\"Bureau Central de Coordination\" \/>\n<meta property=\"article:publisher\" content=\"https:\/\/www.facebook.com\/BCeCoRDC\" \/>\n<meta name=\"twitter:card\" content=\"summary_large_image\" \/>\n<meta name=\"twitter:site\" content=\"@BCeCoRDC\" \/>\n<meta name=\"twitter:label1\" content=\"Est. reading time\" \/>\n\t<meta name=\"twitter:data1\" content=\"2 minutes\" \/>\n<script type=\"application\/ld+json\" class=\"yoast-schema-graph\">{\"@context\":\"https:\/\/schema.org\",\"@graph\":[{\"@type\":\"WebPage\",\"@id\":\"https:\/\/ikar.dev\/bceco-v2\/blog-grid-4-columns\/\",\"url\":\"https:\/\/ikar.dev\/bceco-v2\/blog-grid-4-columns\/\",\"name\":\"Blog Grid 4 Columns - Bureau Central de Coordination\",\"isPartOf\":{\"@id\":\"https:\/\/ikar.dev\/bceco-v2\/#website\"},\"datePublished\":\"2022-06-09T07:02:12+00:00\",\"breadcrumb\":{\"@id\":\"https:\/\/ikar.dev\/bceco-v2\/blog-grid-4-columns\/#breadcrumb\"},\"inLanguage\":\"en-US\",\"potentialAction\":[{\"@type\":\"ReadAction\",\"target\":[\"https:\/\/ikar.dev\/bceco-v2\/blog-grid-4-columns\/\"]}]},{\"@type\":\"BreadcrumbList\",\"@id\":\"https:\/\/ikar.dev\/bceco-v2\/blog-grid-4-columns\/#breadcrumb\",\"itemListElement\":[{\"@type\":\"ListItem\",\"position\":1,\"name\":\"Accueil\",\"item\":\"https:\/\/ikar.dev\/bceco-v2\/\"},{\"@type\":\"ListItem\",\"position\":2,\"name\":\"Blog Grid 4 Columns\"}]},{\"@type\":\"WebSite\",\"@id\":\"https:\/\/ikar.dev\/bceco-v2\/#website\",\"url\":\"https:\/\/ikar.dev\/bceco-v2\/\",\"name\":\"Bureau Central de Coordination\",\"description\":\"B.Ce.Co \u2013 Au c\u0153ur de l\u2019ex\u00e9cution des projets de d\u00e9veloppement en RDC\",\"publisher\":{\"@id\":\"https:\/\/ikar.dev\/bceco-v2\/#organization\"},\"potentialAction\":[{\"@type\":\"SearchAction\",\"target\":{\"@type\":\"EntryPoint\",\"urlTemplate\":\"https:\/\/ikar.dev\/bceco-v2\/?s={search_term_string}\"},\"query-input\":{\"@type\":\"PropertyValueSpecification\",\"valueRequired\":true,\"valueName\":\"search_term_string\"}}],\"inLanguage\":\"en-US\"},{\"@type\":\"Organization\",\"@id\":\"https:\/\/ikar.dev\/bceco-v2\/#organization\",\"name\":\"Bureau Central de Coordination\",\"url\":\"https:\/\/ikar.dev\/bceco-v2\/\",\"logo\":{\"@type\":\"ImageObject\",\"inLanguage\":\"en-US\",\"@id\":\"https:\/\/ikar.dev\/bceco-v2\/#\/schema\/logo\/image\/\",\"url\":\"https:\/\/ikar.dev\/bceco-v2\/wp-content\/uploads\/2025\/12\/BCECO-Bureau-Central-de-Coordination.jpg\",\"contentUrl\":\"https:\/\/ikar.dev\/bceco-v2\/wp-content\/uploads\/2025\/12\/BCECO-Bureau-Central-de-Coordination.jpg\",\"width\":2048,\"height\":2048,\"caption\":\"Bureau Central de Coordination\"},\"image\":{\"@id\":\"https:\/\/ikar.dev\/bceco-v2\/#\/schema\/logo\/image\/\"},\"sameAs\":[\"https:\/\/www.facebook.com\/BCeCoRDC\",\"https:\/\/x.com\/BCeCoRDC\"]}]}<\/script>\n<!-- \/ Yoast SEO plugin. -->","yoast_head_json":{"title":"Blog Grid 4 Columns - Bureau Central de Coordination","robots":{"index":"index","follow":"follow","max-snippet":"max-snippet:-1","max-image-preview":"max-image-preview:large","max-video-preview":"max-video-preview:-1"},"canonical":"https:\/\/ikar.dev\/bceco-v2\/blog-grid-4-columns\/","og_locale":"en_US","og_type":"article","og_title":"Blog Grid 4 Columns - Bureau Central de Coordination","og_url":"https:\/\/ikar.dev\/bceco-v2\/blog-grid-4-columns\/","og_site_name":"Bureau Central de Coordination","article_publisher":"https:\/\/www.facebook.com\/BCeCoRDC","twitter_card":"summary_large_image","twitter_site":"@BCeCoRDC","twitter_misc":{"Est. reading time":"2 minutes"},"schema":{"@context":"https:\/\/schema.org","@graph":[{"@type":"WebPage","@id":"https:\/\/ikar.dev\/bceco-v2\/blog-grid-4-columns\/","url":"https:\/\/ikar.dev\/bceco-v2\/blog-grid-4-columns\/","name":"Blog Grid 4 Columns - Bureau Central de Coordination","isPartOf":{"@id":"https:\/\/ikar.dev\/bceco-v2\/#website"},"datePublished":"2022-06-09T07:02:12+00:00","breadcrumb":{"@id":"https:\/\/ikar.dev\/bceco-v2\/blog-grid-4-columns\/#breadcrumb"},"inLanguage":"en-US","potentialAction":[{"@type":"ReadAction","target":["https:\/\/ikar.dev\/bceco-v2\/blog-grid-4-columns\/"]}]},{"@type":"BreadcrumbList","@id":"https:\/\/ikar.dev\/bceco-v2\/blog-grid-4-columns\/#breadcrumb","itemListElement":[{"@type":"ListItem","position":1,"name":"Accueil","item":"https:\/\/ikar.dev\/bceco-v2\/"},{"@type":"ListItem","position":2,"name":"Blog Grid 4 Columns"}]},{"@type":"WebSite","@id":"https:\/\/ikar.dev\/bceco-v2\/#website","url":"https:\/\/ikar.dev\/bceco-v2\/","name":"Bureau Central de Coordination","description":"B.Ce.Co \u2013 Au c\u0153ur de l\u2019ex\u00e9cution des projets de d\u00e9veloppement en RDC","publisher":{"@id":"https:\/\/ikar.dev\/bceco-v2\/#organization"},"potentialAction":[{"@type":"SearchAction","target":{"@type":"EntryPoint","urlTemplate":"https:\/\/ikar.dev\/bceco-v2\/?s={search_term_string}"},"query-input":{"@type":"PropertyValueSpecification","valueRequired":true,"valueName":"search_term_string"}}],"inLanguage":"en-US"},{"@type":"Organization","@id":"https:\/\/ikar.dev\/bceco-v2\/#organization","name":"Bureau Central de Coordination","url":"https:\/\/ikar.dev\/bceco-v2\/","logo":{"@type":"ImageObject","inLanguage":"en-US","@id":"https:\/\/ikar.dev\/bceco-v2\/#\/schema\/logo\/image\/","url":"https:\/\/ikar.dev\/bceco-v2\/wp-content\/uploads\/2025\/12\/BCECO-Bureau-Central-de-Coordination.jpg","contentUrl":"https:\/\/ikar.dev\/bceco-v2\/wp-content\/uploads\/2025\/12\/BCECO-Bureau-Central-de-Coordination.jpg","width":2048,"height":2048,"caption":"Bureau Central de Coordination"},"image":{"@id":"https:\/\/ikar.dev\/bceco-v2\/#\/schema\/logo\/image\/"},"sameAs":["https:\/\/www.facebook.com\/BCeCoRDC","https:\/\/x.com\/BCeCoRDC"]}]}},"_links":{"self":[{"href":"https:\/\/ikar.dev\/bceco-v2\/wp-json\/wp\/v2\/pages\/16210","targetHints":{"allow":["GET"]}}],"collection":[{"href":"https:\/\/ikar.dev\/bceco-v2\/wp-json\/wp\/v2\/pages"}],"about":[{"href":"https:\/\/ikar.dev\/bceco-v2\/wp-json\/wp\/v2\/types\/page"}],"author":[{"embeddable":true,"href":"https:\/\/ikar.dev\/bceco-v2\/wp-json\/wp\/v2\/users\/1"}],"replies":[{"embeddable":true,"href":"https:\/\/ikar.dev\/bceco-v2\/wp-json\/wp\/v2\/comments?post=16210"}],"version-history":[{"count":0,"href":"https:\/\/ikar.dev\/bceco-v2\/wp-json\/wp\/v2\/pages\/16210\/revisions"}],"wp:attachment":[{"href":"https:\/\/ikar.dev\/bceco-v2\/wp-json\/wp\/v2\/media?parent=16210"}],"curies":[{"name":"wp","href":"https:\/\/api.w.org\/{rel}","templated":true}]}}