{"id":15407,"date":"2025-12-11T05:48:00","date_gmt":"2025-12-11T04:48:00","guid":{"rendered":"https:\/\/elementor.zozothemes.com\/corpkit\/home-copy\/"},"modified":"2026-02-02T11:27:56","modified_gmt":"2026-02-02T10:27:56","slug":"accueil","status":"publish","type":"page","link":"https:\/\/ikar.dev\/bceco-v2\/","title":{"rendered":"Accueil"},"content":{"rendered":"\t\t<div data-elementor-type=\"wp-page\" data-elementor-id=\"15407\" class=\"elementor elementor-15407\" data-elementor-post-type=\"page\">\n\t\t\t\t\t\t<section class=\"elementor-section elementor-top-section elementor-element elementor-element-b05b2c2 elementor-section-content-middle elementor-section-stretched elementor-section-boxed elementor-section-height-default elementor-section-height-default\" data-id=\"b05b2c2\" data-element_type=\"section\" data-e-type=\"section\" data-settings=\"{&quot;stretch_section&quot;:&quot;section-stretched&quot;,&quot;background_background&quot;:&quot;classic&quot;}\">\n\t\t\t\t\t\t<div class=\"elementor-container elementor-column-gap-extended\">\n\t\t\t\t\t<div class=\"elementor-column elementor-col-50 elementor-top-column elementor-element elementor-element-eb57d07\" data-id=\"eb57d07\" data-element_type=\"column\" data-e-type=\"column\">\n\t\t\t<div class=\"elementor-widget-wrap elementor-element-populated\">\n\t\t\t\t\t\t<div class=\"elementor-element elementor-element-93faf8b elementor-widget elementor-widget-image\" data-id=\"93faf8b\" data-element_type=\"widget\" data-e-type=\"widget\" data-widget_type=\"image.default\">\n\t\t\t\t\t\t\t\t\t\t\t\t\t\t\t<img fetchpriority=\"high\" decoding=\"async\" width=\"1500\" height=\"1000\" src=\"https:\/\/ikar.dev\/bceco-v2\/wp-content\/uploads\/2023\/10\/Barrage-Mbombo_-Le-BCECO-explique-lavancee-des-travaux-au-CODESKO-6.jpg\" class=\"attachment-full size-full wp-image-30936\" alt=\"\" srcset=\"https:\/\/ikar.dev\/bceco-v2\/wp-content\/uploads\/2023\/10\/Barrage-Mbombo_-Le-BCECO-explique-lavancee-des-travaux-au-CODESKO-6.jpg 1500w, https:\/\/ikar.dev\/bceco-v2\/wp-content\/uploads\/2023\/10\/Barrage-Mbombo_-Le-BCECO-explique-lavancee-des-travaux-au-CODESKO-6-768x512.jpg 768w, https:\/\/ikar.dev\/bceco-v2\/wp-content\/uploads\/2023\/10\/Barrage-Mbombo_-Le-BCECO-explique-lavancee-des-travaux-au-CODESKO-6-600x400.jpg 600w\" sizes=\"(max-width: 1500px) 100vw, 1500px\" \/>\t\t\t\t\t\t\t\t\t\t\t\t\t\t\t<\/div>\n\t\t\t\t\t<\/div>\n\t\t<\/div>\n\t\t\t\t<div class=\"elementor-column elementor-col-50 elementor-top-column elementor-element elementor-element-26e2c72\" data-id=\"26e2c72\" data-element_type=\"column\" data-e-type=\"column\">\n\t\t\t<div class=\"elementor-widget-wrap elementor-element-populated\">\n\t\t\t\t\t\t<div class=\"elementor-element elementor-element-048ed16 cea-align-left elementor-widget elementor-widget-ceasectiontitle\" data-id=\"048ed16\" data-element_type=\"widget\" data-e-type=\"widget\" data-widget_type=\"ceasectiontitle.default\">\n\t\t\t\t<div class=\"elementor-widget-container\">\n\t\t\t\t\t<div class=\"section-title-wrapper\"><div class=\"title-wrap\"><h6 class=\"sub-title\">\u00c0 Propos du BCeCo<\/h6><h2 class=\"section-title\"><\/h2><\/div><!-- .title-wrap --><div class=\"section-description\"><p class=\"section-content\">Le Bureau Central de Coordination (B.Ce.Co) est un service public plac\u00e9 sous la tutelle du Minist\u00e8re des Finances de la R\u00e9publique d\u00e9mocratique du Congo. Il assure la gestion et l\u2019ex\u00e9cution des projets et programmes de d\u00e9veloppement, financ\u00e9s sur ressources propres de l\u2019\u00c9tat ou par des partenaires techniques et financiers.<\/p><\/div><!-- .section-description --><\/div><!-- .section-title-wrapper -->\t\t\t\t<\/div>\n\t\t\t\t<\/div>\n\t\t\t\t<div class=\"elementor-element elementor-element-3a3403e elementor-widget elementor-widget-text-editor\" data-id=\"3a3403e\" data-element_type=\"widget\" data-e-type=\"widget\" data-widget_type=\"text-editor.default\">\n\t\t\t\t\t\t\t\t\tCr\u00e9\u00e9 par le <span class=\"theme-color\">D\u00e9cret pr\u00e9sidentiel n\u00b0039\/2001 du 8 ao\u00fbt 2001<\/span>, le B.Ce.Co est la premi\u00e8re agence nationale d\u2019ex\u00e9cution des projets mise en place apr\u00e8s la reprise de la coop\u00e9ration entre la RDC, le FMI et la Banque mondiale.\t\t\t\t\t\t\t\t<\/div>\n\t\t\t\t\t<\/div>\n\t\t<\/div>\n\t\t\t\t\t<\/div>\n\t\t<\/section>\n\t\t\t\t<section class=\"elementor-section elementor-top-section elementor-element elementor-element-e3f39bd elementor-section-stretched elementor-section-boxed elementor-section-height-default elementor-section-height-default\" data-id=\"e3f39bd\" data-element_type=\"section\" data-e-type=\"section\" data-settings=\"{&quot;stretch_section&quot;:&quot;section-stretched&quot;,&quot;background_background&quot;:&quot;classic&quot;,&quot;shape_divider_top&quot;:&quot;waves&quot;,&quot;shape_divider_top_negative&quot;:&quot;yes&quot;}\">\n\t\t\t\t\t\t\t<div class=\"elementor-background-overlay\"><\/div>\n\t\t\t\t\t\t<div class=\"elementor-shape elementor-shape-top\" aria-hidden=\"true\" data-negative=\"true\">\n\t\t\t<svg xmlns=\"http:\/\/www.w3.org\/2000\/svg\" viewBox=\"0 0 1000 100\" preserveAspectRatio=\"none\">\n\t<path class=\"elementor-shape-fill\" d=\"M790.5,93.1c-59.3-5.3-116.8-18-192.6-50c-29.6-12.7-76.9-31-100.5-35.9c-23.6-4.9-52.6-7.8-75.5-5.3\n\tc-10.2,1.1-22.6,1.4-50.1,7.4c-27.2,6.3-58.2,16.6-79.4,24.7c-41.3,15.9-94.9,21.9-134,22.6C72,58.2,0,25.8,0,25.8V100h1000V65.3\n\tc0,0-51.5,19.4-106.2,25.7C839.5,97,814.1,95.2,790.5,93.1z\"\/>\n<\/svg>\t\t<\/div>\n\t\t\t\t\t<div class=\"elementor-container elementor-column-gap-default\">\n\t\t\t\t\t<div class=\"elementor-column elementor-col-33 elementor-top-column elementor-element elementor-element-2be9c20 elementor-hidden-tablet elementor-hidden-mobile\" data-id=\"2be9c20\" data-element_type=\"column\" data-e-type=\"column\">\n\t\t\t<div class=\"elementor-widget-wrap elementor-element-populated\">\n\t\t\t\t\t\t<div class=\"elementor-element elementor-element-c457521 elementor-hidden-tablet elementor-hidden-mobile elementor-widget elementor-widget-image\" data-id=\"c457521\" data-element_type=\"widget\" data-e-type=\"widget\" data-widget_type=\"image.default\">\n\t\t\t\t\t\t\t\t\t\t\t\t\t\t\t<img decoding=\"async\" width=\"174\" height=\"174\" src=\"https:\/\/ikar.dev\/bceco-v2\/wp-content\/uploads\/2021\/08\/shape-6-1.png\" class=\"attachment-large size-large wp-image-10281\" alt=\"\" \/>\t\t\t\t\t\t\t\t\t\t\t\t\t\t\t<\/div>\n\t\t\t\t\t<\/div>\n\t\t<\/div>\n\t\t\t\t<div class=\"elementor-column elementor-col-33 elementor-top-column elementor-element elementor-element-926584f\" data-id=\"926584f\" data-element_type=\"column\" data-e-type=\"column\" data-settings=\"{&quot;background_background&quot;:&quot;classic&quot;}\">\n\t\t\t<div class=\"elementor-widget-wrap elementor-element-populated\">\n\t\t\t\t\t<div class=\"elementor-background-overlay\"><\/div>\n\t\t\t\t\t\t<div class=\"elementor-element elementor-element-8388e8b cea-view-framed anim cea-shape-circle elementor-widget elementor-widget-ceapopupanything\" data-id=\"8388e8b\" data-element_type=\"widget\" data-e-type=\"widget\" data-widget_type=\"ceapopupanything.default\">\n\t\t\t\t\r\n\t\t<div class=\"elementor-widget-container popup-anything-wrapper\">\r\n\t\t\r\n\t\t\t<a class=\"cea-popup-anything popup-trigger-icon\" href=\"https:\/\/www.youtube.com\/watch?v=qaVfSk4VPso\"><i aria-hidden=\"true\" class=\"ti ti-control-play\"><\/i><\/a>\t\t\t\r\n\t\t<\/div>\r\n\t\t\t\t<\/div>\n\t\t\t\t<div class=\"elementor-element elementor-element-4f2cb63 cea-btn-align-center cea-align-center elementor-widget elementor-widget-ceasectiontitle\" data-id=\"4f2cb63\" data-element_type=\"widget\" data-e-type=\"widget\" data-widget_type=\"ceasectiontitle.default\">\n\t\t\t\t<div class=\"elementor-widget-container\">\n\t\t\t\t\t<div class=\"section-title-wrapper\"><div class=\"title-wrap\"><h2 class=\"section-title\">R\u00e9habilitation de la voirie urbaine de Kinshasa<\/h2><\/div><!-- .title-wrap --><div class=\"section-description\">\t\t\t\t\t<div class=\"cea-button-wrapper\">\r\n\t\t\t\t\t\t<a href=\"https:\/\/ikar.dev\/bceco-v2\/realisations\/\" class=\"cea-button-link elementor-button cea-button elementor-size-sm\">\r\n\t\t\t\t\t\t\t\t\t<span class=\"cea-button-content-wrapper\">\r\n\t\t\t\t\t\t<span class=\"cea-button-icon cea-align-icon-\">\r\n\t\t\t\t\t\t\t<\/span>\r\n\t\t\t\t\t\t<span class=\"cea-button-text\">Nos r\u00e9alisations<\/span>\r\n\t\t<\/span>\r\n\t\t\t\t\t\t\t\t<\/a>\r\n\t\t\t\t\t<\/div>\r\n\t\t\t\t\t<\/div><!-- .section-description --><\/div><!-- .section-title-wrapper -->\t\t\t\t<\/div>\n\t\t\t\t<\/div>\n\t\t\t\t\t<\/div>\n\t\t<\/div>\n\t\t\t\t<div class=\"elementor-column elementor-col-33 elementor-top-column elementor-element elementor-element-2fa53de elementor-hidden-tablet elementor-hidden-mobile\" data-id=\"2fa53de\" data-element_type=\"column\" data-e-type=\"column\">\n\t\t\t<div class=\"elementor-widget-wrap\">\n\t\t\t\t\t\t\t<\/div>\n\t\t<\/div>\n\t\t\t\t\t<\/div>\n\t\t<\/section>\n\t\t\t\t<section class=\"elementor-section elementor-top-section elementor-element elementor-element-0d7e32e elementor-section-stretched elementor-section-boxed elementor-section-height-default elementor-section-height-default\" data-id=\"0d7e32e\" data-element_type=\"section\" data-e-type=\"section\" data-settings=\"{&quot;stretch_section&quot;:&quot;section-stretched&quot;,&quot;background_background&quot;:&quot;classic&quot;}\">\n\t\t\t\t\t\t\t<div class=\"elementor-background-overlay\"><\/div>\n\t\t\t\t\t\t\t<div class=\"elementor-container elementor-column-gap-no\">\n\t\t\t\t\t<div class=\"elementor-column elementor-col-100 elementor-top-column elementor-element elementor-element-8654d1e\" data-id=\"8654d1e\" data-element_type=\"column\" data-e-type=\"column\">\n\t\t\t<div class=\"elementor-widget-wrap elementor-element-populated\">\n\t\t\t\t\t\t<div class=\"elementor-element elementor-element-6216715 cea-align-center elementor-widget elementor-widget-ceasectiontitle\" data-id=\"6216715\" data-element_type=\"widget\" data-e-type=\"widget\" data-widget_type=\"ceasectiontitle.default\">\n\t\t\t\t<div class=\"elementor-widget-container\">\n\t\t\t\t\t<div class=\"section-title-wrapper\"><div class=\"title-wrap\"><h6 class=\"sub-title\">Projets<\/h6><h2 class=\"section-title\">Nos projets<\/h2><\/div><!-- .title-wrap --><div class=\"section-description\"><p class=\"section-content\">\n<\/p><\/div><!-- .section-description --><\/div><!-- .section-title-wrapper -->\t\t\t\t<\/div>\n\t\t\t\t<\/div>\n\t\t\t\t<div class=\"elementor-element elementor-element-21d83a1 elementor-widget elementor-widget-ceaservice\" data-id=\"21d83a1\" data-element_type=\"widget\" data-e-type=\"widget\" data-widget_type=\"ceaservice.default\">\n\t\t\t\t\r\n\t\t<div class=\"elementor-widget-container service-wrapper service-style-modern service-light service-slide-model\">\r\n\t\t\r\n\t\t\t<div class=\"cea-carousel owl-carousel\" data-loop=\"1\" data-margin=\"30\" data-center=\"0\" data-nav=\"1\" data-dots=\"0\" data-autoplay=\"0\" data-items=\"3\" data-items-tab=\"2\" data-items-mob=\"1\" data-duration=\"5000\" data-smartspeed=\"250\" data-scrollby=\"1\" data-autoheight=\"0\"><div class=\"owl-carousel-item\"><div class=\"service-inner\"><div class=\"post-thumb\"><a href=\"https:\/\/ikar.dev\/bceco-v2\/service\/programme-de-developpement-local-des-145-territoires-pdl-145t\/\" class=\"post-image-link\"><img decoding=\"async\" src=\"https:\/\/ikar.dev\/bceco-v2\/wp-content\/uploads\/2025\/11\/Provinces-dintervention-du-BCECO.webp\" title=\"Provinces-dintervention-du-BCECO\" alt=\"\" class=\"img-fluid squared\" \/><\/a><\/div><!-- .post-thumb --><div class=\"service-icon-img-wrap\"><img decoding=\"async\" src=\"https:\/\/ikar.dev\/bceco-v2\/wp-content\/uploads\/2025\/11\/Carte-PDL-145T.png\" class=\"img-fluid service-icon-img\" alt=\"Programme de D\u00e9veloppement Local des 145 Territoires (PDL-145T)\" \/><\/div><div class=\"entry-title\"><h4 class=\"post-title-head\"><a href=\"https:\/\/ikar.dev\/bceco-v2\/service\/programme-de-developpement-local-des-145-territoires-pdl-145t\/\" class=\"post-title\">Programme de D\u00e9veloppement Local des 145 Territoires (PDL-145T)<\/a><\/h4><\/div><!-- .entry-title --><\/div><!-- .service-inner --><\/div><!-- .col \/ .owl-carousel-item \/ .isotope --><div class=\"owl-carousel-item\"><div class=\"service-inner\"><div class=\"post-thumb\"><a href=\"https:\/\/ikar.dev\/bceco-v2\/service\/programme-presidentiel-accelere-de-lutte-contre-la-pauvrete-et-les-inegalites-ppa-lcpi\/\" class=\"post-image-link\"><img decoding=\"async\" src=\"https:\/\/ikar.dev\/bceco-v2\/wp-content\/uploads\/2025\/12\/LE-BCECO-rehabilite-90-kms-de-routes-a-Kisangani3.jpg\" title=\"LE-BCECO-rehabilite-90-kms-de-routes-a\u0300-Kisangani3\" alt=\"\" class=\"img-fluid squared img-fluid squared\" \/><\/a><\/div><!-- .post-thumb --><div class=\"service-icon-img-wrap\"><img decoding=\"async\" src=\"https:\/\/ikar.dev\/bceco-v2\/wp-content\/uploads\/2021\/08\/012-analytics-1.png\" class=\"img-fluid service-icon-img\" alt=\"Programme Pr\u00e9sidentiel Acc\u00e9l\u00e9r\u00e9 de Lutte contre la Pauvret\u00e9 et les In\u00e9galit\u00e9s (PPA-LCPI)\" \/><\/div><div class=\"entry-title\"><h4 class=\"post-title-head\"><a href=\"https:\/\/ikar.dev\/bceco-v2\/service\/programme-presidentiel-accelere-de-lutte-contre-la-pauvrete-et-les-inegalites-ppa-lcpi\/\" class=\"post-title\">Programme Pr\u00e9sidentiel Acc\u00e9l\u00e9r\u00e9 de Lutte contre la Pauvret\u00e9 et les In\u00e9galit\u00e9s (PPA-LCPI)<\/a><\/h4><\/div><!-- .entry-title --><\/div><!-- .service-inner --><\/div><!-- .col \/ .owl-carousel-item \/ .isotope --><div class=\"owl-carousel-item\"><div class=\"service-inner\"><div class=\"post-thumb\"><a href=\"https:\/\/ikar.dev\/bceco-v2\/service\/projet-de-coup-de-pouce-a-lentrepreneuriat-culturel-et-creatif-pcecc\/\" class=\"post-image-link\"><img decoding=\"async\" src=\"https:\/\/ikar.dev\/bceco-v2\/wp-content\/uploads\/2024\/04\/Le-BCECO-decide-a-livrer-la-vraie-information-12.jpg\" title=\"Le BCECO de\u0301cide\u0301 a\u0300 livrer la vraie information 12\" alt=\"\" class=\"img-fluid squared img-fluid squared img-fluid squared\" \/><\/a><\/div><!-- .post-thumb --><div class=\"service-icon-img-wrap\"><img decoding=\"async\" src=\"https:\/\/ikar.dev\/bceco-v2\/wp-content\/uploads\/2021\/08\/010-stock-market-1.png\" class=\"img-fluid service-icon-img\" alt=\"Projet de Coup de Pouce \u00e0 l&#8217;Entrepreneuriat Culturel et Cr\u00e9atif (PCECC)\" \/><\/div><div class=\"entry-title\"><h4 class=\"post-title-head\"><a href=\"https:\/\/ikar.dev\/bceco-v2\/service\/projet-de-coup-de-pouce-a-lentrepreneuriat-culturel-et-creatif-pcecc\/\" class=\"post-title\">Projet de Coup de Pouce \u00e0 l&#8217;Entrepreneuriat Culturel et Cr\u00e9atif (PCECC)<\/a><\/h4><\/div><!-- .entry-title --><\/div><!-- .service-inner --><\/div><!-- .col \/ .owl-carousel-item \/ .isotope --><div class=\"owl-carousel-item\"><div class=\"service-inner\"><div class=\"post-thumb\"><a href=\"https:\/\/ikar.dev\/bceco-v2\/service\/projet-de-rehabilitation-et-reconstruction-des-infrastructures-scolaires-prris\/\" class=\"post-image-link\"><img decoding=\"async\" src=\"https:\/\/ikar.dev\/bceco-v2\/wp-content\/uploads\/2025\/12\/Projet-de-Rehabilitation-et-Reconstruction-des-Infrastructures-Scolaires-PRRIS.jpg\" title=\"Projet de Re\u0301habilitation et Reconstruction des Infrastructures Scolaires (PRRIS)\" alt=\"\" class=\"img-fluid squared img-fluid squared img-fluid squared img-fluid squared\" \/><\/a><\/div><!-- .post-thumb --><div class=\"service-icon-img-wrap\"><img decoding=\"async\" src=\"https:\/\/ikar.dev\/bceco-v2\/wp-content\/uploads\/2021\/08\/006-pie-chart-1.png\" class=\"img-fluid service-icon-img\" alt=\"Projet de R\u00e9habilitation et Reconstruction des Infrastructures Scolaires (PRRIS)\" \/><\/div><div class=\"entry-title\"><h4 class=\"post-title-head\"><a href=\"https:\/\/ikar.dev\/bceco-v2\/service\/projet-de-rehabilitation-et-reconstruction-des-infrastructures-scolaires-prris\/\" class=\"post-title\">Projet de R\u00e9habilitation et Reconstruction des Infrastructures Scolaires (PRRIS)<\/a><\/h4><\/div><!-- .entry-title --><\/div><!-- .service-inner --><\/div><!-- .col \/ .owl-carousel-item \/ .isotope --><\/div><!-- .owl-carousel -->\t\t\t\r\n\t\t<\/div>\r\n\t\t\t\t<\/div>\n\t\t\t\t\t<\/div>\n\t\t<\/div>\n\t\t\t\t\t<\/div>\n\t\t<\/section>\n\t\t\t\t<section class=\"elementor-section elementor-top-section elementor-element elementor-element-80c09bf elementor-section-content-middle elementor-section-stretched elementor-section-full_width elementor-section-height-default elementor-section-height-default\" data-id=\"80c09bf\" data-element_type=\"section\" data-e-type=\"section\" data-settings=\"{&quot;stretch_section&quot;:&quot;section-stretched&quot;,&quot;background_background&quot;:&quot;classic&quot;}\">\n\t\t\t\t\t\t\t<div class=\"elementor-background-overlay\"><\/div>\n\t\t\t\t\t\t\t<div class=\"elementor-container elementor-column-gap-extended\">\n\t\t\t\t\t<div class=\"elementor-column elementor-col-100 elementor-top-column elementor-element elementor-element-a7e1bfd\" data-id=\"a7e1bfd\" data-element_type=\"column\" data-e-type=\"column\">\n\t\t\t<div class=\"elementor-widget-wrap elementor-element-populated\">\n\t\t\t\t\t\t<section class=\"elementor-section elementor-inner-section elementor-element elementor-element-17dc966 elementor-section-content-middle elementor-section-full_width elementor-section-height-default elementor-section-height-default\" data-id=\"17dc966\" data-element_type=\"section\" data-e-type=\"section\">\n\t\t\t\t\t\t<div class=\"elementor-container elementor-column-gap-default\">\n\t\t\t\t\t<div class=\"elementor-column elementor-col-100 elementor-inner-column elementor-element elementor-element-d1d274c\" data-id=\"d1d274c\" data-element_type=\"column\" data-e-type=\"column\">\n\t\t\t<div class=\"elementor-widget-wrap elementor-element-populated\">\n\t\t\t\t\t\t<div class=\"elementor-element elementor-element-29554fd cea-align-center elementor-widget elementor-widget-ceasectiontitle\" data-id=\"29554fd\" data-element_type=\"widget\" data-e-type=\"widget\" data-widget_type=\"ceasectiontitle.default\">\n\t\t\t\t<div class=\"elementor-widget-container\">\n\t\t\t\t\t<div class=\"section-title-wrapper\"><div class=\"title-wrap\"><h6 class=\"sub-title\">Nos r\u00e9alisations<\/h6><h2 class=\"section-title\">Voici quelques unes de nos r\u00e9alisations<\/h2><\/div><!-- .title-wrap --><div class=\"section-description\"><p class=\"section-content\">\n<\/p><\/div><!-- .section-description --><\/div><!-- .section-title-wrapper -->\t\t\t\t<\/div>\n\t\t\t\t<\/div>\n\t\t\t\t\t<\/div>\n\t\t<\/div>\n\t\t\t\t\t<\/div>\n\t\t<\/section>\n\t\t\t\t<section class=\"elementor-section elementor-inner-section elementor-element elementor-element-ac2170a elementor-section-full_width elementor-section-height-default elementor-section-height-default\" data-id=\"ac2170a\" data-element_type=\"section\" data-e-type=\"section\">\n\t\t\t\t\t\t<div class=\"elementor-container elementor-column-gap-default\">\n\t\t\t\t\t<div class=\"elementor-column elementor-col-100 elementor-inner-column elementor-element elementor-element-7c1753f\" data-id=\"7c1753f\" data-element_type=\"column\" data-e-type=\"column\">\n\t\t\t<div class=\"elementor-widget-wrap elementor-element-populated\">\n\t\t\t\t\t\t<div class=\"elementor-element elementor-element-416a2f2 elementor-widget elementor-widget-ceaportfolio\" data-id=\"416a2f2\" data-element_type=\"widget\" data-e-type=\"widget\" data-widget_type=\"ceaportfolio.default\">\n\t\t\t\t\r\n\t\t<div class=\"elementor-widget-container portfolio-wrapper portfolio-style-classic portfolio-light portfolio-slide-model image-gallery\">\r\n\t\t\r\n\t\t\t<div class=\"cea-carousel owl-carousel\" data-loop=\"1\" data-margin=\"20\" data-center=\"0\" data-nav=\"1\" data-dots=\"1\" data-autoplay=\"1\" data-items=\"4\" data-items-tab=\"2\" data-items-mob=\"1\" data-duration=\"5000\" data-smartspeed=\"250\" data-scrollby=\"1\" data-autoheight=\"0\"><div class=\"owl-carousel-item\"><div class=\"portfolio-inner\"><div class=\"post-thumb post-overlay-active\"><a href=\"https:\/\/ikar.dev\/bceco-v2\/portfolio\/batiment-administratif-du-territoire-de-kabongo-2\/\" class=\"post-image-link\"><img decoding=\"async\" src=\"https:\/\/ikar.dev\/bceco-v2\/wp-content\/uploads\/elementor\/thumbs\/Batiment-administratif-du-Territoire-de-KABONGO-rgixd0jte59zjyplc2s6k99z9v7na8dzknir3kt2jk.jpeg\" title=\"Ba\u0302timent administratif du Territoire de KABONGO\" alt=\"\" class=\"img-fluid squared\" \/><\/a><div class=\"post-overlay-items\"><div class=\"post-icons\"><ul class=\"nav\"><li class=\"post-magnific-wrap\"><a href=\"#\" class=\"post-magnific image-gallery-link\" data-mfp-src=\"https:\/\/ikar.dev\/bceco-v2\/wp-content\/uploads\/2025\/11\/Batiment-administratif-du-Territoire-de-KABONGO.jpeg\"><span class=\"ti-zoom-in\"><\/span><\/a><\/li><li class=\"post-link-wrap\"><a href=\"https:\/\/ikar.dev\/bceco-v2\/portfolio\/batiment-administratif-du-territoire-de-kabongo-2\/\" class=\"post-link\"><span class=\"ti-link\"><\/span><\/a><\/li><\/ul><\/div><!-- .post-icons --><\/div><\/div><!-- .post-thumb --><div class=\"entry-title\"><h4 class=\"post-title-head\"><a href=\"https:\/\/ikar.dev\/bceco-v2\/portfolio\/batiment-administratif-du-territoire-de-kabongo-2\/\" class=\"post-title\">B\u00e2timent administratif du Territoire de KABONGO<\/a><\/h4><\/div><!-- .entry-title --><\/div><!-- .portfolio-inner --><\/div><!-- .col \/ .owl-carousel-item \/ .isotope --><div class=\"owl-carousel-item\"><div class=\"portfolio-inner\"><div class=\"post-thumb post-overlay-active\"><a href=\"https:\/\/ikar.dev\/bceco-v2\/portfolio\/construction-et-rehabilitation-de-11kms-de-la-rn1\/\" class=\"post-image-link\"><img decoding=\"async\" src=\"https:\/\/ikar.dev\/bceco-v2\/wp-content\/uploads\/elementor\/thumbs\/Construction-et-rehabilitation-de-11kms-de-la-RN1-rgix7k3jprt25gmy77v5l4un4c3xlhq35n69sqwco0.jpeg\" title=\"Construction et re\u0301habilitation de 11kms de la RN1\" alt=\"\" class=\"img-fluid squared img-fluid squared\" \/><\/a><div class=\"post-overlay-items\"><div class=\"post-icons\"><ul class=\"nav\"><li class=\"post-magnific-wrap\"><a href=\"#\" class=\"post-magnific image-gallery-link\" data-mfp-src=\"https:\/\/ikar.dev\/bceco-v2\/wp-content\/uploads\/2025\/12\/Construction-et-rehabilitation-de-11kms-de-la-RN1.jpeg\"><span class=\"ti-zoom-in\"><\/span><\/a><\/li><li class=\"post-link-wrap\"><a href=\"https:\/\/ikar.dev\/bceco-v2\/portfolio\/construction-et-rehabilitation-de-11kms-de-la-rn1\/\" class=\"post-link\"><span class=\"ti-link\"><\/span><\/a><\/li><\/ul><\/div><!-- .post-icons --><\/div><\/div><!-- .post-thumb --><div class=\"entry-title\"><h4 class=\"post-title-head\"><a href=\"https:\/\/ikar.dev\/bceco-v2\/portfolio\/construction-et-rehabilitation-de-11kms-de-la-rn1\/\" class=\"post-title\">Construction et r\u00e9habilitation de 11kms de la RN1<\/a><\/h4><\/div><!-- .entry-title --><\/div><!-- .portfolio-inner --><\/div><!-- .col \/ .owl-carousel-item \/ .isotope --><div class=\"owl-carousel-item\"><div class=\"portfolio-inner\"><div class=\"post-thumb post-overlay-active\"><a href=\"https:\/\/ikar.dev\/bceco-v2\/portfolio\/ecole-primaire-kabwebu-ex-amani\/\" class=\"post-image-link\"><img decoding=\"async\" src=\"https:\/\/ikar.dev\/bceco-v2\/wp-content\/uploads\/elementor\/thumbs\/Reception-technique-de-lecole-primaire-KABWEBU-ex-AMANI-rgiuyyfro7gwl7pruvlu9z2pbvdujuqp2padbkeo80.jpg\" title=\"Re\u0301ception technique de l&#8217;e\u0301cole primaire KABWEBU (ex AMANI)\" alt=\"\" class=\"img-fluid squared img-fluid squared img-fluid squared\" \/><\/a><div class=\"post-overlay-items\"><div class=\"post-icons\"><ul class=\"nav\"><li class=\"post-magnific-wrap\"><a href=\"#\" class=\"post-magnific image-gallery-link\" data-mfp-src=\"https:\/\/ikar.dev\/bceco-v2\/wp-content\/uploads\/2017\/10\/Reception-technique-de-lecole-primaire-KABWEBU-ex-AMANI.jpg\"><span class=\"ti-zoom-in\"><\/span><\/a><\/li><li class=\"post-link-wrap\"><a href=\"https:\/\/ikar.dev\/bceco-v2\/portfolio\/ecole-primaire-kabwebu-ex-amani\/\" class=\"post-link\"><span class=\"ti-link\"><\/span><\/a><\/li><\/ul><\/div><!-- .post-icons --><\/div><\/div><!-- .post-thumb --><div class=\"entry-title\"><h4 class=\"post-title-head\"><a href=\"https:\/\/ikar.dev\/bceco-v2\/portfolio\/ecole-primaire-kabwebu-ex-amani\/\" class=\"post-title\">Ecole primaire KABWEBU (ex AMANI)<\/a><\/h4><\/div><!-- .entry-title --><\/div><!-- .portfolio-inner --><\/div><!-- .col \/ .owl-carousel-item \/ .isotope --><\/div><!-- .owl-carousel -->\t\t\t\r\n\t\t<\/div>\r\n\t\t\t\t<\/div>\n\t\t\t\t\t<\/div>\n\t\t<\/div>\n\t\t\t\t\t<\/div>\n\t\t<\/section>\n\t\t\t\t\t<\/div>\n\t\t<\/div>\n\t\t\t\t\t<\/div>\n\t\t<\/section>\n\t\t\t\t<section class=\"elementor-section elementor-top-section elementor-element elementor-element-e625701 elementor-section-stretched elementor-section-boxed elementor-section-height-default elementor-section-height-default\" data-id=\"e625701\" data-element_type=\"section\" data-e-type=\"section\" data-settings=\"{&quot;stretch_section&quot;:&quot;section-stretched&quot;,&quot;background_background&quot;:&quot;classic&quot;}\">\n\t\t\t\t\t\t<div class=\"elementor-container elementor-column-gap-default\">\n\t\t\t\t\t<div class=\"elementor-column elementor-col-100 elementor-top-column elementor-element elementor-element-b7f9595\" data-id=\"b7f9595\" data-element_type=\"column\" data-e-type=\"column\">\n\t\t\t<div class=\"elementor-widget-wrap elementor-element-populated\">\n\t\t\t\t\t\t<div class=\"elementor-element elementor-element-f9ded61 cea-align-center elementor-widget elementor-widget-ceasectiontitle\" data-id=\"f9ded61\" data-element_type=\"widget\" data-e-type=\"widget\" data-widget_type=\"ceasectiontitle.default\">\n\t\t\t\t<div class=\"elementor-widget-container\">\n\t\t\t\t\t<div class=\"section-title-wrapper\"><div class=\"title-wrap\"><h2 class=\"section-title\">Programme de D\u00e9veloppement Local des 145 Territoires (PDL-145T)<\/h2><\/div><!-- .title-wrap --><div class=\"section-description\"><p class=\"section-content\">\n<\/p><\/div><!-- .section-description --><\/div><!-- .section-title-wrapper -->\t\t\t\t<\/div>\n\t\t\t\t<\/div>\n\t\t\t\t<div class=\"elementor-element elementor-element-b047240 elementor-widget elementor-widget-shortcode\" data-id=\"b047240\" data-element_type=\"widget\" data-e-type=\"widget\" data-widget_type=\"shortcode.default\">\n\t\t\t\t\t\t\t<div class=\"elementor-shortcode\">\r\n    <style>\r\n        .bceco-controls { margin-bottom: 15px; display: flex; gap: 10px; align-items: center; background: #fff; padding: 15px; border-radius: 10px; box-shadow: 0 2px 10px rgba(0,0,0,0.05); }\r\n        .bceco-select { border: 1px solid #ddd; border-radius: 5px; min-width: 250px; font-family: inherit; }\r\n        \r\n        #map-bceco { width: 100%; height: 450px; border-radius: 12px; z-index: 1; }\r\n        \r\n        \/* Modal Styling *\/\r\n        .bceco-modal { display: none; position: fixed; z-index: 9999; left: 0; top: 0; width: 100%; height: 100%; background: rgba(0,0,0,0.7); backdrop-filter: blur(4px); align-items: center; justify-content: center; padding: 20px; }\r\n        .bceco-modal.active { display: flex; }\r\n        .modal-content { background: #fff; width: 100%; max-width: 1000px; max-height: 90vh; border-radius: 15px; overflow: hidden; display: flex; flex-direction: column; box-shadow: 0 20px 50px rgba(0,0,0,0.3); }\r\n        \r\n        .modal-header { background: #002e5b; color: #fff; padding: 15px 25px; display: flex; justify-content: space-between; align-items: center; }\r\n        .close-modal { cursor: pointer; font-size: 32px; font-weight: bold; line-height: 1; }\r\n        \r\n        .modal-body { padding: 25px; overflow-y: auto; display: flex; flex-direction: row; gap: 30px; }\r\n        .modal-col-info { flex: 1.2; }\r\n        .modal-col-photos-pv { flex: 0.8;}\r\n        .modal-col-photos {border-left: 1px solid #eee; padding-left: 25px; margin-bottom:10px; }\r\n        .modal-col-pvs {border-left: 1px solid #eee; padding-left: 25px; margin-top:10px; }\r\n\r\n\r\n        \/* Responsive *\/\r\n        @media (max-width: 850px) {\r\n            .modal-body { flex-direction: column; }\r\n            .modal-col-photos { border-left: none; padding-left: 0; border-top: 1px solid #eee; padding-top: 25px; }\r\n        }\r\n\r\n        \/* Photos & Suppression *\/\r\n        .photo-grid { display: grid; grid-template-columns: repeat(auto-fill, minmax(110px, 1fr)); gap: 12px; margin-top: 15px; }\r\n        .pv-grid { display: grid; grid-template-columns: repeat(auto-fill, minmax(110px, 1fr)); gap: 12px; margin-top: 15px; }\r\n        .pv-item { position: relative; border-radius: 2px; overflow: hidden; aspect-ratio: 1;}\r\n        .pv-item img { width: 100%; height: 100%; cursor: pointer; }\r\n        .photo-item { position: relative; border-radius: 8px; overflow: hidden; aspect-ratio: 1; border: 1px solid #ddd; }\r\n        .photo-item img { width: 100%; height: 100%; object-fit: cover; cursor: pointer; }\r\n        \r\n        .del-btn { position: absolute; top: 2px; right: 2px; background: rgba(231,76,60,0.9); color: white; border: none; border-radius: 4px; padding: 2px 6px; font-size: 10px; cursor: pointer; z-index: 10; }\r\n        \r\n        \/* Fix Lightbox Z-index (Au-dessus du modal) *\/\r\n        .fancybox__container { z-index: 10000 !important; }\r\n        .info-row { margin-bottom: 10px; }\r\n        .info-label { color: #ff5e14; font-size: 10px; font-weight: 800; text-transform: uppercase; }\r\n        .info-value { color: #333; font-size: 14px; font-weight: 500; border-bottom: 1px solid #f0f0f0; }\r\n        .pdf-link img {\r\n                    width: 20px;   \r\n                    height: 20px;\r\n                    margin-right: 8px;\r\n                }\r\n        .pdf-link:hover {\r\n                color: #b71c1c;\r\n            }\r\n         .progress-container {\r\n            width: 400px;\r\n            background-color: #e0e0e0;\r\n            border-radius: 20px;\r\n            overflow: hidden;\r\n            height: 22px;\r\n            box-shadow: inset 0 1px 3px rgba(0,0,0,0.2);\r\n        }\r\n\r\n        .progress-bar {\r\n            height: 100%;\r\n            width: 0;\r\n            border-radius: 20px;\r\n            transition: width 1.2s ease;\r\n        }\r\n\r\n            .green {\r\n                background: linear-gradient(90deg, #4caf50, #2e7d32);\r\n            }\r\n\r\n            .orange {\r\n                background: linear-gradient(90deg, #ff9800, #ef6c00);\r\n            }\r\n\r\n            .red {\r\n                background: linear-gradient(90deg, #f44336, #c62828);\r\n            }\r\n\r\n            .progress-label {\r\n                margin-top: 10px;\r\n                font-weight: bold;\r\n                color: #333;\r\n            }\r\n            .hidden {\r\n            display: none;\r\n            }\r\n\r\n            .toggle-info {\r\n            display: inline-block;\r\n            margin-top: 8px;\r\n            color: #0d6efd;\r\n            cursor: pointer;\r\n            text-decoration: underline;\r\n            }.photo-slider {\r\n        position: relative;\r\n        width: 100%;\r\n        }\r\n        .photo-slider {\r\n        position: relative;\r\n        width: fit-content; \/* \ud83d\udc48 emp\u00eache l\u2019auto-\u00e9talement *\/\r\n        }\r\n\r\n        .photo-viewport {\r\n        overflow: hidden;\r\n        width: calc(180px * 2 + 16px); \/* \ud83d\udd25 2 PHOTOS EXACTEMENT *\/\r\n        }\r\n\r\n        .photo-track {\r\n        display: flex;\r\n        gap: 16px;\r\n        transition: transform 0.35s ease;\r\n        }\r\n\r\n        .photo-slide {\r\n        flex: 0 0 180px;\r\n        height: 120px;\r\n        border-radius: 8px;\r\n        overflow: hidden;\r\n        }\r\n\r\n        .photo-slide img {\r\n        width: 100%;\r\n        height: 100%;\r\n        object-fit: cover;\r\n        }\r\n        .slider-btn {\r\n        position: absolute;\r\n        top: 50%;\r\n        transform: translateY(-50%);\r\n        width: 26px;          \/* \ud83d\udd25 plus petit *\/\r\n        height: 26px;\r\n        border-radius: 50%;\r\n        border: none;\r\n        background: rgba(255, 255, 255, 0.9);\r\n        box-shadow: 0 2px 6px rgba(0,0,0,.2);\r\n        cursor: pointer;\r\n        font-size: 16px;      \/* taille ic\u00f4ne *\/\r\n        font-weight: bold;\r\n        line-height: 1;\r\n        color: #333;\r\n        display: flex;\r\n        align-items: center;\r\n        justify-content: center;\r\n        transition: all .2s ease;\r\n        z-index: 5;\r\n        }\r\n\r\n        .slider-btn:hover {\r\n        background: #0d6efd;\r\n        color: #fff;\r\n        transform: translateY(-50%) scale(1.08);\r\n        }\r\n\r\n        .slider-btn.prev { left: -10px; }\r\n        .slider-btn.next { right: -10px; }\r\n\r\n        @media (max-width: 768px) {\r\n        .photo-viewport {\r\n        width: min(90vw, 300px);\r\n        }\r\n        }\r\n        .pv-slider {\r\n        position: relative;\r\n        width: 100%;\r\n        margin: 10px 0;\r\n        }\r\n\r\n        .pv-viewport {\r\n        overflow: hidden;\r\n        width: calc(120px * 3 + 16px * 2); \/* 3 PDF visibles + gaps *\/\r\n        }\r\n\r\n        @media (max-width: 768px) {\r\n        .pv-viewport {\r\n        width: min(95vw, 300px);\r\n        }\r\n        }\r\n\r\n        .pv-track {\r\n        display: flex;\r\n        gap: 16px;\r\n        transition: transform 0.35s ease;\r\n        }\r\n        .pv-item {\r\n        flex: 0 0 140px;\r\n        height: 140px;\r\n        display: flex;\r\n        align-items: center;\r\n        justify-content: center;\r\n        border-radius: 6px;\r\n        background: #f5f5f5;\r\n        cursor: pointer;\r\n        }\r\n\r\n        .pv-item img {\r\n        width: 60px;\r\n        height: 60px;\r\n        }\r\n\r\n    <\/style>\r\n\r\n    <div class=\"bceco-controls\">\r\n        <label style=\"font-weight:700; color:#002e5b;\">Filtrer par Province :<\/label>\r\n        <select id=\"province-filter\" class=\"bceco-select\" onchange=\"filterMarkers()\">\r\n            <option value=\"ALL\">Toutes les provinces<\/option>\r\n            <option value=\"P\/Haut-Uele\">Haut-U\u00e9l\u00e9<\/option>\r\n            <option value=\"P\/Ituri\">Ituri<\/option>\r\n            <option value=\"P\/Nord-Kivu\">Nord-Kivu<\/option>\r\n            <option value=\"P\/HAUT-KATANGA\">Haut-Katanga<\/option>\r\n            <option value=\"P\/Lualaba\">Lualaba<\/option>\r\n            <option value=\"P\/Haut-Lomami\">Haut-Lomami<\/option>\r\n            <option value=\"P\/Lomami\">Lomami<\/option>\r\n            <option value=\"P\/KASAI-ORIENTAL\">Kasa\u00ef Oriental<\/option>\r\n            <option value=\"P\/Kasai Central\">Kasa\u00ef Central<\/option>\r\n        <\/select>\r\n    <\/div>\r\n\r\n    <div id=\"map-bceco\"><\/div>\r\n\r\n    <div id=\"bceco-modal\" class=\"bceco-modal\">\r\n        <div class=\"modal-content\">\r\n            <div class=\"modal-header\">\r\n                <h3 id=\"modal-title\" style=\"margin:0; font-size:18px;\">D\u00e9tails<\/h3>\r\n                <span class=\"close-modal\" onclick=\"closeBcecoModal()\">&times;<\/span>\r\n            <\/div>\r\n            <div class=\"modal-body\">\r\n                <div class=\"modal-col-info\" id=\"modal-project-info\"><\/div>\r\n                <div class=\"modal-col-photos-pv\">\r\n                    <div class=\"modal-col-photos\">\r\n                        <h4 style=\"color:#002e5b; margin-top:0;\">PHOTOS<\/h4>\r\n                        <div class=\"photo-slider\" id=\"photo-slider\">\r\n                           <button class=\"slider-btn prev\" aria-label=\"Photo pr\u00e9c\u00e9dente\">\u2039<\/button>\r\n                            <div class=\"photo-viewport\">\r\n                                <div class=\"photo-track\" id=\"modal-photo-grid\"><\/div>\r\n                            <\/div>\r\n                         <button class=\"slider-btn next\" aria-label=\"Photo suivante\">\u203a<\/button>\r\n                        <\/div>\r\n                     <div class=\"photo-grid\" id=\"modal-photo-grid-message\"><\/div>\r\n                    <\/div>\r\n                    <div class=\"modal-col-pvs\">\r\n                        <h4 style=\"color:#002e5b; margin-top:0;\">PROC\u00c8S-VERBAUX<\/h4>\r\n                        <div class=\"pv-slider\">\r\n                            <button class=\"slider-btn prev\" aria-label=\"PDF pr\u00e9c\u00e9dent\">\u2039<\/button>\r\n                            <div class=\"pv-viewport\">\r\n                                <div class=\"pv-track\" id=\"modal-pv-grid\"><\/div>\r\n                            <\/div>\r\n                            <button class=\"slider-btn next\" aria-label=\"PDF suivant\">\u203a<\/button>\r\n                        <\/div>\r\n                                                     <div class=\"pv-grid\" id=\"modal-pv-grid-message\"><\/div>\r\n                    <\/div>\r\n\r\n                <\/div>\r\n            <\/div>\r\n        <\/div>\r\n    <\/div>    <script>\r\n        let map, markersLayer;\r\n        const FIELDS = {\r\n            province: 'Province',\r\n            territoire: 'Territoire',\r\n            secteur: 'Secteur',\r\n            entreprise: 'entreprise',\r\n            typeOuvrage: 'Type Ouvrage',\r\n            site: 'site',\r\n            statut: 'statut',\r\n            tauxExecution: 'Taux Ex\u00e9cution',\r\n            activite: 'activite',\r\n            missionContrat: 'Mission Contrat',\r\n            ipo: \"ipo\",\r\n            longitude: 'Longitude',\r\n            latitude: 'Latitude',\r\n            tauxReference: 'Taux R\u00e9f\u00e9rence',\r\n            dateRapport: ' Date Rapport',\r\n            uuid: 'uuid',\r\n\r\n        };\r\n        let allData = [];\r\n        const container = document.getElementById('modal-project-info');\r\n        const maxVisible = 9;\r\n        const iconsConfig = {\r\n            'ECOLE': 'https:\/\/ikar.dev\/bceco-v2\/wp-content\/themes\/corpkit-child\/images\/school.png',\r\n            'CENTRE DE SANTE': 'https:\/\/ikar.dev\/bceco-v2\/wp-content\/themes\/corpkit-child\/images\/medical.png',\r\n            'BATIMENT ADMINISTRATIF': 'https:\/\/ikar.dev\/bceco-v2\/wp-content\/themes\/corpkit-child\/images\/skyscraper.png',\r\n            'DEFAULT': 'https:\/\/ikar.dev\/bceco-v2\/wp-content\/themes\/corpkit-child\/images\/default.png'\r\n        };\r\n\r\n        document.addEventListener('DOMContentLoaded', function () {\r\n            map = L.map('map-bceco').setView([-2.5, 23.5], 5);\r\n            L.tileLayer('https:\/\/{s}.tile.openstreetmap.org\/{z}\/{x}\/{y}.png').addTo(map);\r\n            markersLayer = L.markerClusterGroup();\r\n\r\n            fetch('http:\/\/view.ikar.dev\/api\/public\/realisations\/list\/GeoData?project_uuid=PDL_145T')\r\n                    .then(res => res.json())\r\n                    .then(jsons => {\r\n\r\n                        const promises = jsons.map(item =>\r\n                            fetch(`https:\/\/view.ikar.dev\/api\/public\/realisations\/${item.uuid}`)\r\n                                    .then(res => res.json())\r\n                                    .then(json => {\r\n\r\n                                        const data = json.data ?? json; \/\/ s\u00e9curit\u00e9\r\n\r\n                                        allData.push({\r\n                                            headers: Object.values(FIELDS),\r\n                                            data: Object.keys(FIELDS).map(key => data[key])\r\n                                        });\r\n\r\n                                    })\r\n                        );\r\n\r\n                        \/\/ \u2705 attendre TOUS les fetch\r\n                        return Promise.all(promises);\r\n                    })\r\n                    .then(() => {\r\n                        \/\/ \u2705 appel\u00e9 UNE SEULE FOIS, au bon moment\r\n                        renderMarkers('ALL');\r\n                    })\r\n                    .catch(err => console.error(err));\r\n\r\n        });\r\n\r\n\r\n        function renderMarkers(provinceFilter) {\r\n            markersLayer.clearLayers();\r\n            allData.forEach(item => {\r\n                const d = item.data;\r\n                if (provinceFilter !== 'ALL' && d[0] !== provinceFilter)\r\n                    return;\r\n\r\n                const lon = parseFloat((d[11] ?? '').toString().replace(',', '.'));\r\n                const lat = parseFloat((d[12] ?? '').toString().replace(',', '.'));\r\n                let type = d[4] ? d[4].trim().toUpperCase() : 'DEFAULT';\r\n\r\n                if (!isNaN(lat) && !isNaN(lon)) {\r\n                    const marker = L.marker([lat, lon], {\r\n                        icon: L.icon({\r\n                            iconUrl: iconsConfig[type] || iconsConfig['DEFAULT'],\r\n                            iconSize: [32, 32], iconAnchor: [16, 32]\r\n                        })\r\n                    });\r\n                    marker.on('click', () => openBcecoModal(d, item.headers));\r\n                    markersLayer.addLayer(marker);\r\n                }\r\n            });\r\n            map.addLayer(markersLayer);\r\n        }\r\n\r\n        function filterMarkers() {\r\n            const val = document.getElementById('province-filter').value;\r\n            renderMarkers(val);\r\n        }\r\n\r\n        function resetBcecoModal() {\r\n            document.getElementById('modal-title').innerText = \"\";\r\n            document.getElementById('modal-project-info').innerHTML = \"Chargement...\";\r\n            document.getElementById('modal-photo-grid').innerHTML = \"\";\r\n            document.getElementById('modal-photo-grid-message').innerHTML = \"\";\r\n            document.getElementById('modal-pv-grid-message').innerHTML = \"\";\r\n            document.querySelector('.photo-slider').classList.remove('hidden');\r\n            document.querySelector('.pv-slider').classList.remove('hidden');\r\n\r\n            if (document.getElementById('modal-status'))\r\n                document.getElementById('modal-status').innerHTML = \"\";\r\n            if (document.getElementById('modal-files'))\r\n                document.getElementById('modal-files').value = \"\";\r\n        }\r\n        function initPhotoSlider() {\r\n            const slider = document.querySelector('.photo-slider');\r\n            if (!slider)\r\n                return;\r\n\r\n            const track = slider.querySelector('.photo-track');\r\n            const slides = slider.querySelectorAll('.photo-slide');\r\n            const prevBtn = slider.querySelector('.slider-btn.prev');\r\n            const nextBtn = slider.querySelector('.slider-btn.next');\r\n\r\n            if (!slides.length)\r\n                return;\r\n\r\n            const visible = 2;\r\n            const slideWidth = slides[0].offsetWidth + 16;\r\n\r\n            let index = 0;\r\n            track.style.transform = 'translateX(0px)';\r\n\r\n            function update() {\r\n                track.style.transform = `translateX(-${index * slideWidth}px)`;\r\n            }\r\n\r\n            prevBtn.onclick = () => {\r\n                index = Math.max(index - 1, 0);\r\n                update();\r\n            };\r\n\r\n            nextBtn.onclick = () => {\r\n                index = Math.min(index + 1, slides.length - visible);\r\n                update();\r\n            };\r\n        }\r\n\r\n\r\n        function openBcecoModal(data, headers) {\r\n            resetBcecoModal();\r\n            const siteName = data[5];\r\n            const uuid = data[15];\r\n            \/\/ const uuid = \"df7f7d3f-1e19-45a1-8f05-aef09ef072c2\" ;\r\n            \/\/ const uuid2 = \"7e9dd0d9-046b-4f3f-b1c8-892ae4447c0c\" ;\r\n            \/\/ data[0]\r\n            document.getElementById('modal-title').innerText = siteName;\r\n            document.getElementById('bceco-modal').classList.add('active');\r\n            if (document.getElementById('modal-current-site'))\r\n                document.getElementById('modal-current-site').value = siteName;\r\n            container.innerHTML = ''; \/\/ reset\r\n            let html = '';\r\n            headers.forEach((h, idx) => {\r\n                if (data[idx] && h.trim() !== \"\" && h !== 'Actions') {\r\n                    const hiddenClass = idx >= maxVisible ? 'hidden' : '';\r\n                    if (idx == 0) {\r\n                        const value = data[idx] ? data[idx].replace(\/^P\\\/\/, '') : '';\r\n                        html += `<div class=\"info-row\"><div class=\"info-label\">${h}<\/div><div class=\"info-value\">${value}<\/div><\/div>`;\r\n                    } else if (idx == 1) {\r\n                        const value = data[idx] ? data[idx].replace(\/^T\\\/\/, '') : '';\r\n                        html += `<div class=\"info-row\"><div class=\"info-label\">${h}<\/div><div class=\"info-value\">${value}<\/div><\/div>`;\r\n\r\n                    } else if (idx == 2) {\r\n                        const value = data[idx] ? data[idx].replace(\/^S\\\/\/, '') : '';\r\n                        html += `<div class=\"info-row\"><div class=\"info-label\">${h}<\/div><div class=\"info-value\">${value}<\/div><\/div>`;\r\n\r\n                    }\r\n                    \/\/ Progress bar (idx 7 et 13)\r\n                    else if (idx === 7 || idx === 13) {\r\n                        const percent = parseFloat(\r\n                                data[idx].toString().replace(',', '.')\r\n                                ) || 0;\r\n\r\n                        const barId = `progressBar_${idx}`;\r\n                        const labelId = `progressLabel_${idx}`;\r\n\r\n                        html += `\r\n                    <div class=\"info-row ${hiddenClass}\">\r\n                        <div class=\"info-label\">${h}<\/div>\r\n                        <div class=\"info-value\">\r\n                        <div class=\"progress-container\">\r\n                            <div class=\"progress-bar\" id=\"${barId}\"><\/div>\r\n                        <\/div>\r\n                        <div class=\"progress-label\" id=\"${labelId}\">0%<\/div>\r\n                        <\/div>\r\n                    <\/div>\r\n                    `;\r\n\r\n                        setTimeout(() => {\r\n                            const bar = document.getElementById(barId);\r\n                            const label = document.getElementById(labelId);\r\n                            if (!bar || !label)\r\n                                return;\r\n\r\n                            if (percent >= 80)\r\n                                bar.style.background = \"linear-gradient(90deg,#4caf50,#2e7d32)\";\r\n                            else if (percent >= 50)\r\n                                bar.style.background = \"linear-gradient(90deg,#ff9800,#ef6c00)\";\r\n                            else\r\n                                bar.style.background = \"linear-gradient(90deg,#f44336,#c62828)\";\r\n\r\n                            bar.style.width = percent + \"%\";\r\n                            label.textContent = Math.floor(percent) + \" %\";\r\n                        }, 0);\r\n\r\n                    } else {\r\n                        if (idx != 15) {\r\n                            html += `\r\n                        <div class=\"info-row ${hiddenClass}\">\r\n                            <div class=\"info-label\">${h}<\/div>\r\n                            <div class=\"info-value\">${data[idx]}<\/div>\r\n                        <\/div>\r\n                        `;\r\n                        }\r\n                    }\r\n                }\r\n            });\r\n            container.innerHTML = `\r\n            <div class=\"info-wrapper\">\r\n                ${html}\r\n            <\/div>\r\n            ${headers.length > maxVisible ? `\r\n                <a href=\"#\" class=\"toggle-info\">\r\n                Voir plus\r\n                <\/a>\r\n            ` : ''}\r\n            `;\r\n            loadModalPhotos(uuid);\r\n            loadModalPvs(uuid);\r\n        }\r\n\r\n        function loadModalPhotos(uuid) {\r\n            fetch('https:\/\/view.ikar.dev\/api\/public\/realisations\/' + uuid + '\/images')\r\n                    .then(res => res.json())\r\n                    .then(res => {\r\n                        const grid = document.getElementById('modal-photo-grid');\r\n                        const photos = res || [];\r\n                        if (photos.length > 0) {\r\n                            \/\/ grid.innerHTML = photos.map(p => `\r\n                            \/\/     <div class=\"photo-item\" id=\"photo-${p.id}\">\r\n                            \/\/         <a href=\"${\"https:\/\/view.ikar.dev\/api\"+ p.url}\" data-fancybox=\"gallery\">\r\n                            \/\/             <img decoding=\"async\" src=\"${\"https:\/\/view.ikar.dev\/api\"+p.url}\">\r\n                            \/\/         <\/a>\r\n                            \/\/     <\/div>`).join('');\r\n                            \/\/ Fancybox.bind('[data-fancybox=\"gallery\"]', { infinite: true });\r\n\r\n                            grid.innerHTML = photos.map(p => `\r\n                <div class=\"photo-slide\" id=\"photo-${p.id}\">\r\n                <a href=\"https:\/\/view.ikar.dev\/api${p.url}\" data-fancybox=\"gallery\">\r\n                    <img decoding=\"async\" src=\"https:\/\/view.ikar.dev\/api${p.url}\" \/>\r\n                <\/a>\r\n                <\/div>\r\n            `).join('');\r\n\r\n                            Fancybox.bind('[data-fancybox=\"gallery\"]', {\r\n                                infinite: true,\r\n                                Thumbs: {autoStart: true}\r\n                            });\r\n\r\n                            initPhotoSlider();\r\n                        } else {\r\n                            document.querySelector('.photo-slider').classList.add('hidden');\r\n                            const col = document.getElementById('modal-photo-grid-message');\r\n                            col.innerHTML = '<p style=\"font-size:12px; color:#999;\">Aucune photo.<\/p>';\r\n                        }\r\n\r\n                    })\r\n        }\r\n\r\n\r\n        function loadModalPvs(uuid) {\r\n            fetch('https:\/\/view.ikar.dev\/api\/public\/realisations\/' + uuid + '\/pv')\r\n                    .then(res => res.json())\r\n                    .then(res => {\r\n                        const col = document.getElementById('modal-pv-grid');\r\n                        const pvs = res || [];\r\n                        if (pvs.length > 0) {\r\n\r\n\r\n                            col.innerHTML = pvs.map(p => `\r\n                    <div class=\"pv-item\" id=\"pv-${p.id}\">\r\n                        <a href=\"https:\/\/view.ikar.dev\/api${p.url}\" target=\"_blank\">\r\n                        <img decoding=\"async\" src=\"https:\/\/upload.wikimedia.org\/wikipedia\/commons\/8\/87\/PDF_file_icon.svg\" alt=\"PDF\">\r\n                        <\/a>\r\n                    <\/div>\r\n                    `).join('');\r\n\r\n                            initPVSlider();\r\n                        } else {\r\n                            document.querySelector('.pv-slider').classList.add('hidden');\r\n                            const col = document.getElementById('modal-pv-grid-message');\r\n                            col.innerHTML = '<p style=\"font-size:12px; color:#999;\">Aucun  PV.<\/p>';\r\n                        }\r\n\r\n                    })\r\n        }\r\n\r\n        function closeBcecoModal() {\r\n            document.getElementById('bceco-modal').classList.remove('active');\r\n        }\r\n\r\n        function initPVSlider() {\r\n            const slider = document.querySelector('.pv-slider');\r\n            if (!slider)\r\n                return;\r\n\r\n            const track = slider.querySelector('.pv-track');\r\n            const slides = slider.querySelectorAll('.pv-item');\r\n            const prevBtn = slider.querySelector('.slider-btn.prev');\r\n            const nextBtn = slider.querySelector('.slider-btn.next');\r\n\r\n            if (!slides.length)\r\n                return;\r\n\r\n            const visible = 3; \/\/ PDFs visibles\r\n            const slideWidth = slides[0].offsetWidth + 16;\r\n\r\n            \/\/ \ud83d\udd25 RESET COMPLET\r\n            let index = 0;\r\n            track.style.transform = 'translateX(0px)';\r\n\r\n            function update() {\r\n                track.style.transform = `translateX(-${index * slideWidth}px)`;\r\n            }\r\n\r\n            prevBtn.onclick = () => {\r\n                index = Math.max(index - 1, 0);\r\n                update();\r\n            };\r\n\r\n            nextBtn.onclick = () => {\r\n                index = Math.min(index + 1, slides.length - visible);\r\n                update();\r\n            };\r\n        }\r\n\r\n\r\n\r\n        container.addEventListener('click', function (e) {\r\n            if (!e.target.classList.contains('toggle-info'))\r\n                return;\r\n            e.preventDefault();\r\n\r\n            const rows = container.querySelectorAll('.info-row');\r\n            const extraRows = Array.from(rows).slice(maxVisible);\r\n\r\n            const isCollapsed = extraRows.some(r => r.classList.contains('hidden'));\r\n\r\n            extraRows.forEach(r => {\r\n                r.classList.toggle('hidden', !isCollapsed);\r\n            });\r\n\r\n            e.target.textContent = isCollapsed ? 'Voir moins' : 'Voir plus';\r\n        });\r\n\r\n    <\/script>\r\n    <\/div>\n\t\t\t\t\t\t<\/div>\n\t\t\t\t\t<\/div>\n\t\t<\/div>\n\t\t\t\t\t<\/div>\n\t\t<\/section>\n\t\t\t\t<section class=\"elementor-section elementor-top-section elementor-element elementor-element-ee20ec1 elementor-section-stretched elementor-section-boxed elementor-section-height-default elementor-section-height-default\" data-id=\"ee20ec1\" data-element_type=\"section\" data-e-type=\"section\" data-settings=\"{&quot;stretch_section&quot;:&quot;section-stretched&quot;,&quot;background_background&quot;:&quot;classic&quot;}\">\n\t\t\t\t\t\t<div class=\"elementor-container elementor-column-gap-default\">\n\t\t\t\t\t<div class=\"elementor-column elementor-col-100 elementor-top-column elementor-element elementor-element-6ac26b3\" data-id=\"6ac26b3\" data-element_type=\"column\" data-e-type=\"column\">\n\t\t\t<div class=\"elementor-widget-wrap elementor-element-populated\">\n\t\t\t\t\t\t<div class=\"elementor-element elementor-element-b75ac38 cea-align-center elementor-widget elementor-widget-ceasectiontitle\" data-id=\"b75ac38\" data-element_type=\"widget\" data-e-type=\"widget\" data-widget_type=\"ceasectiontitle.default\">\n\t\t\t\t<div class=\"elementor-widget-container\">\n\t\t\t\t\t<div class=\"section-title-wrapper\"><div class=\"title-wrap\"><h6 class=\"sub-title\">Nos actualit\u00e9s<\/h6><h2 class=\"section-title\">Derniers articles<\/h2><\/div><!-- .title-wrap --><div class=\"section-description\"><p class=\"section-content\">\n<\/p><\/div><!-- .section-description --><\/div><!-- .section-title-wrapper -->\t\t\t\t<\/div>\n\t\t\t\t<\/div>\n\t\t\t\t<div class=\"elementor-element elementor-element-8b6f87f elementor-widget elementor-widget-ceablog\" data-id=\"8b6f87f\" data-element_type=\"widget\" data-e-type=\"widget\" data-widget_type=\"ceablog.default\">\n\t\t\t\t\r\n\t\t<div class=\"elementor-widget-container blog-wrapper blog-style-classic blog-light blog-slide-model\">\r\n\t\t\r\n\t\t\t<div class=\"cea-carousel owl-carousel\" data-loop=\"1\" data-margin=\"30\" data-center=\"0\" data-nav=\"0\" data-dots=\"1\" data-autoplay=\"0\" data-items=\"3\" data-items-tab=\"2\" data-items-mob=\"1\" data-duration=\"5000\" data-smartspeed=\"250\" data-scrollby=\"1\" data-autoheight=\"0\"><div class=\"owl-carousel-item\"><div class=\"blog-inner\"><div class=\"post-thumb post-overlay-active\"><a href=\"https:\/\/ikar.dev\/bceco-v2\/construction-des-infrastructures-socio-economiques-de-base-le-gouverneur-jean-bosco-kotongo-chez-le-bceco\/\" class=\"post-image-link\"><img decoding=\"async\" src=\"https:\/\/ikar.dev\/bceco-v2\/wp-content\/uploads\/elementor\/thumbs\/9F2A6495-scaled-rgl5p3d12gvj432h4h8os0ek1fahrzqw7drgah1x7g.jpg\" title=\"9F2A6495\" alt=\"\" class=\"img-fluid squared\" \/><\/a><div class=\"post-overlay-items\"><div class=\"top-meta clearfix\"><ul class=\"nav top-meta-list meta-left\"><li><div class=\"post-date\"><a href=\"https:\/\/ikar.dev\/bceco-v2\/2025\/12\/11\/\" ><i class=\"icon icon-calendar\"><\/i> 11 December 2025<\/a><\/div><\/li><\/ul><\/div><\/div><\/div><!-- .post-thumb --><div class=\"entry-title\"><h4 class=\"post-title-head\"><a href=\"https:\/\/ikar.dev\/bceco-v2\/construction-des-infrastructures-socio-economiques-de-base-le-gouverneur-jean-bosco-kotongo-chez-le-bceco\/\" class=\"post-title\">Construction des infrastructures socio-\u00e9conomiques de base: le Gouverneur Jean Bosco Kotongo chez le BCECO !<\/a><\/h4><\/div><!-- .entry-title --><div class=\"bottom-meta clearfix\"><ul class=\"nav bottom-meta-list meta-left\"><li><div class=\"post-more\"><a href=\"https:\/\/ikar.dev\/bceco-v2\/construction-des-infrastructures-socio-economiques-de-base-le-gouverneur-jean-bosco-kotongo-chez-le-bceco\/\" class=\"read-more elementor-button\">Lire la suite<\/a><\/div><\/li><\/ul><\/div><\/div><!-- .blog-inner --><\/div><!-- .col \/ .owl-carousel-item \/ .isotope --><div class=\"owl-carousel-item\"><div class=\"blog-inner\"><div class=\"post-thumb post-overlay-active\"><a href=\"https:\/\/ikar.dev\/bceco-v2\/construction-et-rehabilitation-de-la-voirie-urbaine-de-kinshasa-jean-mabi-annonce-pour-decembre-la-fin-des-travaux-de-voirie-autour-du-marche-central\/\" class=\"post-image-link\"><img decoding=\"async\" src=\"https:\/\/ikar.dev\/bceco-v2\/wp-content\/uploads\/elementor\/thumbs\/9F2A6358-scaled-rgl5pavql55toyrjwkhpbyi8si9fhkkqwezc4oqrto.jpg\" title=\"9F2A6358\" alt=\"\" class=\"img-fluid squared img-fluid squared\" \/><\/a><div class=\"post-overlay-items\"><div class=\"top-meta clearfix\"><ul class=\"nav top-meta-list meta-left\"><li><div class=\"post-date\"><a href=\"https:\/\/ikar.dev\/bceco-v2\/2025\/11\/29\/\" ><i class=\"icon icon-calendar\"><\/i> 29 November 2025<\/a><\/div><\/li><\/ul><\/div><\/div><\/div><!-- .post-thumb --><div class=\"entry-title\"><h4 class=\"post-title-head\"><a href=\"https:\/\/ikar.dev\/bceco-v2\/construction-et-rehabilitation-de-la-voirie-urbaine-de-kinshasa-jean-mabi-annonce-pour-decembre-la-fin-des-travaux-de-voirie-autour-du-marche-central\/\" class=\"post-title\">Construction et r\u00e9habilitation de la voirie urbaine de Kinshasa : Jean Mabi annonce pour D\u00e9cembre la fin des travaux de voirie autour du march\u00e9 Central !<\/a><\/h4><\/div><!-- .entry-title --><div class=\"bottom-meta clearfix\"><ul class=\"nav bottom-meta-list meta-left\"><li><div class=\"post-more\"><a href=\"https:\/\/ikar.dev\/bceco-v2\/construction-et-rehabilitation-de-la-voirie-urbaine-de-kinshasa-jean-mabi-annonce-pour-decembre-la-fin-des-travaux-de-voirie-autour-du-marche-central\/\" class=\"read-more elementor-button\">Lire la suite<\/a><\/div><\/li><\/ul><\/div><\/div><!-- .blog-inner --><\/div><!-- .col \/ .owl-carousel-item \/ .isotope --><div class=\"owl-carousel-item\"><div class=\"blog-inner\"><div class=\"post-thumb post-overlay-active\"><a href=\"https:\/\/ikar.dev\/bceco-v2\/province-du-kasai-le-gouverneur-crispin-mukendi-signe-un-protocole-daccord-pour-la-construction-des-infrastructures\/\" class=\"post-image-link\"><img decoding=\"async\" src=\"https:\/\/ikar.dev\/bceco-v2\/wp-content\/uploads\/elementor\/thumbs\/9F2A6052-scaled-rg1om367tekw604r6s2xwzi8lf4w2yn8twkhmv6esc.jpg\" title=\"9F2A6052\" alt=\"\" class=\"img-fluid squared img-fluid squared img-fluid squared\" \/><\/a><div class=\"post-overlay-items\"><div class=\"top-meta clearfix\"><ul class=\"nav top-meta-list meta-left\"><li><div class=\"post-date\"><a href=\"https:\/\/ikar.dev\/bceco-v2\/2025\/11\/18\/\" ><i class=\"icon icon-calendar\"><\/i> 18 November 2025<\/a><\/div><\/li><\/ul><\/div><\/div><\/div><!-- .post-thumb --><div class=\"entry-title\"><h4 class=\"post-title-head\"><a href=\"https:\/\/ikar.dev\/bceco-v2\/province-du-kasai-le-gouverneur-crispin-mukendi-signe-un-protocole-daccord-pour-la-construction-des-infrastructures\/\" class=\"post-title\">Province du Kasa\u00ef : Le Gouverneur Crispin Mukendi signe un protocole d&#8217;accord pour la construction des infrastructures !<\/a><\/h4><\/div><!-- .entry-title --><div class=\"bottom-meta clearfix\"><ul class=\"nav bottom-meta-list meta-left\"><li><div class=\"post-more\"><a href=\"https:\/\/ikar.dev\/bceco-v2\/province-du-kasai-le-gouverneur-crispin-mukendi-signe-un-protocole-daccord-pour-la-construction-des-infrastructures\/\" class=\"read-more elementor-button\">Lire la suite<\/a><\/div><\/li><\/ul><\/div><\/div><!-- .blog-inner --><\/div><!-- .col \/ .owl-carousel-item \/ .isotope --><div class=\"owl-carousel-item\"><div class=\"blog-inner\"><div class=\"post-thumb post-overlay-active\"><a href=\"https:\/\/ikar.dev\/bceco-v2\/modernisation-et-rehabilitation-de-la-voirie-urbaine-de-kinshasa-lavenue-kabinda-une-lueur-despoir-pour-les-riverains\/\" class=\"post-image-link\"><img decoding=\"async\" src=\"https:\/\/ikar.dev\/bceco-v2\/wp-content\/uploads\/elementor\/thumbs\/9F2A4667-scaled-rg1olzev22fqvka7sqgfn0ge7vnf868bhdyjprbzh8.jpg\" title=\"9F2A4667\" alt=\"\" class=\"img-fluid squared img-fluid squared img-fluid squared img-fluid squared\" \/><\/a><div class=\"post-overlay-items\"><div class=\"top-meta clearfix\"><ul class=\"nav top-meta-list meta-left\"><li><div class=\"post-date\"><a href=\"https:\/\/ikar.dev\/bceco-v2\/2025\/11\/11\/\" ><i class=\"icon icon-calendar\"><\/i> 11 November 2025<\/a><\/div><\/li><\/ul><\/div><\/div><\/div><!-- .post-thumb --><div class=\"entry-title\"><h4 class=\"post-title-head\"><a href=\"https:\/\/ikar.dev\/bceco-v2\/modernisation-et-rehabilitation-de-la-voirie-urbaine-de-kinshasa-lavenue-kabinda-une-lueur-despoir-pour-les-riverains\/\" class=\"post-title\">Modernisation et R\u00e9habilitation de la voirie urbaine de kinshasa : L&#8217;avenue kabinda, une lueur d&#8217;espoir pour les riverains !<\/a><\/h4><\/div><!-- .entry-title --><div class=\"bottom-meta clearfix\"><ul class=\"nav bottom-meta-list meta-left\"><li><div class=\"post-more\"><a href=\"https:\/\/ikar.dev\/bceco-v2\/modernisation-et-rehabilitation-de-la-voirie-urbaine-de-kinshasa-lavenue-kabinda-une-lueur-despoir-pour-les-riverains\/\" class=\"read-more elementor-button\">Lire la suite<\/a><\/div><\/li><\/ul><\/div><\/div><!-- .blog-inner --><\/div><!-- .col \/ .owl-carousel-item \/ .isotope --><div class=\"owl-carousel-item\"><div class=\"blog-inner\"><div class=\"post-thumb post-overlay-active\"><a href=\"https:\/\/ikar.dev\/bceco-v2\/ituri-pdl-145t-le-caucus-des-deputes-et-senateurs-chez-bceco\/\" class=\"post-image-link\"><img decoding=\"async\" src=\"https:\/\/ikar.dev\/bceco-v2\/wp-content\/uploads\/elementor\/thumbs\/9F2A5905-1-scaled-rg1olupo3w9b9ih1k6fasjn38yal5opnsqp4bdiycc.jpg\" title=\"9F2A5905\" alt=\"\" class=\"img-fluid squared img-fluid squared img-fluid squared img-fluid squared img-fluid squared\" \/><\/a><div class=\"post-overlay-items\"><div class=\"top-meta clearfix\"><ul class=\"nav top-meta-list meta-left\"><li><div class=\"post-date\"><a href=\"https:\/\/ikar.dev\/bceco-v2\/2025\/11\/04\/\" ><i class=\"icon icon-calendar\"><\/i> 4 November 2025<\/a><\/div><\/li><\/ul><\/div><\/div><\/div><!-- .post-thumb --><div class=\"entry-title\"><h4 class=\"post-title-head\"><a href=\"https:\/\/ikar.dev\/bceco-v2\/ituri-pdl-145t-le-caucus-des-deputes-et-senateurs-chez-bceco\/\" class=\"post-title\">ITURI- PDL-145T\/ LE CAUCUS DES D\u00c9PUT\u00c9S ET S\u00c9NATEURS CHEZ BCECO !<\/a><\/h4><\/div><!-- .entry-title --><div class=\"bottom-meta clearfix\"><ul class=\"nav bottom-meta-list meta-left\"><li><div class=\"post-more\"><a href=\"https:\/\/ikar.dev\/bceco-v2\/ituri-pdl-145t-le-caucus-des-deputes-et-senateurs-chez-bceco\/\" class=\"read-more elementor-button\">Lire la suite<\/a><\/div><\/li><\/ul><\/div><\/div><!-- .blog-inner --><\/div><!-- .col \/ .owl-carousel-item \/ .isotope --><div class=\"owl-carousel-item\"><div class=\"blog-inner\"><div class=\"post-thumb post-overlay-active\"><a href=\"https:\/\/ikar.dev\/bceco-v2\/kinshasa-voirie-jean-mabi-sur-terrain-pour-suivre-levolution-des-travaux\/\" class=\"post-image-link\"><img decoding=\"async\" src=\"https:\/\/ikar.dev\/bceco-v2\/wp-content\/uploads\/elementor\/thumbs\/LIBERATION-7-scaled-rg1oi66fc97vshtk234wiz33hmfu0d3iaipnnczgpo.jpg\" title=\"LIBERATION (7)\" alt=\"\" class=\"img-fluid squared img-fluid squared img-fluid squared img-fluid squared img-fluid squared img-fluid squared\" \/><\/a><div class=\"post-overlay-items\"><div class=\"top-meta clearfix\"><ul class=\"nav top-meta-list meta-left\"><li><div class=\"post-date\"><a href=\"https:\/\/ikar.dev\/bceco-v2\/2025\/09\/15\/\" ><i class=\"icon icon-calendar\"><\/i> 15 September 2025<\/a><\/div><\/li><\/ul><\/div><\/div><\/div><!-- .post-thumb --><div class=\"entry-title\"><h4 class=\"post-title-head\"><a href=\"https:\/\/ikar.dev\/bceco-v2\/kinshasa-voirie-jean-mabi-sur-terrain-pour-suivre-levolution-des-travaux\/\" class=\"post-title\">Kinshasa- Voirie : Jean Mabi sur terrain pour suivre l&#8217;\u00e9volution des travaux !<\/a><\/h4><\/div><!-- .entry-title --><div class=\"bottom-meta clearfix\"><ul class=\"nav bottom-meta-list meta-left\"><li><div class=\"post-more\"><a href=\"https:\/\/ikar.dev\/bceco-v2\/kinshasa-voirie-jean-mabi-sur-terrain-pour-suivre-levolution-des-travaux\/\" class=\"read-more elementor-button\">Lire la suite<\/a><\/div><\/li><\/ul><\/div><\/div><!-- .blog-inner --><\/div><!-- .col \/ .owl-carousel-item \/ .isotope --><div class=\"owl-carousel-item\"><div class=\"blog-inner\"><div class=\"post-thumb post-overlay-active\"><a href=\"https:\/\/ikar.dev\/bceco-v2\/transparence-et-redevabilite-sur-les-projets-au-kasai-central-jean-mabi-fait-le-point-avec-la-notabilite-de-cette-province\/\" class=\"post-image-link\"><img decoding=\"async\" src=\"https:\/\/ikar.dev\/bceco-v2\/wp-content\/uploads\/elementor\/thumbs\/4M4A2611-scaled-rg1o64uttmqp49azcdtw3iflmzrmfwb8yxytestye4.jpg\" title=\"4M4A2611\" alt=\"\" class=\"img-fluid squared img-fluid squared img-fluid squared img-fluid squared img-fluid squared img-fluid squared img-fluid squared\" \/><\/a><div class=\"post-overlay-items\"><div class=\"top-meta clearfix\"><ul class=\"nav top-meta-list meta-left\"><li><div class=\"post-date\"><a href=\"https:\/\/ikar.dev\/bceco-v2\/2025\/09\/08\/\" ><i class=\"icon icon-calendar\"><\/i> 8 September 2025<\/a><\/div><\/li><\/ul><\/div><\/div><\/div><!-- .post-thumb --><div class=\"entry-title\"><h4 class=\"post-title-head\"><a href=\"https:\/\/ikar.dev\/bceco-v2\/transparence-et-redevabilite-sur-les-projets-au-kasai-central-jean-mabi-fait-le-point-avec-la-notabilite-de-cette-province\/\" class=\"post-title\">Transparence et Redevabilit\u00e9 sur les projets au Kasa\u00ef-central : Jean Mabi fait le point avec la notabilit\u00e9 de cette province<\/a><\/h4><\/div><!-- .entry-title --><div class=\"bottom-meta clearfix\"><ul class=\"nav bottom-meta-list meta-left\"><li><div class=\"post-more\"><a href=\"https:\/\/ikar.dev\/bceco-v2\/transparence-et-redevabilite-sur-les-projets-au-kasai-central-jean-mabi-fait-le-point-avec-la-notabilite-de-cette-province\/\" class=\"read-more elementor-button\">Lire la suite<\/a><\/div><\/li><\/ul><\/div><\/div><!-- .blog-inner --><\/div><!-- .col \/ .owl-carousel-item \/ .isotope --><div class=\"owl-carousel-item\"><div class=\"blog-inner\"><div class=\"post-thumb post-overlay-active\"><a href=\"https:\/\/ikar.dev\/bceco-v2\/voirie-urbaine-de-kisangani-le-ministre-des-itp-satisfait-de-levolution-des-travaux\/\" class=\"post-image-link\"><img decoding=\"async\" src=\"https:\/\/ikar.dev\/bceco-v2\/wp-content\/uploads\/elementor\/thumbs\/IMG_6600-scaled-rg1ocqnzups8plpjrqmi4cf7xh7hjbjc7n0ntt1cnw.jpg\" title=\"IMG_6600\" alt=\"\" class=\"img-fluid squared img-fluid squared img-fluid squared img-fluid squared img-fluid squared img-fluid squared img-fluid squared img-fluid squared\" \/><\/a><div class=\"post-overlay-items\"><div class=\"top-meta clearfix\"><ul class=\"nav top-meta-list meta-left\"><li><div class=\"post-date\"><a href=\"https:\/\/ikar.dev\/bceco-v2\/2025\/09\/05\/\" ><i class=\"icon icon-calendar\"><\/i> 5 September 2025<\/a><\/div><\/li><\/ul><\/div><\/div><\/div><!-- .post-thumb --><div class=\"entry-title\"><h4 class=\"post-title-head\"><a href=\"https:\/\/ikar.dev\/bceco-v2\/voirie-urbaine-de-kisangani-le-ministre-des-itp-satisfait-de-levolution-des-travaux\/\" class=\"post-title\">Voirie urbaine de Kisangani : Le ministre des ITP satisfait de l&#8217;\u00e9volution des travaux !<\/a><\/h4><\/div><!-- .entry-title --><div class=\"bottom-meta clearfix\"><ul class=\"nav bottom-meta-list meta-left\"><li><div class=\"post-more\"><a href=\"https:\/\/ikar.dev\/bceco-v2\/voirie-urbaine-de-kisangani-le-ministre-des-itp-satisfait-de-levolution-des-travaux\/\" class=\"read-more elementor-button\">Lire la suite<\/a><\/div><\/li><\/ul><\/div><\/div><!-- .blog-inner --><\/div><!-- .col \/ .owl-carousel-item \/ .isotope --><div class=\"owl-carousel-item\"><div class=\"blog-inner\"><div class=\"post-thumb post-overlay-active\"><a href=\"https:\/\/ikar.dev\/bceco-v2\/kinshasa-voirie-la-reconstruction-de-la-route-bianda-un-enjeu-majeur-pour-la-population-de-ce-coin\/\" class=\"post-image-link\"><img decoding=\"async\" src=\"https:\/\/ikar.dev\/bceco-v2\/wp-content\/uploads\/elementor\/thumbs\/505603765_690125517252126_6730425562605326856_n-rg1odf3ssepp3gq1t16sx697dhv13g8cyzzab01464.jpg\" title=\"505603765_690125517252126_6730425562605326856_n\" alt=\"\" class=\"img-fluid squared img-fluid squared img-fluid squared img-fluid squared img-fluid squared img-fluid squared img-fluid squared img-fluid squared img-fluid squared\" \/><\/a><div class=\"post-overlay-items\"><div class=\"top-meta clearfix\"><ul class=\"nav top-meta-list meta-left\"><li><div class=\"post-date\"><a href=\"https:\/\/ikar.dev\/bceco-v2\/2025\/06\/06\/\" ><i class=\"icon icon-calendar\"><\/i> 6 June 2025<\/a><\/div><\/li><\/ul><\/div><\/div><\/div><!-- .post-thumb --><div class=\"entry-title\"><h4 class=\"post-title-head\"><a href=\"https:\/\/ikar.dev\/bceco-v2\/kinshasa-voirie-la-reconstruction-de-la-route-bianda-un-enjeu-majeur-pour-la-population-de-ce-coin\/\" class=\"post-title\">Kinshasa &#8211; voirie : la reconstruction de la route Bianda, un enjeu majeur pour la population de ce coin !<\/a><\/h4><\/div><!-- .entry-title --><div class=\"bottom-meta clearfix\"><ul class=\"nav bottom-meta-list meta-left\"><li><div class=\"post-more\"><a href=\"https:\/\/ikar.dev\/bceco-v2\/kinshasa-voirie-la-reconstruction-de-la-route-bianda-un-enjeu-majeur-pour-la-population-de-ce-coin\/\" class=\"read-more elementor-button\">Lire la suite<\/a><\/div><\/li><\/ul><\/div><\/div><!-- .blog-inner --><\/div><!-- .col \/ .owl-carousel-item \/ .isotope --><div class=\"owl-carousel-item\"><div class=\"blog-inner\"><div class=\"post-thumb post-overlay-active\"><a href=\"https:\/\/ikar.dev\/bceco-v2\/evolution-des-travaux-dans-les-provinces-de-la-tshuapa-et-du-kasai-central-quand-les-chefs-coutumiers-et-notables-sen-melent\/\" class=\"post-image-link\"><img decoding=\"async\" src=\"https:\/\/ikar.dev\/bceco-v2\/wp-content\/uploads\/elementor\/thumbs\/4M4A0278-scaled-rg1ojrikx5edgpi9r9x592m7q4l81wf4uei9x8mg64.jpg\" title=\"4M4A0278\" alt=\"\" class=\"img-fluid squared img-fluid squared img-fluid squared img-fluid squared img-fluid squared img-fluid squared img-fluid squared img-fluid squared img-fluid squared img-fluid squared\" \/><\/a><div class=\"post-overlay-items\"><div class=\"top-meta clearfix\"><ul class=\"nav top-meta-list meta-left\"><li><div class=\"post-date\"><a href=\"https:\/\/ikar.dev\/bceco-v2\/2025\/05\/23\/\" ><i class=\"icon icon-calendar\"><\/i> 23 May 2025<\/a><\/div><\/li><\/ul><\/div><\/div><\/div><!-- .post-thumb --><div class=\"entry-title\"><h4 class=\"post-title-head\"><a href=\"https:\/\/ikar.dev\/bceco-v2\/evolution-des-travaux-dans-les-provinces-de-la-tshuapa-et-du-kasai-central-quand-les-chefs-coutumiers-et-notables-sen-melent\/\" class=\"post-title\">\u00c9volution des travaux dans les provinces de la Tshuapa et du Kasa\u00ef Central : Quand les Chefs coutumiers et Notables s&#8217;en m\u00ealent !<\/a><\/h4><\/div><!-- .entry-title --><div class=\"bottom-meta clearfix\"><ul class=\"nav bottom-meta-list meta-left\"><li><div class=\"post-more\"><a href=\"https:\/\/ikar.dev\/bceco-v2\/evolution-des-travaux-dans-les-provinces-de-la-tshuapa-et-du-kasai-central-quand-les-chefs-coutumiers-et-notables-sen-melent\/\" class=\"read-more elementor-button\">Lire la suite<\/a><\/div><\/li><\/ul><\/div><\/div><!-- .blog-inner --><\/div><!-- .col \/ .owl-carousel-item \/ .isotope --><\/div><!-- .owl-carousel -->\t\t\t\r\n\t\t<\/div>\r\n\t\t\t\t<\/div>\n\t\t\t\t\t<\/div>\n\t\t<\/div>\n\t\t\t\t\t<\/div>\n\t\t<\/section>\n\t\t\t\t<\/div>\n\t\t","protected":false},"excerpt":{"rendered":"<p>\u00c0 Propos du BCeCo Le Bureau Central de Coordination (B.Ce.Co) est un..<\/p>\n","protected":false},"author":1,"featured_media":0,"parent":0,"menu_order":0,"comment_status":"closed","ping_status":"closed","template":"","meta":{"footnotes":""},"class_list":["post-15407","page","type-page","status-publish","hentry"],"yoast_head":"<!-- This site is optimized with the Yoast SEO plugin v27.0 - https:\/\/yoast.com\/product\/yoast-seo-wordpress\/ -->\n<title>BCeCo - Au c\u0153ur de l\u2019ex\u00e9cution des projets de d\u00e9veloppement<\/title>\n<meta name=\"description\" content=\"Le Bureau Central de Coordination (BCeCo) assure la gestion, la coordination et l\u2019ex\u00e9cution des projets et programmes de d\u00e9veloppement, financ\u00e9s aussi bien sur ressources propres de l\u2019\u00c9tat que par les bailleurs de fonds bilat\u00e9raux et multilat\u00e9raux.\" \/>\n<meta name=\"robots\" content=\"index, follow, max-snippet:-1, max-image-preview:large, max-video-preview:-1\" \/>\n<link rel=\"canonical\" href=\"https:\/\/ikar.dev\/bceco-v2\/\" \/>\n<meta property=\"og:locale\" content=\"en_US\" \/>\n<meta property=\"og:type\" content=\"article\" \/>\n<meta property=\"og:title\" content=\"BCeCo - Au c\u0153ur de l\u2019ex\u00e9cution des projets de d\u00e9veloppement\" \/>\n<meta property=\"og:description\" content=\"Le Bureau Central de Coordination (BCeCo) assure la gestion, la coordination et l\u2019ex\u00e9cution des projets et programmes de d\u00e9veloppement, financ\u00e9s aussi bien sur ressources propres de l\u2019\u00c9tat que par les bailleurs de fonds bilat\u00e9raux et multilat\u00e9raux.\" \/>\n<meta property=\"og:url\" content=\"https:\/\/ikar.dev\/bceco-v2\/\" \/>\n<meta property=\"og:site_name\" content=\"Bureau Central de Coordination\" \/>\n<meta property=\"article:publisher\" content=\"https:\/\/www.facebook.com\/BCeCoRDC\" \/>\n<meta property=\"article:modified_time\" content=\"2026-02-02T10:27:56+00:00\" \/>\n<meta property=\"og:image\" content=\"https:\/\/ikar.dev\/bceco-v2\/wp-content\/uploads\/2023\/10\/Barrage-Mbombo_-Le-BCECO-explique-lavancee-des-travaux-au-CODESKO-6.jpg\" \/>\n\t<meta property=\"og:image:width\" content=\"1500\" \/>\n\t<meta property=\"og:image:height\" content=\"1000\" \/>\n\t<meta property=\"og:image:type\" content=\"image\/jpeg\" \/>\n<meta name=\"twitter:card\" content=\"summary_large_image\" \/>\n<meta name=\"twitter:site\" content=\"@BCeCoRDC\" \/>\n<meta name=\"twitter:label1\" content=\"Est. reading time\" \/>\n\t<meta name=\"twitter:data1\" content=\"15 minutes\" \/>\n<script type=\"application\/ld+json\" class=\"yoast-schema-graph\">{\"@context\":\"https:\/\/schema.org\",\"@graph\":[{\"@type\":\"WebPage\",\"@id\":\"https:\/\/ikar.dev\/bceco-v2\/\",\"url\":\"https:\/\/ikar.dev\/bceco-v2\/\",\"name\":\"BCeCo - Au c\u0153ur de l\u2019ex\u00e9cution des projets de d\u00e9veloppement\",\"isPartOf\":{\"@id\":\"https:\/\/ikar.dev\/bceco-v2\/#website\"},\"primaryImageOfPage\":{\"@id\":\"https:\/\/ikar.dev\/bceco-v2\/#primaryimage\"},\"image\":{\"@id\":\"https:\/\/ikar.dev\/bceco-v2\/#primaryimage\"},\"thumbnailUrl\":\"https:\/\/ikar.dev\/bceco-v2\/wp-content\/uploads\/2023\/10\/Barrage-Mbombo_-Le-BCECO-explique-lavancee-des-travaux-au-CODESKO-6.jpg\",\"datePublished\":\"2025-12-11T04:48:00+00:00\",\"dateModified\":\"2026-02-02T10:27:56+00:00\",\"description\":\"Le Bureau Central de Coordination (BCeCo) assure la gestion, la coordination et l\u2019ex\u00e9cution des projets et programmes de d\u00e9veloppement, financ\u00e9s aussi bien sur ressources propres de l\u2019\u00c9tat que par les bailleurs de fonds bilat\u00e9raux et multilat\u00e9raux.\",\"breadcrumb\":{\"@id\":\"https:\/\/ikar.dev\/bceco-v2\/#breadcrumb\"},\"inLanguage\":\"en-US\",\"potentialAction\":[{\"@type\":\"ReadAction\",\"target\":[\"https:\/\/ikar.dev\/bceco-v2\/\"]}]},{\"@type\":\"ImageObject\",\"inLanguage\":\"en-US\",\"@id\":\"https:\/\/ikar.dev\/bceco-v2\/#primaryimage\",\"url\":\"https:\/\/ikar.dev\/bceco-v2\/wp-content\/uploads\/2023\/10\/Barrage-Mbombo_-Le-BCECO-explique-lavancee-des-travaux-au-CODESKO-6.jpg\",\"contentUrl\":\"https:\/\/ikar.dev\/bceco-v2\/wp-content\/uploads\/2023\/10\/Barrage-Mbombo_-Le-BCECO-explique-lavancee-des-travaux-au-CODESKO-6.jpg\",\"width\":1500,\"height\":1000},{\"@type\":\"BreadcrumbList\",\"@id\":\"https:\/\/ikar.dev\/bceco-v2\/#breadcrumb\",\"itemListElement\":[{\"@type\":\"ListItem\",\"position\":1,\"name\":\"Accueil\",\"item\":\"https:\/\/ikar.dev\/bceco-v2\/\"},{\"@type\":\"ListItem\",\"position\":2,\"name\":\"Accueil\"}]},{\"@type\":\"WebSite\",\"@id\":\"https:\/\/ikar.dev\/bceco-v2\/#website\",\"url\":\"https:\/\/ikar.dev\/bceco-v2\/\",\"name\":\"Bureau Central de Coordination\",\"description\":\"B.Ce.Co \u2013 Au c\u0153ur de l\u2019ex\u00e9cution des projets de d\u00e9veloppement en RDC\",\"publisher\":{\"@id\":\"https:\/\/ikar.dev\/bceco-v2\/#organization\"},\"potentialAction\":[{\"@type\":\"SearchAction\",\"target\":{\"@type\":\"EntryPoint\",\"urlTemplate\":\"https:\/\/ikar.dev\/bceco-v2\/?s={search_term_string}\"},\"query-input\":{\"@type\":\"PropertyValueSpecification\",\"valueRequired\":true,\"valueName\":\"search_term_string\"}}],\"inLanguage\":\"en-US\"},{\"@type\":\"Organization\",\"@id\":\"https:\/\/ikar.dev\/bceco-v2\/#organization\",\"name\":\"Bureau Central de Coordination\",\"url\":\"https:\/\/ikar.dev\/bceco-v2\/\",\"logo\":{\"@type\":\"ImageObject\",\"inLanguage\":\"en-US\",\"@id\":\"https:\/\/ikar.dev\/bceco-v2\/#\/schema\/logo\/image\/\",\"url\":\"https:\/\/ikar.dev\/bceco-v2\/wp-content\/uploads\/2025\/12\/BCECO-Bureau-Central-de-Coordination.jpg\",\"contentUrl\":\"https:\/\/ikar.dev\/bceco-v2\/wp-content\/uploads\/2025\/12\/BCECO-Bureau-Central-de-Coordination.jpg\",\"width\":2048,\"height\":2048,\"caption\":\"Bureau Central de Coordination\"},\"image\":{\"@id\":\"https:\/\/ikar.dev\/bceco-v2\/#\/schema\/logo\/image\/\"},\"sameAs\":[\"https:\/\/www.facebook.com\/BCeCoRDC\",\"https:\/\/x.com\/BCeCoRDC\"]}]}<\/script>\n<!-- \/ Yoast SEO plugin. -->","yoast_head_json":{"title":"BCeCo - Au c\u0153ur de l\u2019ex\u00e9cution des projets de d\u00e9veloppement","description":"Le Bureau Central de Coordination (BCeCo) assure la gestion, la coordination et l\u2019ex\u00e9cution des projets et programmes de d\u00e9veloppement, financ\u00e9s aussi bien sur ressources propres de l\u2019\u00c9tat que par les bailleurs de fonds bilat\u00e9raux et multilat\u00e9raux.","robots":{"index":"index","follow":"follow","max-snippet":"max-snippet:-1","max-image-preview":"max-image-preview:large","max-video-preview":"max-video-preview:-1"},"canonical":"https:\/\/ikar.dev\/bceco-v2\/","og_locale":"en_US","og_type":"article","og_title":"BCeCo - Au c\u0153ur de l\u2019ex\u00e9cution des projets de d\u00e9veloppement","og_description":"Le Bureau Central de Coordination (BCeCo) assure la gestion, la coordination et l\u2019ex\u00e9cution des projets et programmes de d\u00e9veloppement, financ\u00e9s aussi bien sur ressources propres de l\u2019\u00c9tat que par les bailleurs de fonds bilat\u00e9raux et multilat\u00e9raux.","og_url":"https:\/\/ikar.dev\/bceco-v2\/","og_site_name":"Bureau Central de Coordination","article_publisher":"https:\/\/www.facebook.com\/BCeCoRDC","article_modified_time":"2026-02-02T10:27:56+00:00","og_image":[{"width":1500,"height":1000,"url":"https:\/\/ikar.dev\/bceco-v2\/wp-content\/uploads\/2023\/10\/Barrage-Mbombo_-Le-BCECO-explique-lavancee-des-travaux-au-CODESKO-6.jpg","type":"image\/jpeg"}],"twitter_card":"summary_large_image","twitter_site":"@BCeCoRDC","twitter_misc":{"Est. reading time":"15 minutes"},"schema":{"@context":"https:\/\/schema.org","@graph":[{"@type":"WebPage","@id":"https:\/\/ikar.dev\/bceco-v2\/","url":"https:\/\/ikar.dev\/bceco-v2\/","name":"BCeCo - Au c\u0153ur de l\u2019ex\u00e9cution des projets de d\u00e9veloppement","isPartOf":{"@id":"https:\/\/ikar.dev\/bceco-v2\/#website"},"primaryImageOfPage":{"@id":"https:\/\/ikar.dev\/bceco-v2\/#primaryimage"},"image":{"@id":"https:\/\/ikar.dev\/bceco-v2\/#primaryimage"},"thumbnailUrl":"https:\/\/ikar.dev\/bceco-v2\/wp-content\/uploads\/2023\/10\/Barrage-Mbombo_-Le-BCECO-explique-lavancee-des-travaux-au-CODESKO-6.jpg","datePublished":"2025-12-11T04:48:00+00:00","dateModified":"2026-02-02T10:27:56+00:00","description":"Le Bureau Central de Coordination (BCeCo) assure la gestion, la coordination et l\u2019ex\u00e9cution des projets et programmes de d\u00e9veloppement, financ\u00e9s aussi bien sur ressources propres de l\u2019\u00c9tat que par les bailleurs de fonds bilat\u00e9raux et multilat\u00e9raux.","breadcrumb":{"@id":"https:\/\/ikar.dev\/bceco-v2\/#breadcrumb"},"inLanguage":"en-US","potentialAction":[{"@type":"ReadAction","target":["https:\/\/ikar.dev\/bceco-v2\/"]}]},{"@type":"ImageObject","inLanguage":"en-US","@id":"https:\/\/ikar.dev\/bceco-v2\/#primaryimage","url":"https:\/\/ikar.dev\/bceco-v2\/wp-content\/uploads\/2023\/10\/Barrage-Mbombo_-Le-BCECO-explique-lavancee-des-travaux-au-CODESKO-6.jpg","contentUrl":"https:\/\/ikar.dev\/bceco-v2\/wp-content\/uploads\/2023\/10\/Barrage-Mbombo_-Le-BCECO-explique-lavancee-des-travaux-au-CODESKO-6.jpg","width":1500,"height":1000},{"@type":"BreadcrumbList","@id":"https:\/\/ikar.dev\/bceco-v2\/#breadcrumb","itemListElement":[{"@type":"ListItem","position":1,"name":"Accueil","item":"https:\/\/ikar.dev\/bceco-v2\/"},{"@type":"ListItem","position":2,"name":"Accueil"}]},{"@type":"WebSite","@id":"https:\/\/ikar.dev\/bceco-v2\/#website","url":"https:\/\/ikar.dev\/bceco-v2\/","name":"Bureau Central de Coordination","description":"B.Ce.Co \u2013 Au c\u0153ur de l\u2019ex\u00e9cution des projets de d\u00e9veloppement en RDC","publisher":{"@id":"https:\/\/ikar.dev\/bceco-v2\/#organization"},"potentialAction":[{"@type":"SearchAction","target":{"@type":"EntryPoint","urlTemplate":"https:\/\/ikar.dev\/bceco-v2\/?s={search_term_string}"},"query-input":{"@type":"PropertyValueSpecification","valueRequired":true,"valueName":"search_term_string"}}],"inLanguage":"en-US"},{"@type":"Organization","@id":"https:\/\/ikar.dev\/bceco-v2\/#organization","name":"Bureau Central de Coordination","url":"https:\/\/ikar.dev\/bceco-v2\/","logo":{"@type":"ImageObject","inLanguage":"en-US","@id":"https:\/\/ikar.dev\/bceco-v2\/#\/schema\/logo\/image\/","url":"https:\/\/ikar.dev\/bceco-v2\/wp-content\/uploads\/2025\/12\/BCECO-Bureau-Central-de-Coordination.jpg","contentUrl":"https:\/\/ikar.dev\/bceco-v2\/wp-content\/uploads\/2025\/12\/BCECO-Bureau-Central-de-Coordination.jpg","width":2048,"height":2048,"caption":"Bureau Central de Coordination"},"image":{"@id":"https:\/\/ikar.dev\/bceco-v2\/#\/schema\/logo\/image\/"},"sameAs":["https:\/\/www.facebook.com\/BCeCoRDC","https:\/\/x.com\/BCeCoRDC"]}]}},"_links":{"self":[{"href":"https:\/\/ikar.dev\/bceco-v2\/wp-json\/wp\/v2\/pages\/15407","targetHints":{"allow":["GET"]}}],"collection":[{"href":"https:\/\/ikar.dev\/bceco-v2\/wp-json\/wp\/v2\/pages"}],"about":[{"href":"https:\/\/ikar.dev\/bceco-v2\/wp-json\/wp\/v2\/types\/page"}],"author":[{"embeddable":true,"href":"https:\/\/ikar.dev\/bceco-v2\/wp-json\/wp\/v2\/users\/1"}],"replies":[{"embeddable":true,"href":"https:\/\/ikar.dev\/bceco-v2\/wp-json\/wp\/v2\/comments?post=15407"}],"version-history":[{"count":145,"href":"https:\/\/ikar.dev\/bceco-v2\/wp-json\/wp\/v2\/pages\/15407\/revisions"}],"predecessor-version":[{"id":57331,"href":"https:\/\/ikar.dev\/bceco-v2\/wp-json\/wp\/v2\/pages\/15407\/revisions\/57331"}],"wp:attachment":[{"href":"https:\/\/ikar.dev\/bceco-v2\/wp-json\/wp\/v2\/media?parent=15407"}],"curies":[{"name":"wp","href":"https:\/\/api.w.org\/{rel}","templated":true}]}}