{"id":12963,"date":"2021-09-01T12:01:14","date_gmt":"2021-09-01T12:01:14","guid":{"rendered":"https:\/\/elementor.zozothemes.com\/corpkit\/our-services-copy\/"},"modified":"2021-09-01T12:01:14","modified_gmt":"2021-09-01T12:01:14","slug":"services-grid-style-2","status":"publish","type":"page","link":"https:\/\/ikar.dev\/bceco-v2\/services-grid-style-2\/","title":{"rendered":"Services Grid Style 2"},"content":{"rendered":"\t\t<div data-elementor-type=\"wp-page\" data-elementor-id=\"12963\" class=\"elementor elementor-12963\" data-elementor-post-type=\"page\">\n\t\t\t\t\t\t<section class=\"elementor-section elementor-top-section elementor-element elementor-element-7f7d0aa elementor-section-content-middle elementor-section-stretched elementor-section-boxed elementor-section-height-default elementor-section-height-default\" data-id=\"7f7d0aa\" data-element_type=\"section\" data-settings=\"{&quot;stretch_section&quot;:&quot;section-stretched&quot;,&quot;background_background&quot;:&quot;classic&quot;}\">\n\t\t\t\t\t\t\t<div class=\"elementor-background-overlay\"><\/div>\n\t\t\t\t\t\t\t<div class=\"elementor-container elementor-column-gap-extended\">\n\t\t\t\t\t<div class=\"elementor-column elementor-col-100 elementor-top-column elementor-element elementor-element-ce4dcea\" data-id=\"ce4dcea\" data-element_type=\"column\">\n\t\t\t<div class=\"elementor-widget-wrap elementor-element-populated\">\n\t\t\t\t\t\t<section class=\"elementor-section elementor-inner-section elementor-element elementor-element-63d0faf elementor-section-content-middle elementor-section-boxed elementor-section-height-default elementor-section-height-default\" data-id=\"63d0faf\" data-element_type=\"section\">\n\t\t\t\t\t\t<div class=\"elementor-container elementor-column-gap-default\">\n\t\t\t\t\t<div class=\"elementor-column elementor-col-50 elementor-inner-column elementor-element elementor-element-05c39bc\" data-id=\"05c39bc\" data-element_type=\"column\">\n\t\t\t<div class=\"elementor-widget-wrap elementor-element-populated\">\n\t\t\t\t\t\t<div class=\"elementor-element elementor-element-fa64c6f cea-align-left elementor-widget elementor-widget-ceasectiontitle\" data-id=\"fa64c6f\" data-element_type=\"widget\" data-widget_type=\"ceasectiontitle.default\">\n\t\t\t\t<div class=\"elementor-widget-container\">\n\t\t\t\t\t<div class=\"section-title-wrapper\"><div class=\"title-wrap\"><h6 class=\"sub-title\">What we Offer<\/h6><h2 class=\"section-title\">The best solutions for your business - what we do.<\/h2><\/div><!-- .title-wrap --><div class=\"section-description\"><p class=\"section-content\">\n<\/p><\/div><!-- .section-description --><\/div><!-- .section-title-wrapper -->\t\t\t\t<\/div>\n\t\t\t\t<\/div>\n\t\t\t\t\t<\/div>\n\t\t<\/div>\n\t\t\t\t<div class=\"elementor-column elementor-col-50 elementor-inner-column elementor-element elementor-element-481bbb9\" data-id=\"481bbb9\" data-element_type=\"column\">\n\t\t\t<div class=\"elementor-widget-wrap elementor-element-populated\">\n\t\t\t\t\t\t<div class=\"elementor-element elementor-element-224877e elementor-widget elementor-widget-text-editor\" data-id=\"224877e\" data-element_type=\"widget\" data-widget_type=\"text-editor.default\">\n\t\t\t\t\t\t\t\t\t30+ years experience in business and finance consulting, IT solutions, and working with 5k+ clients over the world. Creation timelines for the digital consulting business theme 2021.\n\n\n\n\n\n\n\n\n\n\n\n\n\n\n\n\n\t\t\t\t\t\t\t\t<\/div>\n\t\t\t\t\t<\/div>\n\t\t<\/div>\n\t\t\t\t\t<\/div>\n\t\t<\/section>\n\t\t\t\t<section class=\"elementor-section elementor-inner-section elementor-element elementor-element-531c2f5 elementor-section-boxed elementor-section-height-default elementor-section-height-default\" data-id=\"531c2f5\" data-element_type=\"section\">\n\t\t\t\t\t\t<div class=\"elementor-container elementor-column-gap-default\">\n\t\t\t\t\t<div class=\"elementor-column elementor-col-100 elementor-inner-column elementor-element elementor-element-e2584a0\" data-id=\"e2584a0\" data-element_type=\"column\">\n\t\t\t<div class=\"elementor-widget-wrap elementor-element-populated\">\n\t\t\t\t\t\t<div class=\"elementor-element elementor-element-decc4c5 elementor-widget elementor-widget-ceaservice\" data-id=\"decc4c5\" data-element_type=\"widget\" data-widget_type=\"ceaservice.default\">\n\t\t\t\t\r\n\t\t<div class=\"elementor-widget-container service-wrapper service-style-default service-light service-normal-model\">\r\n\t\t\r\n\t\t\t<div class=\"row\"><div class=\"col-lg-4 col-md-4\"><div class=\"service-inner\"><div class=\"service-icon-img-wrap\"><img decoding=\"async\" src=\"https:\/\/ikar.dev\/bceco-v2\/wp-content\/uploads\/2025\/11\/Carte-PDL-145T.png\" class=\"img-fluid service-icon-img\" alt=\"Programme de D\u00e9veloppement Local des 145 Territoires (PDL-145T)\" \/><\/div><div class=\"entry-title\"><h4 class=\"post-title-head\"><a href=\"https:\/\/ikar.dev\/bceco-v2\/service\/programme-de-developpement-local-des-145-territoires-pdl-145t\/\" class=\"post-title\">Programme de D\u00e9veloppement Local des 145 Territoires (PDL-145T)<\/a><\/h4><\/div><!-- .entry-title --><div class=\"post-excerpt\">Composantes du PDL-145T Composante 1 : Am\u00e9liorer l\u2019acc\u00e8s des populations des territoires ruraux aux infrastructures et services socio\u00e9conomiques de base. L\u2019objectif poursuivi..<\/div><!-- .post-excerpt --><\/div><!-- .service-inner --><\/div><!-- .col \/ .owl-carousel-item \/ .isotope --><div class=\"col-lg-4 col-md-4\"><div class=\"service-inner\"><div class=\"service-icon-img-wrap\"><img decoding=\"async\" src=\"https:\/\/ikar.dev\/bceco-v2\/wp-content\/uploads\/2021\/08\/012-analytics-1.png\" class=\"img-fluid service-icon-img\" alt=\"Programme Pr\u00e9sidentiel Acc\u00e9l\u00e9r\u00e9 de Lutte contre la Pauvret\u00e9 et les In\u00e9galit\u00e9s (PPA-LCPI)\" \/><\/div><div class=\"entry-title\"><h4 class=\"post-title-head\"><a href=\"https:\/\/ikar.dev\/bceco-v2\/service\/programme-presidentiel-accelere-de-lutte-contre-la-pauvrete-et-les-inegalites-ppa-lcpi\/\" class=\"post-title\">Programme Pr\u00e9sidentiel Acc\u00e9l\u00e9r\u00e9 de Lutte contre la Pauvret\u00e9 et les In\u00e9galit\u00e9s (PPA-LCPI)<\/a><\/h4><\/div><!-- .entry-title --><div class=\"post-excerpt\">Programme Pr\u00e9sidentiel Acc\u00e9l\u00e9r\u00e9 de Lutte contre la Pauvret\u00e9 et les In\u00e9galit\u00e9s (PPA-LCPI) Le Programme Pr\u00e9sidentiel Acc\u00e9l\u00e9r\u00e9 de Lutte contre la Pauvret\u00e9 et..<\/div><!-- .post-excerpt --><\/div><!-- .service-inner --><\/div><!-- .col \/ .owl-carousel-item \/ .isotope --><div class=\"col-lg-4 col-md-4\"><div class=\"service-inner\"><div class=\"service-icon-img-wrap\"><img decoding=\"async\" src=\"https:\/\/ikar.dev\/bceco-v2\/wp-content\/uploads\/2021\/08\/010-stock-market-1.png\" class=\"img-fluid service-icon-img\" alt=\"Projet de Coup de Pouce \u00e0 l&#8217;Entrepreneuriat Culturel et Cr\u00e9atif (PCECC)\" \/><\/div><div class=\"entry-title\"><h4 class=\"post-title-head\"><a href=\"https:\/\/ikar.dev\/bceco-v2\/service\/projet-de-coup-de-pouce-a-lentrepreneuriat-culturel-et-creatif-pcecc\/\" class=\"post-title\">Projet de Coup de Pouce \u00e0 l&#8217;Entrepreneuriat Culturel et Cr\u00e9atif (PCECC)<\/a><\/h4><\/div><!-- .entry-title --><div class=\"post-excerpt\"><\/div><!-- .post-excerpt --><\/div><!-- .service-inner --><\/div><!-- .col \/ .owl-carousel-item \/ .isotope --><\/div><!-- .row --><div class=\"row\"><div class=\"col-lg-4 col-md-4\"><div class=\"service-inner\"><div class=\"service-icon-img-wrap\"><img decoding=\"async\" src=\"https:\/\/ikar.dev\/bceco-v2\/wp-content\/uploads\/2021\/08\/006-pie-chart-1.png\" class=\"img-fluid service-icon-img\" alt=\"Projet de R\u00e9habilitation et Reconstruction des Infrastructures Scolaires (PRRIS)\" \/><\/div><div class=\"entry-title\"><h4 class=\"post-title-head\"><a href=\"https:\/\/ikar.dev\/bceco-v2\/service\/projet-de-rehabilitation-et-reconstruction-des-infrastructures-scolaires-prris\/\" class=\"post-title\">Projet de R\u00e9habilitation et Reconstruction des Infrastructures Scolaires (PRRIS)<\/a><\/h4><\/div><!-- .entry-title --><div class=\"post-excerpt\">Projet de R\u00e9habilitation et Reconstruction des Infrastructures Scolaires (PRRIS) Le Projet de R\u00e9habilitation et Reconstruction des Infrastructures Scolaires (PRRIS) en RDC vise..<\/div><!-- .post-excerpt --><\/div><!-- .service-inner --><\/div><!-- .col \/ .owl-carousel-item \/ .isotope --><div class=\"col-lg-4 col-md-4\"><div class=\"service-inner\"><div class=\"service-icon-img-wrap\"><img decoding=\"async\" src=\"https:\/\/ikar.dev\/bceco-v2\/wp-content\/uploads\/2021\/08\/011-diagram-1.png\" class=\"img-fluid service-icon-img\" alt=\"Modernisation de la Voirie Urbaine de Kinshasa\" \/><\/div><div class=\"entry-title\"><h4 class=\"post-title-head\"><a href=\"https:\/\/ikar.dev\/bceco-v2\/service\/modernisation-de-la-voirie-urbaine-de-kinshasa\/\" class=\"post-title\">Modernisation de la Voirie Urbaine de Kinshasa<\/a><\/h4><\/div><!-- .entry-title --><div class=\"post-excerpt\">Modernisation de la Voirie Urbaine de Kinshasa La modernisation de la voirie urbaine de Kinshasa, pilot\u00e9e par le Bureau Central de Coordination..<\/div><!-- .post-excerpt --><\/div><!-- .service-inner --><\/div><!-- .col \/ .owl-carousel-item \/ .isotope --><div class=\"col-lg-4 col-md-4\"><div class=\"service-inner\"><div class=\"service-icon-img-wrap\"><img decoding=\"async\" src=\"https:\/\/ikar.dev\/bceco-v2\/wp-content\/uploads\/2021\/08\/009-earning-1.png\" class=\"img-fluid service-icon-img\" alt=\"Programme de R\u00e9novation des Structures Sanitaires contre la COVID-19 (PRESS-COVID-19)\" \/><\/div><div class=\"entry-title\"><h4 class=\"post-title-head\"><a href=\"https:\/\/ikar.dev\/bceco-v2\/service\/programme-de-renovation-des-structures-sanitaires-contre-la-covid-19-press-covid-19\/\" class=\"post-title\">Programme de R\u00e9novation des Structures Sanitaires contre la COVID-19 (PRESS-COVID-19)<\/a><\/h4><\/div><!-- .entry-title --><div class=\"post-excerpt\"><\/div><!-- .post-excerpt --><\/div><!-- .service-inner --><\/div><!-- .col \/ .owl-carousel-item \/ .isotope --><\/div><!-- .row -->\t\t\t\r\n\t\t<\/div>\r\n\t\t\t\t<\/div>\n\t\t\t\t\t<\/div>\n\t\t<\/div>\n\t\t\t\t\t<\/div>\n\t\t<\/section>\n\t\t\t\t\t<\/div>\n\t\t<\/div>\n\t\t\t\t\t<\/div>\n\t\t<\/section>\n\t\t\t\t<\/div>\n\t\t","protected":false},"excerpt":{"rendered":"","protected":false},"author":1,"featured_media":0,"parent":0,"menu_order":0,"comment_status":"closed","ping_status":"closed","template":"","meta":{"footnotes":""},"class_list":["post-12963","page","type-page","status-publish","hentry"],"yoast_head":"<!-- This site is optimized with the Yoast SEO plugin v26.7 - https:\/\/yoast.com\/wordpress\/plugins\/seo\/ -->\n<title>Services Grid Style 2 - Bureau Central de Coordination<\/title>\n<meta name=\"robots\" content=\"index, follow, max-snippet:-1, max-image-preview:large, max-video-preview:-1\" \/>\n<link rel=\"canonical\" href=\"https:\/\/ikar.dev\/bceco-v2\/services-grid-style-2\/\" \/>\n<meta property=\"og:locale\" content=\"en_US\" \/>\n<meta property=\"og:type\" content=\"article\" \/>\n<meta property=\"og:title\" content=\"Services Grid Style 2 - Bureau Central de Coordination\" \/>\n<meta property=\"og:url\" content=\"https:\/\/ikar.dev\/bceco-v2\/services-grid-style-2\/\" \/>\n<meta property=\"og:site_name\" content=\"Bureau Central de Coordination\" \/>\n<meta property=\"article:publisher\" content=\"https:\/\/www.facebook.com\/BCeCoRDC\" \/>\n<meta name=\"twitter:card\" content=\"summary_large_image\" \/>\n<meta name=\"twitter:site\" content=\"@BCeCoRDC\" \/>\n<meta name=\"twitter:label1\" content=\"Est. reading time\" \/>\n\t<meta name=\"twitter:data1\" content=\"3 minutes\" \/>\n<script type=\"application\/ld+json\" class=\"yoast-schema-graph\">{\"@context\":\"https:\/\/schema.org\",\"@graph\":[{\"@type\":\"WebPage\",\"@id\":\"https:\/\/ikar.dev\/bceco-v2\/services-grid-style-2\/\",\"url\":\"https:\/\/ikar.dev\/bceco-v2\/services-grid-style-2\/\",\"name\":\"Services Grid Style 2 - Bureau Central de Coordination\",\"isPartOf\":{\"@id\":\"https:\/\/ikar.dev\/bceco-v2\/#website\"},\"datePublished\":\"2021-09-01T12:01:14+00:00\",\"breadcrumb\":{\"@id\":\"https:\/\/ikar.dev\/bceco-v2\/services-grid-style-2\/#breadcrumb\"},\"inLanguage\":\"en-US\",\"potentialAction\":[{\"@type\":\"ReadAction\",\"target\":[\"https:\/\/ikar.dev\/bceco-v2\/services-grid-style-2\/\"]}]},{\"@type\":\"BreadcrumbList\",\"@id\":\"https:\/\/ikar.dev\/bceco-v2\/services-grid-style-2\/#breadcrumb\",\"itemListElement\":[{\"@type\":\"ListItem\",\"position\":1,\"name\":\"Accueil\",\"item\":\"https:\/\/ikar.dev\/bceco-v2\/\"},{\"@type\":\"ListItem\",\"position\":2,\"name\":\"Services Grid Style 2\"}]},{\"@type\":\"WebSite\",\"@id\":\"https:\/\/ikar.dev\/bceco-v2\/#website\",\"url\":\"https:\/\/ikar.dev\/bceco-v2\/\",\"name\":\"Bureau Central de Coordination\",\"description\":\"B.Ce.Co \u2013 Au c\u0153ur de l\u2019ex\u00e9cution des projets de d\u00e9veloppement en RDC\",\"publisher\":{\"@id\":\"https:\/\/ikar.dev\/bceco-v2\/#organization\"},\"potentialAction\":[{\"@type\":\"SearchAction\",\"target\":{\"@type\":\"EntryPoint\",\"urlTemplate\":\"https:\/\/ikar.dev\/bceco-v2\/?s={search_term_string}\"},\"query-input\":{\"@type\":\"PropertyValueSpecification\",\"valueRequired\":true,\"valueName\":\"search_term_string\"}}],\"inLanguage\":\"en-US\"},{\"@type\":\"Organization\",\"@id\":\"https:\/\/ikar.dev\/bceco-v2\/#organization\",\"name\":\"Bureau Central de Coordination\",\"url\":\"https:\/\/ikar.dev\/bceco-v2\/\",\"logo\":{\"@type\":\"ImageObject\",\"inLanguage\":\"en-US\",\"@id\":\"https:\/\/ikar.dev\/bceco-v2\/#\/schema\/logo\/image\/\",\"url\":\"https:\/\/ikar.dev\/bceco-v2\/wp-content\/uploads\/2025\/12\/BCECO-Bureau-Central-de-Coordination.jpg\",\"contentUrl\":\"https:\/\/ikar.dev\/bceco-v2\/wp-content\/uploads\/2025\/12\/BCECO-Bureau-Central-de-Coordination.jpg\",\"width\":2048,\"height\":2048,\"caption\":\"Bureau Central de Coordination\"},\"image\":{\"@id\":\"https:\/\/ikar.dev\/bceco-v2\/#\/schema\/logo\/image\/\"},\"sameAs\":[\"https:\/\/www.facebook.com\/BCeCoRDC\",\"https:\/\/x.com\/BCeCoRDC\"]}]}<\/script>\n<!-- \/ Yoast SEO plugin. -->","yoast_head_json":{"title":"Services Grid Style 2 - Bureau Central de Coordination","robots":{"index":"index","follow":"follow","max-snippet":"max-snippet:-1","max-image-preview":"max-image-preview:large","max-video-preview":"max-video-preview:-1"},"canonical":"https:\/\/ikar.dev\/bceco-v2\/services-grid-style-2\/","og_locale":"en_US","og_type":"article","og_title":"Services Grid Style 2 - Bureau Central de Coordination","og_url":"https:\/\/ikar.dev\/bceco-v2\/services-grid-style-2\/","og_site_name":"Bureau Central de Coordination","article_publisher":"https:\/\/www.facebook.com\/BCeCoRDC","twitter_card":"summary_large_image","twitter_site":"@BCeCoRDC","twitter_misc":{"Est. reading time":"3 minutes"},"schema":{"@context":"https:\/\/schema.org","@graph":[{"@type":"WebPage","@id":"https:\/\/ikar.dev\/bceco-v2\/services-grid-style-2\/","url":"https:\/\/ikar.dev\/bceco-v2\/services-grid-style-2\/","name":"Services Grid Style 2 - Bureau Central de Coordination","isPartOf":{"@id":"https:\/\/ikar.dev\/bceco-v2\/#website"},"datePublished":"2021-09-01T12:01:14+00:00","breadcrumb":{"@id":"https:\/\/ikar.dev\/bceco-v2\/services-grid-style-2\/#breadcrumb"},"inLanguage":"en-US","potentialAction":[{"@type":"ReadAction","target":["https:\/\/ikar.dev\/bceco-v2\/services-grid-style-2\/"]}]},{"@type":"BreadcrumbList","@id":"https:\/\/ikar.dev\/bceco-v2\/services-grid-style-2\/#breadcrumb","itemListElement":[{"@type":"ListItem","position":1,"name":"Accueil","item":"https:\/\/ikar.dev\/bceco-v2\/"},{"@type":"ListItem","position":2,"name":"Services Grid Style 2"}]},{"@type":"WebSite","@id":"https:\/\/ikar.dev\/bceco-v2\/#website","url":"https:\/\/ikar.dev\/bceco-v2\/","name":"Bureau Central de Coordination","description":"B.Ce.Co \u2013 Au c\u0153ur de l\u2019ex\u00e9cution des projets de d\u00e9veloppement en RDC","publisher":{"@id":"https:\/\/ikar.dev\/bceco-v2\/#organization"},"potentialAction":[{"@type":"SearchAction","target":{"@type":"EntryPoint","urlTemplate":"https:\/\/ikar.dev\/bceco-v2\/?s={search_term_string}"},"query-input":{"@type":"PropertyValueSpecification","valueRequired":true,"valueName":"search_term_string"}}],"inLanguage":"en-US"},{"@type":"Organization","@id":"https:\/\/ikar.dev\/bceco-v2\/#organization","name":"Bureau Central de Coordination","url":"https:\/\/ikar.dev\/bceco-v2\/","logo":{"@type":"ImageObject","inLanguage":"en-US","@id":"https:\/\/ikar.dev\/bceco-v2\/#\/schema\/logo\/image\/","url":"https:\/\/ikar.dev\/bceco-v2\/wp-content\/uploads\/2025\/12\/BCECO-Bureau-Central-de-Coordination.jpg","contentUrl":"https:\/\/ikar.dev\/bceco-v2\/wp-content\/uploads\/2025\/12\/BCECO-Bureau-Central-de-Coordination.jpg","width":2048,"height":2048,"caption":"Bureau Central de Coordination"},"image":{"@id":"https:\/\/ikar.dev\/bceco-v2\/#\/schema\/logo\/image\/"},"sameAs":["https:\/\/www.facebook.com\/BCeCoRDC","https:\/\/x.com\/BCeCoRDC"]}]}},"_links":{"self":[{"href":"https:\/\/ikar.dev\/bceco-v2\/wp-json\/wp\/v2\/pages\/12963","targetHints":{"allow":["GET"]}}],"collection":[{"href":"https:\/\/ikar.dev\/bceco-v2\/wp-json\/wp\/v2\/pages"}],"about":[{"href":"https:\/\/ikar.dev\/bceco-v2\/wp-json\/wp\/v2\/types\/page"}],"author":[{"embeddable":true,"href":"https:\/\/ikar.dev\/bceco-v2\/wp-json\/wp\/v2\/users\/1"}],"replies":[{"embeddable":true,"href":"https:\/\/ikar.dev\/bceco-v2\/wp-json\/wp\/v2\/comments?post=12963"}],"version-history":[{"count":0,"href":"https:\/\/ikar.dev\/bceco-v2\/wp-json\/wp\/v2\/pages\/12963\/revisions"}],"wp:attachment":[{"href":"https:\/\/ikar.dev\/bceco-v2\/wp-json\/wp\/v2\/media?parent=12963"}],"curies":[{"name":"wp","href":"https:\/\/api.w.org\/{rel}","templated":true}]}}