{"id":12927,"date":"2021-09-01T10:27:58","date_gmt":"2021-09-01T10:27:58","guid":{"rendered":"https:\/\/elementor.zozothemes.com\/corpkit\/blog-grid-copy\/"},"modified":"2021-09-01T10:27:58","modified_gmt":"2021-09-01T10:27:58","slug":"blog-list-with-sidebar","status":"publish","type":"page","link":"https:\/\/ikar.dev\/bceco-v2\/blog-list-with-sidebar\/","title":{"rendered":"Blog List With Sidebar"},"content":{"rendered":"\t\t<div data-elementor-type=\"wp-page\" data-elementor-id=\"12927\" class=\"elementor elementor-12927\" data-elementor-post-type=\"page\">\n\t\t\t\t\t\t<section class=\"elementor-section elementor-top-section elementor-element elementor-element-a2ceca8 elementor-section-boxed elementor-section-height-default elementor-section-height-default\" data-id=\"a2ceca8\" data-element_type=\"section\" data-e-type=\"section\">\n\t\t\t\t\t\t<div class=\"elementor-container elementor-column-gap-default\">\n\t\t\t\t\t<div class=\"elementor-column elementor-col-100 elementor-top-column elementor-element elementor-element-7334c0a\" data-id=\"7334c0a\" data-element_type=\"column\" data-e-type=\"column\">\n\t\t\t<div class=\"elementor-widget-wrap elementor-element-populated\">\n\t\t\t\t\t\t<div class=\"elementor-element elementor-element-9cb5c24 elementor-widget elementor-widget-ceablog\" data-id=\"9cb5c24\" data-element_type=\"widget\" data-e-type=\"widget\" data-widget_type=\"ceablog.default\">\n\t\t\t\t\r\n\t\t<div class=\"elementor-widget-container blog-wrapper blog-style-list blog-light blog-normal-model\">\r\n\t\t\r\n\t\t\t<div class=\"row\"><div class=\"col-lg-12 col-md-12\"><div class=\"blog-inner\"><div class=\"media\"><div class=\"post-thumb\"><a href=\"https:\/\/ikar.dev\/bceco-v2\/rdc-une-des-recommandations-issues-de-la-9e-conference-de-gouverneurs-lordonnance-fixant-le-cadre-institutionnel-du-pdl-145t-a-ete-signee\/\" class=\"post-image-link\"><img decoding=\"async\" src=\"https:\/\/ikar.dev\/bceco-v2\/wp-content\/uploads\/elementor\/thumbs\/president_1-rg1nnvtpc96dgtqr7x5fz13fmsti4ph505lldvp94g.jpeg\" title=\"president_1\" alt=\"\" class=\"img-fluid squared\" \/><\/a><\/div><!-- .post-thumb --><div class=\"media-body\"><div class=\"top-meta clearfix\"><ul class=\"nav top-meta-list meta-left\"><li><div class=\"post-author\"><a href=\"https:\/\/ikar.dev\/bceco-v2\/author\/bceco\/\"><span class=\"author-img\"><img alt='' src='https:\/\/secure.gravatar.com\/avatar\/55c07e1707f50774ef3c842c9d074773a6b558a20fbd1608c8e4871bc88f3455?s=30&#038;d=mm&#038;r=g' srcset='https:\/\/secure.gravatar.com\/avatar\/55c07e1707f50774ef3c842c9d074773a6b558a20fbd1608c8e4871bc88f3455?s=60&#038;d=mm&#038;r=g 2x' class='avatar avatar-30 photo rounded-circle' height='30' width='30' \/><\/span><span class=\"author-name\">bceco<\/span><\/a><\/div><\/li><li><div class=\"post-comment\"><a href=\"https:\/\/ikar.dev\/bceco-v2\/rdc-une-des-recommandations-issues-de-la-9e-conference-de-gouverneurs-lordonnance-fixant-le-cadre-institutionnel-du-pdl-145t-a-ete-signee\/#comments\" rel=\"bookmark\" class=\"comments-count\"><i class=\"fa fa-comment-o\"><\/i> 1<\/a><\/div><\/li><\/ul><\/div><div class=\"entry-title\"><h4 class=\"post-title-head\"><a href=\"https:\/\/ikar.dev\/bceco-v2\/rdc-une-des-recommandations-issues-de-la-9e-conference-de-gouverneurs-lordonnance-fixant-le-cadre-institutionnel-du-pdl-145t-a-ete-signee\/\" class=\"post-title\">RDC : une des recommandations issues de la 9e conf\u00e9rence de gouverneurs, l&#8217;ordonnance fixant le cadre institutionnel du PDL-145T a \u00e9t\u00e9 sign\u00e9e<\/a><\/h4><\/div><!-- .entry-title --><div class=\"post-excerpt\"><p>Le chef de l&#8217;\u00c9tat F\u00e9lix Tshisekedi a sign\u00e9 l&#8217;ordonnance fixant le cadre institutionnel du programme de d\u00e9veloppement local des 145 territoires (PDL-145T)&#8230;<\/p>\n<\/div><!-- .post-excerpt --><div class=\"bottom-meta clearfix\"><ul class=\"nav bottom-meta-list meta-left\"><li><div class=\"post-more\"><a href=\"https:\/\/ikar.dev\/bceco-v2\/rdc-une-des-recommandations-issues-de-la-9e-conference-de-gouverneurs-lordonnance-fixant-le-cadre-institutionnel-du-pdl-145t-a-ete-signee\/\" class=\"read-more elementor-button\">Read More<\/a><\/div><\/li><\/ul><\/div><\/div><!-- .media --><\/div><!-- .media-body --><\/div><!-- .blog-inner --><\/div><!-- .col \/ .owl-carousel-item \/ .isotope --><\/div><!-- .row --><div class=\"row\"><div class=\"col-lg-12 col-md-12\"><div class=\"blog-inner\"><div class=\"media\"><div class=\"post-thumb\"><a href=\"https:\/\/ikar.dev\/bceco-v2\/bceco-le-nouveau-dg-jean-mabi-mulumba-promet-des-reformes-pour-faire-de-ce-service-une-agence-de-developpement\/\" class=\"post-image-link\"><img decoding=\"async\" src=\"https:\/\/ikar.dev\/bceco-v2\/wp-content\/uploads\/elementor\/thumbs\/new_dg_bceco-rg1nnuvv5f5357s4deqtejbz1ey4x0deo0y3wlqnao.jpeg\" title=\"new_dg_bceco\" alt=\"\" class=\"img-fluid squared img-fluid squared\" \/><\/a><\/div><!-- .post-thumb --><div class=\"media-body\"><div class=\"top-meta clearfix\"><ul class=\"nav top-meta-list meta-left\"><li><div class=\"post-author\"><a href=\"https:\/\/ikar.dev\/bceco-v2\/author\/bceco\/\"><span class=\"author-img\"><img alt='' src='https:\/\/secure.gravatar.com\/avatar\/55c07e1707f50774ef3c842c9d074773a6b558a20fbd1608c8e4871bc88f3455?s=30&#038;d=mm&#038;r=g' srcset='https:\/\/secure.gravatar.com\/avatar\/55c07e1707f50774ef3c842c9d074773a6b558a20fbd1608c8e4871bc88f3455?s=60&#038;d=mm&#038;r=g 2x' class='avatar avatar-30 photo rounded-circle' height='30' width='30' \/><\/span><span class=\"author-name\">bceco<\/span><\/a><\/div><\/li><li><div class=\"post-comment\"><a href=\"https:\/\/ikar.dev\/bceco-v2\/bceco-le-nouveau-dg-jean-mabi-mulumba-promet-des-reformes-pour-faire-de-ce-service-une-agence-de-developpement\/#comments\" rel=\"bookmark\" class=\"comments-count\"><i class=\"fa fa-comment-o\"><\/i> 1<\/a><\/div><\/li><\/ul><\/div><div class=\"entry-title\"><h4 class=\"post-title-head\"><a href=\"https:\/\/ikar.dev\/bceco-v2\/bceco-le-nouveau-dg-jean-mabi-mulumba-promet-des-reformes-pour-faire-de-ce-service-une-agence-de-developpement\/\" class=\"post-title\">BCECO : Le nouveau DG, Jean Mabi Mulumba, promet des r\u00e9formes pour faire de ce service une agence de d\u00e9veloppement<\/a><\/h4><\/div><!-- .entry-title --><div class=\"post-excerpt\"><p>Le nouveau directeur g\u00e9n\u00e9ral du Bureau Central de Coordination, (BCECO) Jean Mabi Mulumba, a officiellement pris ses fonctions ce mercredi 9 f\u00e9vrier..<\/p>\n<\/div><!-- .post-excerpt --><div class=\"bottom-meta clearfix\"><ul class=\"nav bottom-meta-list meta-left\"><li><div class=\"post-more\"><a href=\"https:\/\/ikar.dev\/bceco-v2\/bceco-le-nouveau-dg-jean-mabi-mulumba-promet-des-reformes-pour-faire-de-ce-service-une-agence-de-developpement\/\" class=\"read-more elementor-button\">Read More<\/a><\/div><\/li><\/ul><\/div><\/div><!-- .media --><\/div><!-- .media-body --><\/div><!-- .blog-inner --><\/div><!-- .col \/ .owl-carousel-item \/ .isotope --><\/div><!-- .row --><div class=\"row\"><div class=\"col-lg-12 col-md-12\"><div class=\"blog-inner\"><div class=\"media\"><div class=\"post-thumb\"><a href=\"https:\/\/ikar.dev\/bceco-v2\/10-millions-usd-pour-des-investissements-a-moanda-le-bceco-et-le-ministere-des-hydrocarbures-se-sont-repartis-les-responsabilites-pour-la-gestion-de-ce-fonds\/\" class=\"post-image-link\"><img decoding=\"async\" src=\"https:\/\/ikar.dev\/bceco-v2\/wp-content\/uploads\/elementor\/thumbs\/318329031_120501657547851_808990305008542158_n-rg1nnr4ie2zxurxkzd4b4ka4nvgo27yhbic5zhw7zk.jpg\" title=\"318329031_120501657547851_808990305008542158_n\" alt=\"\" class=\"img-fluid squared img-fluid squared img-fluid squared\" \/><\/a><\/div><!-- .post-thumb --><div class=\"media-body\"><div class=\"top-meta clearfix\"><ul class=\"nav top-meta-list meta-left\"><li><div class=\"post-author\"><a href=\"https:\/\/ikar.dev\/bceco-v2\/author\/bceco\/\"><span class=\"author-img\"><img alt='' src='https:\/\/secure.gravatar.com\/avatar\/55c07e1707f50774ef3c842c9d074773a6b558a20fbd1608c8e4871bc88f3455?s=30&#038;d=mm&#038;r=g' srcset='https:\/\/secure.gravatar.com\/avatar\/55c07e1707f50774ef3c842c9d074773a6b558a20fbd1608c8e4871bc88f3455?s=60&#038;d=mm&#038;r=g 2x' class='avatar avatar-30 photo rounded-circle' height='30' width='30' \/><\/span><span class=\"author-name\">bceco<\/span><\/a><\/div><\/li><li><div class=\"post-comment\"><a href=\"https:\/\/ikar.dev\/bceco-v2\/10-millions-usd-pour-des-investissements-a-moanda-le-bceco-et-le-ministere-des-hydrocarbures-se-sont-repartis-les-responsabilites-pour-la-gestion-de-ce-fonds\/#respond\" rel=\"bookmark\" class=\"comments-count\"><i class=\"fa fa-comment-o\"><\/i> 0<\/a><\/div><\/li><\/ul><\/div><div class=\"entry-title\"><h4 class=\"post-title-head\"><a href=\"https:\/\/ikar.dev\/bceco-v2\/10-millions-usd-pour-des-investissements-a-moanda-le-bceco-et-le-ministere-des-hydrocarbures-se-sont-repartis-les-responsabilites-pour-la-gestion-de-ce-fonds\/\" class=\"post-title\">10 millions USD pour des investissements \u00e0 Moanda : Le BCeCo et le Minist\u00e8re des Hydrocarbures se sont r\u00e9partis les responsabilit\u00e9s pour la gestion de ce fonds<\/a><\/h4><\/div><!-- .entry-title --><div class=\"post-excerpt\"><p>Hier mardi 6 d\u00e9cembre 2022, le Bureau Central de Coordination (BCeCo) a conclu un accord avec le Minist\u00e8re des Hydrocarbures pour la..<\/p>\n<\/div><!-- .post-excerpt --><div class=\"bottom-meta clearfix\"><ul class=\"nav bottom-meta-list meta-left\"><li><div class=\"post-more\"><a href=\"https:\/\/ikar.dev\/bceco-v2\/10-millions-usd-pour-des-investissements-a-moanda-le-bceco-et-le-ministere-des-hydrocarbures-se-sont-repartis-les-responsabilites-pour-la-gestion-de-ce-fonds\/\" class=\"read-more elementor-button\">Read More<\/a><\/div><\/li><\/ul><\/div><\/div><!-- .media --><\/div><!-- .media-body --><\/div><!-- .blog-inner --><\/div><!-- .col \/ .owl-carousel-item \/ .isotope --><\/div><!-- .row --><div class=\"row\"><div class=\"col-lg-12 col-md-12\"><div class=\"blog-inner\"><div class=\"media\"><div class=\"post-thumb\"><a href=\"https:\/\/ikar.dev\/bceco-v2\/tony-mwaba-et-jean-mabi-signe-un-protocole-daccord-pour-la-construction-des-145-ecoles\/\" class=\"post-image-link\"><img decoding=\"async\" src=\"https:\/\/ikar.dev\/bceco-v2\/wp-content\/uploads\/elementor\/thumbs\/po1546-rg1nnr4ie2zxurxkzd4b4ka4nvgo27yhbic5zhw7zk.png\" title=\"po1546\" alt=\"\" class=\"img-fluid squared img-fluid squared img-fluid squared img-fluid squared\" \/><\/a><\/div><!-- .post-thumb --><div class=\"media-body\"><div class=\"top-meta clearfix\"><ul class=\"nav top-meta-list meta-left\"><li><div class=\"post-author\"><a href=\"https:\/\/ikar.dev\/bceco-v2\/author\/bceco\/\"><span class=\"author-img\"><img alt='' src='https:\/\/secure.gravatar.com\/avatar\/55c07e1707f50774ef3c842c9d074773a6b558a20fbd1608c8e4871bc88f3455?s=30&#038;d=mm&#038;r=g' srcset='https:\/\/secure.gravatar.com\/avatar\/55c07e1707f50774ef3c842c9d074773a6b558a20fbd1608c8e4871bc88f3455?s=60&#038;d=mm&#038;r=g 2x' class='avatar avatar-30 photo rounded-circle' height='30' width='30' \/><\/span><span class=\"author-name\">bceco<\/span><\/a><\/div><\/li><li><div class=\"post-comment\"><a href=\"https:\/\/ikar.dev\/bceco-v2\/tony-mwaba-et-jean-mabi-signe-un-protocole-daccord-pour-la-construction-des-145-ecoles\/#respond\" rel=\"bookmark\" class=\"comments-count\"><i class=\"fa fa-comment-o\"><\/i> 0<\/a><\/div><\/li><\/ul><\/div><div class=\"entry-title\"><h4 class=\"post-title-head\"><a href=\"https:\/\/ikar.dev\/bceco-v2\/tony-mwaba-et-jean-mabi-signe-un-protocole-daccord-pour-la-construction-des-145-ecoles\/\" class=\"post-title\">TONY MWABA ET JEAN MABI SIGNE UN PROTOCOLE D\u2019ACCORD POUR LA CONSTRUCTION DES 145 \u00c9COLES<\/a><\/h4><\/div><!-- .entry-title --><div class=\"post-excerpt\"><p>En r\u00e9ponse aux effets induits de la gratuit\u00e9 de l\u2019enseignement primaire dont le surpeuplement des salles par les \u00e9l\u00e8ves, le Pr\u00e9sident de..<\/p>\n<\/div><!-- .post-excerpt --><div class=\"bottom-meta clearfix\"><ul class=\"nav bottom-meta-list meta-left\"><li><div class=\"post-more\"><a href=\"https:\/\/ikar.dev\/bceco-v2\/tony-mwaba-et-jean-mabi-signe-un-protocole-daccord-pour-la-construction-des-145-ecoles\/\" class=\"read-more elementor-button\">Read More<\/a><\/div><\/li><\/ul><\/div><\/div><!-- .media --><\/div><!-- .media-body --><\/div><!-- .blog-inner --><\/div><!-- .col \/ .owl-carousel-item \/ .isotope --><\/div><!-- .row --><div class=\"row\"><div class=\"col-lg-12 col-md-12\"><div class=\"blog-inner\"><div class=\"media\"><div class=\"post-thumb\"><a href=\"https:\/\/ikar.dev\/bceco-v2\/programme-de-developpement-de-mai-ndombe-le-dg-jean-mabi-et-la-gouverneure-rita-bola-ont-harmonise-les-vues-sur-les-modalites-dexecution\/\" class=\"post-image-link\"><img decoding=\"async\" src=\"https:\/\/ikar.dev\/bceco-v2\/wp-content\/uploads\/elementor\/thumbs\/WhatsApp-Image-2022-11-15-at-11.00.02-AM-rg1nnp8u0exd7k0bacb1zkr7h3pxmtr0n9170xz0c0.jpeg\" title=\"WhatsApp-Image-2022-11-15-at-11.00.02-AM\" alt=\"\" class=\"img-fluid squared img-fluid squared img-fluid squared img-fluid squared img-fluid squared\" \/><\/a><\/div><!-- .post-thumb --><div class=\"media-body\"><div class=\"top-meta clearfix\"><ul class=\"nav top-meta-list meta-left\"><li><div class=\"post-author\"><a href=\"https:\/\/ikar.dev\/bceco-v2\/author\/bceco\/\"><span class=\"author-img\"><img alt='' src='https:\/\/secure.gravatar.com\/avatar\/55c07e1707f50774ef3c842c9d074773a6b558a20fbd1608c8e4871bc88f3455?s=30&#038;d=mm&#038;r=g' srcset='https:\/\/secure.gravatar.com\/avatar\/55c07e1707f50774ef3c842c9d074773a6b558a20fbd1608c8e4871bc88f3455?s=60&#038;d=mm&#038;r=g 2x' class='avatar avatar-30 photo rounded-circle' height='30' width='30' \/><\/span><span class=\"author-name\">bceco<\/span><\/a><\/div><\/li><li><div class=\"post-comment\"><a href=\"https:\/\/ikar.dev\/bceco-v2\/programme-de-developpement-de-mai-ndombe-le-dg-jean-mabi-et-la-gouverneure-rita-bola-ont-harmonise-les-vues-sur-les-modalites-dexecution\/#respond\" rel=\"bookmark\" class=\"comments-count\"><i class=\"fa fa-comment-o\"><\/i> 0<\/a><\/div><\/li><\/ul><\/div><div class=\"entry-title\"><h4 class=\"post-title-head\"><a href=\"https:\/\/ikar.dev\/bceco-v2\/programme-de-developpement-de-mai-ndombe-le-dg-jean-mabi-et-la-gouverneure-rita-bola-ont-harmonise-les-vues-sur-les-modalites-dexecution\/\" class=\"post-title\">Programme de D\u00e9veloppement de Ma\u00ef-Ndombe : Le DG Jean Mabi et la Gouverneure Rita Bola ont harmonis\u00e9 les vues sur les modalit\u00e9s d\u2019ex\u00e9cution<\/a><\/h4><\/div><!-- .entry-title --><div class=\"post-excerpt\"><p>C\u2019est pour la deuxi\u00e8me que la gouverneure de la province de Ma\u00ef-Ndombe, Rita Bola, a franchit la porte du Bureau Central de..<\/p>\n<\/div><!-- .post-excerpt --><div class=\"bottom-meta clearfix\"><ul class=\"nav bottom-meta-list meta-left\"><li><div class=\"post-more\"><a href=\"https:\/\/ikar.dev\/bceco-v2\/programme-de-developpement-de-mai-ndombe-le-dg-jean-mabi-et-la-gouverneure-rita-bola-ont-harmonise-les-vues-sur-les-modalites-dexecution\/\" class=\"read-more elementor-button\">Read More<\/a><\/div><\/li><\/ul><\/div><\/div><!-- .media --><\/div><!-- .media-body --><\/div><!-- .blog-inner --><\/div><!-- .col \/ .owl-carousel-item \/ .isotope --><\/div><!-- .row --><div class=\"row\"><div class=\"col-lg-12 col-md-12\"><div class=\"blog-inner\"><div class=\"media\"><div class=\"post-thumb\"><a href=\"https:\/\/ikar.dev\/bceco-v2\/developpement-de-145-territoires-ces-travaux-seront-finis-dici-6-mois-assure-le-bceco-au-kasai-central\/\" class=\"post-image-link\"><img decoding=\"async\" src=\"https:\/\/ikar.dev\/bceco-v2\/wp-content\/uploads\/elementor\/thumbs\/developpement_145_territoires-rg1nnnd5mquskc31lbhsul8aabz77fjjyzq82e1sog.jpeg\" title=\"developpement_145_territoires\" alt=\"\" class=\"img-fluid squared img-fluid squared img-fluid squared img-fluid squared img-fluid squared img-fluid squared\" \/><\/a><\/div><!-- .post-thumb --><div class=\"media-body\"><div class=\"top-meta clearfix\"><ul class=\"nav top-meta-list meta-left\"><li><div class=\"post-author\"><a href=\"https:\/\/ikar.dev\/bceco-v2\/author\/bceco\/\"><span class=\"author-img\"><img alt='' src='https:\/\/secure.gravatar.com\/avatar\/55c07e1707f50774ef3c842c9d074773a6b558a20fbd1608c8e4871bc88f3455?s=30&#038;d=mm&#038;r=g' srcset='https:\/\/secure.gravatar.com\/avatar\/55c07e1707f50774ef3c842c9d074773a6b558a20fbd1608c8e4871bc88f3455?s=60&#038;d=mm&#038;r=g 2x' class='avatar avatar-30 photo rounded-circle' height='30' width='30' \/><\/span><span class=\"author-name\">bceco<\/span><\/a><\/div><\/li><li><div class=\"post-comment\"><a href=\"https:\/\/ikar.dev\/bceco-v2\/developpement-de-145-territoires-ces-travaux-seront-finis-dici-6-mois-assure-le-bceco-au-kasai-central\/#comments\" rel=\"bookmark\" class=\"comments-count\"><i class=\"fa fa-comment-o\"><\/i> 1<\/a><\/div><\/li><\/ul><\/div><div class=\"entry-title\"><h4 class=\"post-title-head\"><a href=\"https:\/\/ikar.dev\/bceco-v2\/developpement-de-145-territoires-ces-travaux-seront-finis-dici-6-mois-assure-le-bceco-au-kasai-central\/\" class=\"post-title\">D\u00e9veloppement de 145 territoires : \u00ab Ces travaux seront finis d\u2019ici 6 mois \u00bb, assure le BCECO au Kasa\u00ef-Central<\/a><\/h4><\/div><!-- .entry-title --><div class=\"post-excerpt\"><p>Le Bureau central de coordination(BCECO) confirme le d\u00e9marrage des travaux de d\u00e9veloppement de 145 territoires, au Kasa\u00ef-Central. Invit\u00e9 de Radio Okapi, le..<\/p>\n<\/div><!-- .post-excerpt --><div class=\"bottom-meta clearfix\"><ul class=\"nav bottom-meta-list meta-left\"><li><div class=\"post-more\"><a href=\"https:\/\/ikar.dev\/bceco-v2\/developpement-de-145-territoires-ces-travaux-seront-finis-dici-6-mois-assure-le-bceco-au-kasai-central\/\" class=\"read-more elementor-button\">Read More<\/a><\/div><\/li><\/ul><\/div><\/div><!-- .media --><\/div><!-- .media-body --><\/div><!-- .blog-inner --><\/div><!-- .col \/ .owl-carousel-item \/ .isotope --><\/div><!-- .row -->\t\t\t\r\n\t\t<\/div>\r\n\t\t\t\t<\/div>\n\t\t\t\t\t<\/div>\n\t\t<\/div>\n\t\t\t\t\t<\/div>\n\t\t<\/section>\n\t\t\t\t<\/div>\n\t\t","protected":false},"excerpt":{"rendered":"","protected":false},"author":1,"featured_media":0,"parent":0,"menu_order":0,"comment_status":"closed","ping_status":"closed","template":"","meta":{"footnotes":""},"class_list":["post-12927","page","type-page","status-publish","hentry"],"yoast_head":"<!-- This site is optimized with the Yoast SEO plugin v27.1.1 - https:\/\/yoast.com\/product\/yoast-seo-wordpress\/ -->\n<title>Blog List With Sidebar - Bureau Central de Coordination<\/title>\n<meta name=\"robots\" content=\"index, follow, max-snippet:-1, max-image-preview:large, max-video-preview:-1\" \/>\n<link rel=\"canonical\" href=\"https:\/\/ikar.dev\/bceco-v2\/blog-list-with-sidebar\/\" \/>\n<meta property=\"og:locale\" content=\"en_US\" \/>\n<meta property=\"og:type\" content=\"article\" \/>\n<meta property=\"og:title\" content=\"Blog List With Sidebar - Bureau Central de Coordination\" \/>\n<meta property=\"og:url\" content=\"https:\/\/ikar.dev\/bceco-v2\/blog-list-with-sidebar\/\" \/>\n<meta property=\"og:site_name\" content=\"Bureau Central de Coordination\" \/>\n<meta property=\"article:publisher\" content=\"https:\/\/www.facebook.com\/BCeCoRDC\" \/>\n<meta name=\"twitter:card\" content=\"summary_large_image\" \/>\n<meta name=\"twitter:site\" content=\"@BCeCoRDC\" \/>\n<meta name=\"twitter:label1\" content=\"Est. reading time\" \/>\n\t<meta name=\"twitter:data1\" content=\"4 minutes\" \/>\n<script type=\"application\/ld+json\" class=\"yoast-schema-graph\">{\"@context\":\"https:\/\/schema.org\",\"@graph\":[{\"@type\":\"WebPage\",\"@id\":\"https:\/\/ikar.dev\/bceco-v2\/blog-list-with-sidebar\/\",\"url\":\"https:\/\/ikar.dev\/bceco-v2\/blog-list-with-sidebar\/\",\"name\":\"Blog List With Sidebar - Bureau Central de Coordination\",\"isPartOf\":{\"@id\":\"https:\/\/ikar.dev\/bceco-v2\/#website\"},\"datePublished\":\"2021-09-01T10:27:58+00:00\",\"breadcrumb\":{\"@id\":\"https:\/\/ikar.dev\/bceco-v2\/blog-list-with-sidebar\/#breadcrumb\"},\"inLanguage\":\"en-US\",\"potentialAction\":[{\"@type\":\"ReadAction\",\"target\":[\"https:\/\/ikar.dev\/bceco-v2\/blog-list-with-sidebar\/\"]}]},{\"@type\":\"BreadcrumbList\",\"@id\":\"https:\/\/ikar.dev\/bceco-v2\/blog-list-with-sidebar\/#breadcrumb\",\"itemListElement\":[{\"@type\":\"ListItem\",\"position\":1,\"name\":\"Accueil\",\"item\":\"https:\/\/ikar.dev\/bceco-v2\/\"},{\"@type\":\"ListItem\",\"position\":2,\"name\":\"Blog List With Sidebar\"}]},{\"@type\":\"WebSite\",\"@id\":\"https:\/\/ikar.dev\/bceco-v2\/#website\",\"url\":\"https:\/\/ikar.dev\/bceco-v2\/\",\"name\":\"Bureau Central de Coordination\",\"description\":\"B.Ce.Co \u2013 Au c\u0153ur de l\u2019ex\u00e9cution des projets de d\u00e9veloppement en RDC\",\"publisher\":{\"@id\":\"https:\/\/ikar.dev\/bceco-v2\/#organization\"},\"potentialAction\":[{\"@type\":\"SearchAction\",\"target\":{\"@type\":\"EntryPoint\",\"urlTemplate\":\"https:\/\/ikar.dev\/bceco-v2\/?s={search_term_string}\"},\"query-input\":{\"@type\":\"PropertyValueSpecification\",\"valueRequired\":true,\"valueName\":\"search_term_string\"}}],\"inLanguage\":\"en-US\"},{\"@type\":\"Organization\",\"@id\":\"https:\/\/ikar.dev\/bceco-v2\/#organization\",\"name\":\"Bureau Central de Coordination\",\"url\":\"https:\/\/ikar.dev\/bceco-v2\/\",\"logo\":{\"@type\":\"ImageObject\",\"inLanguage\":\"en-US\",\"@id\":\"https:\/\/ikar.dev\/bceco-v2\/#\/schema\/logo\/image\/\",\"url\":\"https:\/\/ikar.dev\/bceco-v2\/wp-content\/uploads\/2025\/12\/BCECO-Bureau-Central-de-Coordination.jpg\",\"contentUrl\":\"https:\/\/ikar.dev\/bceco-v2\/wp-content\/uploads\/2025\/12\/BCECO-Bureau-Central-de-Coordination.jpg\",\"width\":2048,\"height\":2048,\"caption\":\"Bureau Central de Coordination\"},\"image\":{\"@id\":\"https:\/\/ikar.dev\/bceco-v2\/#\/schema\/logo\/image\/\"},\"sameAs\":[\"https:\/\/www.facebook.com\/BCeCoRDC\",\"https:\/\/x.com\/BCeCoRDC\"]}]}<\/script>\n<!-- \/ Yoast SEO plugin. -->","yoast_head_json":{"title":"Blog List With Sidebar - Bureau Central de Coordination","robots":{"index":"index","follow":"follow","max-snippet":"max-snippet:-1","max-image-preview":"max-image-preview:large","max-video-preview":"max-video-preview:-1"},"canonical":"https:\/\/ikar.dev\/bceco-v2\/blog-list-with-sidebar\/","og_locale":"en_US","og_type":"article","og_title":"Blog List With Sidebar - Bureau Central de Coordination","og_url":"https:\/\/ikar.dev\/bceco-v2\/blog-list-with-sidebar\/","og_site_name":"Bureau Central de Coordination","article_publisher":"https:\/\/www.facebook.com\/BCeCoRDC","twitter_card":"summary_large_image","twitter_site":"@BCeCoRDC","twitter_misc":{"Est. reading time":"4 minutes"},"schema":{"@context":"https:\/\/schema.org","@graph":[{"@type":"WebPage","@id":"https:\/\/ikar.dev\/bceco-v2\/blog-list-with-sidebar\/","url":"https:\/\/ikar.dev\/bceco-v2\/blog-list-with-sidebar\/","name":"Blog List With Sidebar - Bureau Central de Coordination","isPartOf":{"@id":"https:\/\/ikar.dev\/bceco-v2\/#website"},"datePublished":"2021-09-01T10:27:58+00:00","breadcrumb":{"@id":"https:\/\/ikar.dev\/bceco-v2\/blog-list-with-sidebar\/#breadcrumb"},"inLanguage":"en-US","potentialAction":[{"@type":"ReadAction","target":["https:\/\/ikar.dev\/bceco-v2\/blog-list-with-sidebar\/"]}]},{"@type":"BreadcrumbList","@id":"https:\/\/ikar.dev\/bceco-v2\/blog-list-with-sidebar\/#breadcrumb","itemListElement":[{"@type":"ListItem","position":1,"name":"Accueil","item":"https:\/\/ikar.dev\/bceco-v2\/"},{"@type":"ListItem","position":2,"name":"Blog List With Sidebar"}]},{"@type":"WebSite","@id":"https:\/\/ikar.dev\/bceco-v2\/#website","url":"https:\/\/ikar.dev\/bceco-v2\/","name":"Bureau Central de Coordination","description":"B.Ce.Co \u2013 Au c\u0153ur de l\u2019ex\u00e9cution des projets de d\u00e9veloppement en RDC","publisher":{"@id":"https:\/\/ikar.dev\/bceco-v2\/#organization"},"potentialAction":[{"@type":"SearchAction","target":{"@type":"EntryPoint","urlTemplate":"https:\/\/ikar.dev\/bceco-v2\/?s={search_term_string}"},"query-input":{"@type":"PropertyValueSpecification","valueRequired":true,"valueName":"search_term_string"}}],"inLanguage":"en-US"},{"@type":"Organization","@id":"https:\/\/ikar.dev\/bceco-v2\/#organization","name":"Bureau Central de Coordination","url":"https:\/\/ikar.dev\/bceco-v2\/","logo":{"@type":"ImageObject","inLanguage":"en-US","@id":"https:\/\/ikar.dev\/bceco-v2\/#\/schema\/logo\/image\/","url":"https:\/\/ikar.dev\/bceco-v2\/wp-content\/uploads\/2025\/12\/BCECO-Bureau-Central-de-Coordination.jpg","contentUrl":"https:\/\/ikar.dev\/bceco-v2\/wp-content\/uploads\/2025\/12\/BCECO-Bureau-Central-de-Coordination.jpg","width":2048,"height":2048,"caption":"Bureau Central de Coordination"},"image":{"@id":"https:\/\/ikar.dev\/bceco-v2\/#\/schema\/logo\/image\/"},"sameAs":["https:\/\/www.facebook.com\/BCeCoRDC","https:\/\/x.com\/BCeCoRDC"]}]}},"_links":{"self":[{"href":"https:\/\/ikar.dev\/bceco-v2\/wp-json\/wp\/v2\/pages\/12927","targetHints":{"allow":["GET"]}}],"collection":[{"href":"https:\/\/ikar.dev\/bceco-v2\/wp-json\/wp\/v2\/pages"}],"about":[{"href":"https:\/\/ikar.dev\/bceco-v2\/wp-json\/wp\/v2\/types\/page"}],"author":[{"embeddable":true,"href":"https:\/\/ikar.dev\/bceco-v2\/wp-json\/wp\/v2\/users\/1"}],"replies":[{"embeddable":true,"href":"https:\/\/ikar.dev\/bceco-v2\/wp-json\/wp\/v2\/comments?post=12927"}],"version-history":[{"count":0,"href":"https:\/\/ikar.dev\/bceco-v2\/wp-json\/wp\/v2\/pages\/12927\/revisions"}],"wp:attachment":[{"href":"https:\/\/ikar.dev\/bceco-v2\/wp-json\/wp\/v2\/media?parent=12927"}],"curies":[{"name":"wp","href":"https:\/\/api.w.org\/{rel}","templated":true}]}}