{"id":10786,"date":"2025-12-10T11:47:49","date_gmt":"2025-12-10T10:47:49","guid":{"rendered":"https:\/\/elementor.zozothemes.com\/corpkit\/contact-copy\/"},"modified":"2025-12-22T10:49:54","modified_gmt":"2025-12-22T09:49:54","slug":"bceco","status":"publish","type":"page","link":"https:\/\/ikar.dev\/bceco-v2\/bceco\/","title":{"rendered":"BCeCo"},"content":{"rendered":"\t\t<div data-elementor-type=\"wp-page\" data-elementor-id=\"10786\" class=\"elementor elementor-10786\" data-elementor-post-type=\"page\">\n\t\t\t\t\t\t<section class=\"elementor-section elementor-top-section elementor-element elementor-element-3bfedb7 elementor-section-content-middle elementor-section-stretched elementor-section-boxed elementor-section-height-default elementor-section-height-default\" data-id=\"3bfedb7\" data-element_type=\"section\" data-settings=\"{&quot;stretch_section&quot;:&quot;section-stretched&quot;}\">\n\t\t\t\t\t\t<div class=\"elementor-container elementor-column-gap-extended\">\n\t\t\t\t\t<div class=\"elementor-column elementor-col-50 elementor-top-column elementor-element elementor-element-b340c46\" data-id=\"b340c46\" data-element_type=\"column\">\n\t\t\t<div class=\"elementor-widget-wrap elementor-element-populated\">\n\t\t\t\t\t\t<div class=\"elementor-element elementor-element-5b12b3a elementor-widget elementor-widget-image\" data-id=\"5b12b3a\" data-element_type=\"widget\" data-widget_type=\"image.default\">\n\t\t\t\t\t\t\t\t\t\t\t\t\t\t\t<img decoding=\"async\" src=\"https:\/\/ikar.dev\/bceco-v2\/wp-content\/uploads\/elementor\/thumbs\/Le-BCECO-decide-a-livrer-la-vraie-information-9-rg1o37l0tohxwp9620ivqxpu88yfuhssp67xthm4xc.jpg\" title=\"Le BCECO de\u0301cide\u0301 a\u0300 livrer la vraie information 9\" alt=\"Le BCECO de\u0301cide\u0301 a\u0300 livrer la vraie information 9\" loading=\"lazy\" \/>\t\t\t\t\t\t\t\t\t\t\t\t\t\t\t<\/div>\n\t\t\t\t\t<\/div>\n\t\t<\/div>\n\t\t\t\t<div class=\"elementor-column elementor-col-50 elementor-top-column elementor-element elementor-element-0487fdd\" data-id=\"0487fdd\" data-element_type=\"column\">\n\t\t\t<div class=\"elementor-widget-wrap elementor-element-populated\">\n\t\t\t\t\t\t<div class=\"elementor-element elementor-element-8648a5b cea-align-left elementor-widget elementor-widget-ceasectiontitle\" data-id=\"8648a5b\" data-element_type=\"widget\" data-widget_type=\"ceasectiontitle.default\">\n\t\t\t\t<div class=\"elementor-widget-container\">\n\t\t\t\t\t<div class=\"section-title-wrapper\"><div class=\"title-wrap\"><h2 class=\"section-title\"><\/h2><\/div><!-- .title-wrap --><div class=\"section-description\"><p class=\"section-content\">Le Bureau Central de Coordination (B.Ce.Co) est un service public strat\u00e9gique de la R\u00e9publique d\u00e9mocratique du Congo, plac\u00e9 sous la tutelle du Minist\u00e8re des Finances. Il a pour mission principale d\u2019assurer la gestion, la coordination et l\u2019ex\u00e9cution des projets et programmes de d\u00e9veloppement, financ\u00e9s aussi bien sur ressources propres de l\u2019\u00c9tat que par les bailleurs de fonds bilat\u00e9raux et multilat\u00e9raux.\n<p>\nCr\u00e9\u00e9 dans le contexte de la relance de la coop\u00e9ration internationale, le B.Ce.Co constitue la premi\u00e8re agence nationale d\u2019ex\u00e9cution des projets de d\u00e9veloppement mise en place apr\u00e8s la reprise des relations entre la RDC, le Fonds mon\u00e9taire international (FMI) et la Banque mondiale (BM). Il a \u00e9t\u00e9 institu\u00e9 par le D\u00e9cret pr\u00e9sidentiel n\u00b0039\/2001 du 8 ao\u00fbt 2001.\n<\/p>\n<p>\u00c0 travers son action, le B.Ce.Co contribue activement \u00e0 la mise en \u0153uvre des politiques publiques de d\u00e9veloppement, au renforcement de la gouvernance financi\u00e8re, ainsi qu\u2019\u00e0 l\u2019optimisation de l\u2019impact des financements mobilis\u00e9s au b\u00e9n\u00e9fice du d\u00e9veloppement \u00e9conomique et social du pays.<\/p><\/p><\/div><!-- .section-description --><\/div><!-- .section-title-wrapper -->\t\t\t\t<\/div>\n\t\t\t\t<\/div>\n\t\t\t\t\t<\/div>\n\t\t<\/div>\n\t\t\t\t\t<\/div>\n\t\t<\/section>\n\t\t\t\t<\/div>\n\t\t","protected":false},"excerpt":{"rendered":"<p>Le Bureau Central de Coordination (B.Ce.Co) est un service public strat\u00e9gique de la R\u00e9publique d\u00e9mocratique du Congo, plac\u00e9 sous la tutelle du Minist\u00e8re des Finances. Il a pour mission principale d\u2019assurer la gestion, la coordination et l\u2019ex\u00e9cution des projets et programmes de d\u00e9veloppement, financ\u00e9s aussi bien sur ressources propres de l\u2019\u00c9tat que par les bailleurs<\/p>\n","protected":false},"author":1,"featured_media":0,"parent":0,"menu_order":0,"comment_status":"closed","ping_status":"closed","template":"","meta":{"footnotes":""},"class_list":["post-10786","page","type-page","status-publish","hentry"],"yoast_head":"<!-- This site is optimized with the Yoast SEO plugin v26.7 - https:\/\/yoast.com\/wordpress\/plugins\/seo\/ -->\n<title>BCeCo - Bureau Central de Coordination<\/title>\n<meta name=\"robots\" content=\"index, follow, max-snippet:-1, max-image-preview:large, max-video-preview:-1\" \/>\n<link rel=\"canonical\" href=\"https:\/\/ikar.dev\/bceco-v2\/bceco\/\" \/>\n<meta property=\"og:locale\" content=\"en_US\" \/>\n<meta property=\"og:type\" content=\"article\" \/>\n<meta property=\"og:title\" content=\"BCeCo - Bureau Central de Coordination\" \/>\n<meta property=\"og:description\" content=\"Le Bureau Central de Coordination (B.Ce.Co) est un service public strat\u00e9gique de la R\u00e9publique d\u00e9mocratique du Congo, plac\u00e9 sous la tutelle du Minist\u00e8re des Finances. Il a pour mission principale d\u2019assurer la gestion, la coordination et l\u2019ex\u00e9cution des projets et programmes de d\u00e9veloppement, financ\u00e9s aussi bien sur ressources propres de l\u2019\u00c9tat que par les bailleurs\" \/>\n<meta property=\"og:url\" content=\"https:\/\/ikar.dev\/bceco-v2\/bceco\/\" \/>\n<meta property=\"og:site_name\" content=\"Bureau Central de Coordination\" \/>\n<meta property=\"article:publisher\" content=\"https:\/\/www.facebook.com\/BCeCoRDC\" \/>\n<meta property=\"article:modified_time\" content=\"2025-12-22T09:49:54+00:00\" \/>\n<meta property=\"og:image\" content=\"https:\/\/ikar.dev\/bceco-v2\/wp-content\/uploads\/elementor\/thumbs\/Le-BCECO-decide-a-livrer-la-vraie-information-9-rg1o37l0tohxwp9620ivqxpu88yfuhssp67xthm4xc.jpg\" \/>\n<meta name=\"twitter:card\" content=\"summary_large_image\" \/>\n<meta name=\"twitter:site\" content=\"@BCeCoRDC\" \/>\n<meta name=\"twitter:label1\" content=\"Est. reading time\" \/>\n\t<meta name=\"twitter:data1\" content=\"1 minute\" \/>\n<script type=\"application\/ld+json\" class=\"yoast-schema-graph\">{\"@context\":\"https:\/\/schema.org\",\"@graph\":[{\"@type\":\"WebPage\",\"@id\":\"https:\/\/ikar.dev\/bceco-v2\/bceco\/\",\"url\":\"https:\/\/ikar.dev\/bceco-v2\/bceco\/\",\"name\":\"BCeCo - Bureau Central de Coordination\",\"isPartOf\":{\"@id\":\"https:\/\/ikar.dev\/bceco-v2\/#website\"},\"primaryImageOfPage\":{\"@id\":\"https:\/\/ikar.dev\/bceco-v2\/bceco\/#primaryimage\"},\"image\":{\"@id\":\"https:\/\/ikar.dev\/bceco-v2\/bceco\/#primaryimage\"},\"thumbnailUrl\":\"https:\/\/ikar.dev\/bceco-v2\/wp-content\/uploads\/elementor\/thumbs\/Le-BCECO-decide-a-livrer-la-vraie-information-9-rg1o37l0tohxwp9620ivqxpu88yfuhssp67xthm4xc.jpg\",\"datePublished\":\"2025-12-10T10:47:49+00:00\",\"dateModified\":\"2025-12-22T09:49:54+00:00\",\"breadcrumb\":{\"@id\":\"https:\/\/ikar.dev\/bceco-v2\/bceco\/#breadcrumb\"},\"inLanguage\":\"en-US\",\"potentialAction\":[{\"@type\":\"ReadAction\",\"target\":[\"https:\/\/ikar.dev\/bceco-v2\/bceco\/\"]}]},{\"@type\":\"ImageObject\",\"inLanguage\":\"en-US\",\"@id\":\"https:\/\/ikar.dev\/bceco-v2\/bceco\/#primaryimage\",\"url\":\"https:\/\/ikar.dev\/bceco-v2\/wp-content\/uploads\/elementor\/thumbs\/Le-BCECO-decide-a-livrer-la-vraie-information-9-rg1o37l0tohxwp9620ivqxpu88yfuhssp67xthm4xc.jpg\",\"contentUrl\":\"https:\/\/ikar.dev\/bceco-v2\/wp-content\/uploads\/elementor\/thumbs\/Le-BCECO-decide-a-livrer-la-vraie-information-9-rg1o37l0tohxwp9620ivqxpu88yfuhssp67xthm4xc.jpg\"},{\"@type\":\"BreadcrumbList\",\"@id\":\"https:\/\/ikar.dev\/bceco-v2\/bceco\/#breadcrumb\",\"itemListElement\":[{\"@type\":\"ListItem\",\"position\":1,\"name\":\"Accueil\",\"item\":\"https:\/\/ikar.dev\/bceco-v2\/\"},{\"@type\":\"ListItem\",\"position\":2,\"name\":\"BCeCo\"}]},{\"@type\":\"WebSite\",\"@id\":\"https:\/\/ikar.dev\/bceco-v2\/#website\",\"url\":\"https:\/\/ikar.dev\/bceco-v2\/\",\"name\":\"Bureau Central de Coordination\",\"description\":\"B.Ce.Co \u2013 Au c\u0153ur de l\u2019ex\u00e9cution des projets de d\u00e9veloppement en RDC\",\"publisher\":{\"@id\":\"https:\/\/ikar.dev\/bceco-v2\/#organization\"},\"potentialAction\":[{\"@type\":\"SearchAction\",\"target\":{\"@type\":\"EntryPoint\",\"urlTemplate\":\"https:\/\/ikar.dev\/bceco-v2\/?s={search_term_string}\"},\"query-input\":{\"@type\":\"PropertyValueSpecification\",\"valueRequired\":true,\"valueName\":\"search_term_string\"}}],\"inLanguage\":\"en-US\"},{\"@type\":\"Organization\",\"@id\":\"https:\/\/ikar.dev\/bceco-v2\/#organization\",\"name\":\"Bureau Central de Coordination\",\"url\":\"https:\/\/ikar.dev\/bceco-v2\/\",\"logo\":{\"@type\":\"ImageObject\",\"inLanguage\":\"en-US\",\"@id\":\"https:\/\/ikar.dev\/bceco-v2\/#\/schema\/logo\/image\/\",\"url\":\"https:\/\/ikar.dev\/bceco-v2\/wp-content\/uploads\/2025\/12\/BCECO-Bureau-Central-de-Coordination.jpg\",\"contentUrl\":\"https:\/\/ikar.dev\/bceco-v2\/wp-content\/uploads\/2025\/12\/BCECO-Bureau-Central-de-Coordination.jpg\",\"width\":2048,\"height\":2048,\"caption\":\"Bureau Central de Coordination\"},\"image\":{\"@id\":\"https:\/\/ikar.dev\/bceco-v2\/#\/schema\/logo\/image\/\"},\"sameAs\":[\"https:\/\/www.facebook.com\/BCeCoRDC\",\"https:\/\/x.com\/BCeCoRDC\"]}]}<\/script>\n<!-- \/ Yoast SEO plugin. -->","yoast_head_json":{"title":"BCeCo - Bureau Central de Coordination","robots":{"index":"index","follow":"follow","max-snippet":"max-snippet:-1","max-image-preview":"max-image-preview:large","max-video-preview":"max-video-preview:-1"},"canonical":"https:\/\/ikar.dev\/bceco-v2\/bceco\/","og_locale":"en_US","og_type":"article","og_title":"BCeCo - Bureau Central de Coordination","og_description":"Le Bureau Central de Coordination (B.Ce.Co) est un service public strat\u00e9gique de la R\u00e9publique d\u00e9mocratique du Congo, plac\u00e9 sous la tutelle du Minist\u00e8re des Finances. Il a pour mission principale d\u2019assurer la gestion, la coordination et l\u2019ex\u00e9cution des projets et programmes de d\u00e9veloppement, financ\u00e9s aussi bien sur ressources propres de l\u2019\u00c9tat que par les bailleurs","og_url":"https:\/\/ikar.dev\/bceco-v2\/bceco\/","og_site_name":"Bureau Central de Coordination","article_publisher":"https:\/\/www.facebook.com\/BCeCoRDC","article_modified_time":"2025-12-22T09:49:54+00:00","og_image":[{"url":"https:\/\/ikar.dev\/bceco-v2\/wp-content\/uploads\/elementor\/thumbs\/Le-BCECO-decide-a-livrer-la-vraie-information-9-rg1o37l0tohxwp9620ivqxpu88yfuhssp67xthm4xc.jpg","type":"","width":"","height":""}],"twitter_card":"summary_large_image","twitter_site":"@BCeCoRDC","twitter_misc":{"Est. reading time":"1 minute"},"schema":{"@context":"https:\/\/schema.org","@graph":[{"@type":"WebPage","@id":"https:\/\/ikar.dev\/bceco-v2\/bceco\/","url":"https:\/\/ikar.dev\/bceco-v2\/bceco\/","name":"BCeCo - Bureau Central de Coordination","isPartOf":{"@id":"https:\/\/ikar.dev\/bceco-v2\/#website"},"primaryImageOfPage":{"@id":"https:\/\/ikar.dev\/bceco-v2\/bceco\/#primaryimage"},"image":{"@id":"https:\/\/ikar.dev\/bceco-v2\/bceco\/#primaryimage"},"thumbnailUrl":"https:\/\/ikar.dev\/bceco-v2\/wp-content\/uploads\/elementor\/thumbs\/Le-BCECO-decide-a-livrer-la-vraie-information-9-rg1o37l0tohxwp9620ivqxpu88yfuhssp67xthm4xc.jpg","datePublished":"2025-12-10T10:47:49+00:00","dateModified":"2025-12-22T09:49:54+00:00","breadcrumb":{"@id":"https:\/\/ikar.dev\/bceco-v2\/bceco\/#breadcrumb"},"inLanguage":"en-US","potentialAction":[{"@type":"ReadAction","target":["https:\/\/ikar.dev\/bceco-v2\/bceco\/"]}]},{"@type":"ImageObject","inLanguage":"en-US","@id":"https:\/\/ikar.dev\/bceco-v2\/bceco\/#primaryimage","url":"https:\/\/ikar.dev\/bceco-v2\/wp-content\/uploads\/elementor\/thumbs\/Le-BCECO-decide-a-livrer-la-vraie-information-9-rg1o37l0tohxwp9620ivqxpu88yfuhssp67xthm4xc.jpg","contentUrl":"https:\/\/ikar.dev\/bceco-v2\/wp-content\/uploads\/elementor\/thumbs\/Le-BCECO-decide-a-livrer-la-vraie-information-9-rg1o37l0tohxwp9620ivqxpu88yfuhssp67xthm4xc.jpg"},{"@type":"BreadcrumbList","@id":"https:\/\/ikar.dev\/bceco-v2\/bceco\/#breadcrumb","itemListElement":[{"@type":"ListItem","position":1,"name":"Accueil","item":"https:\/\/ikar.dev\/bceco-v2\/"},{"@type":"ListItem","position":2,"name":"BCeCo"}]},{"@type":"WebSite","@id":"https:\/\/ikar.dev\/bceco-v2\/#website","url":"https:\/\/ikar.dev\/bceco-v2\/","name":"Bureau Central de Coordination","description":"B.Ce.Co \u2013 Au c\u0153ur de l\u2019ex\u00e9cution des projets de d\u00e9veloppement en RDC","publisher":{"@id":"https:\/\/ikar.dev\/bceco-v2\/#organization"},"potentialAction":[{"@type":"SearchAction","target":{"@type":"EntryPoint","urlTemplate":"https:\/\/ikar.dev\/bceco-v2\/?s={search_term_string}"},"query-input":{"@type":"PropertyValueSpecification","valueRequired":true,"valueName":"search_term_string"}}],"inLanguage":"en-US"},{"@type":"Organization","@id":"https:\/\/ikar.dev\/bceco-v2\/#organization","name":"Bureau Central de Coordination","url":"https:\/\/ikar.dev\/bceco-v2\/","logo":{"@type":"ImageObject","inLanguage":"en-US","@id":"https:\/\/ikar.dev\/bceco-v2\/#\/schema\/logo\/image\/","url":"https:\/\/ikar.dev\/bceco-v2\/wp-content\/uploads\/2025\/12\/BCECO-Bureau-Central-de-Coordination.jpg","contentUrl":"https:\/\/ikar.dev\/bceco-v2\/wp-content\/uploads\/2025\/12\/BCECO-Bureau-Central-de-Coordination.jpg","width":2048,"height":2048,"caption":"Bureau Central de Coordination"},"image":{"@id":"https:\/\/ikar.dev\/bceco-v2\/#\/schema\/logo\/image\/"},"sameAs":["https:\/\/www.facebook.com\/BCeCoRDC","https:\/\/x.com\/BCeCoRDC"]}]}},"_links":{"self":[{"href":"https:\/\/ikar.dev\/bceco-v2\/wp-json\/wp\/v2\/pages\/10786","targetHints":{"allow":["GET"]}}],"collection":[{"href":"https:\/\/ikar.dev\/bceco-v2\/wp-json\/wp\/v2\/pages"}],"about":[{"href":"https:\/\/ikar.dev\/bceco-v2\/wp-json\/wp\/v2\/types\/page"}],"author":[{"embeddable":true,"href":"https:\/\/ikar.dev\/bceco-v2\/wp-json\/wp\/v2\/users\/1"}],"replies":[{"embeddable":true,"href":"https:\/\/ikar.dev\/bceco-v2\/wp-json\/wp\/v2\/comments?post=10786"}],"version-history":[{"count":19,"href":"https:\/\/ikar.dev\/bceco-v2\/wp-json\/wp\/v2\/pages\/10786\/revisions"}],"predecessor-version":[{"id":56256,"href":"https:\/\/ikar.dev\/bceco-v2\/wp-json\/wp\/v2\/pages\/10786\/revisions\/56256"}],"wp:attachment":[{"href":"https:\/\/ikar.dev\/bceco-v2\/wp-json\/wp\/v2\/media?parent=10786"}],"curies":[{"name":"wp","href":"https:\/\/api.w.org\/{rel}","templated":true}]}}