{"id":10663,"date":"2025-12-11T09:40:53","date_gmt":"2025-12-11T08:40:53","guid":{"rendered":"https:\/\/elementor.zozothemes.com\/corpkit\/contact-copy\/"},"modified":"2025-12-22T00:50:22","modified_gmt":"2025-12-21T23:50:22","slug":"projets","status":"publish","type":"page","link":"https:\/\/ikar.dev\/bceco-v2\/projets\/","title":{"rendered":"Projets"},"content":{"rendered":"\t\t<div data-elementor-type=\"wp-page\" data-elementor-id=\"10663\" class=\"elementor elementor-10663\" data-elementor-post-type=\"page\">\n\t\t\t\t\t\t<section class=\"elementor-section elementor-top-section elementor-element elementor-element-7f7d0aa elementor-section-content-middle elementor-section-stretched elementor-section-boxed elementor-section-height-default elementor-section-height-default\" data-id=\"7f7d0aa\" data-element_type=\"section\" data-e-type=\"section\" data-settings=\"{&quot;stretch_section&quot;:&quot;section-stretched&quot;,&quot;background_background&quot;:&quot;classic&quot;}\">\n\t\t\t\t\t\t\t<div class=\"elementor-background-overlay\"><\/div>\n\t\t\t\t\t\t\t<div class=\"elementor-container elementor-column-gap-extended\">\n\t\t\t\t\t<div class=\"elementor-column elementor-col-100 elementor-top-column elementor-element elementor-element-ce4dcea\" data-id=\"ce4dcea\" data-element_type=\"column\" data-e-type=\"column\">\n\t\t\t<div class=\"elementor-widget-wrap elementor-element-populated\">\n\t\t\t\t\t\t<div class=\"elementor-element elementor-element-1f06873 elementor-widget elementor-widget-ceaservice\" data-id=\"1f06873\" data-element_type=\"widget\" data-e-type=\"widget\" data-widget_type=\"ceaservice.default\">\n\t\t\t\t\r\n\t\t<div class=\"elementor-widget-container service-wrapper service-style-modern service-light service-normal-model\">\r\n\t\t\r\n\t\t\t<div class=\"row\"><div class=\"col-lg-4 col-md-4\"><div class=\"service-inner\"><div class=\"post-thumb\"><a href=\"https:\/\/ikar.dev\/bceco-v2\/service\/programme-de-developpement-local-des-145-territoires-pdl-145t\/\" class=\"post-image-link\"><img decoding=\"async\" src=\"https:\/\/ikar.dev\/bceco-v2\/wp-content\/uploads\/2025\/11\/Provinces-dintervention-du-BCECO.webp\" title=\"Provinces-dintervention-du-BCECO\" alt=\"\" class=\"img-fluid squared\" \/><\/a><\/div><!-- .post-thumb --><div class=\"service-icon-img-wrap\"><img decoding=\"async\" src=\"https:\/\/ikar.dev\/bceco-v2\/wp-content\/uploads\/2025\/11\/Carte-PDL-145T.png\" class=\"img-fluid service-icon-img\" alt=\"Programme de D\u00e9veloppement Local des 145 Territoires (PDL-145T)\" \/><\/div><div class=\"entry-title\"><h4 class=\"post-title-head\"><a href=\"https:\/\/ikar.dev\/bceco-v2\/service\/programme-de-developpement-local-des-145-territoires-pdl-145t\/\" class=\"post-title\">Programme de D\u00e9veloppement Local des 145 Territoires (PDL-145T)<\/a><\/h4><\/div><!-- .entry-title --><div class=\"post-excerpt\">Composantes du PDL-145T Composante 1 : Am\u00e9liorer l\u2019acc\u00e8s des populations des territoires ruraux..<\/div><!-- .post-excerpt --><\/div><!-- .service-inner --><\/div><!-- .col \/ .owl-carousel-item \/ .isotope --><div class=\"col-lg-4 col-md-4\"><div class=\"service-inner\"><div class=\"post-thumb\"><a href=\"https:\/\/ikar.dev\/bceco-v2\/service\/programme-presidentiel-accelere-de-lutte-contre-la-pauvrete-et-les-inegalites-ppa-lcpi\/\" class=\"post-image-link\"><img decoding=\"async\" src=\"https:\/\/ikar.dev\/bceco-v2\/wp-content\/uploads\/2025\/12\/LE-BCECO-rehabilite-90-kms-de-routes-a-Kisangani3.jpg\" title=\"LE-BCECO-rehabilite-90-kms-de-routes-a\u0300-Kisangani3\" alt=\"\" class=\"img-fluid squared img-fluid squared\" \/><\/a><\/div><!-- .post-thumb --><div class=\"service-icon-img-wrap\"><img decoding=\"async\" src=\"https:\/\/ikar.dev\/bceco-v2\/wp-content\/uploads\/2021\/08\/012-analytics-1.png\" class=\"img-fluid service-icon-img\" alt=\"Programme Pr\u00e9sidentiel Acc\u00e9l\u00e9r\u00e9 de Lutte contre la Pauvret\u00e9 et les In\u00e9galit\u00e9s (PPA-LCPI)\" \/><\/div><div class=\"entry-title\"><h4 class=\"post-title-head\"><a href=\"https:\/\/ikar.dev\/bceco-v2\/service\/programme-presidentiel-accelere-de-lutte-contre-la-pauvrete-et-les-inegalites-ppa-lcpi\/\" class=\"post-title\">Programme Pr\u00e9sidentiel Acc\u00e9l\u00e9r\u00e9 de Lutte contre la Pauvret\u00e9 et les In\u00e9galit\u00e9s (PPA-LCPI)<\/a><\/h4><\/div><!-- .entry-title --><div class=\"post-excerpt\">Programme Pr\u00e9sidentiel Acc\u00e9l\u00e9r\u00e9 de Lutte contre la Pauvret\u00e9 et les In\u00e9galit\u00e9s (PPA-LCPI) Le..<\/div><!-- .post-excerpt --><\/div><!-- .service-inner --><\/div><!-- .col \/ .owl-carousel-item \/ .isotope --><div class=\"col-lg-4 col-md-4\"><div class=\"service-inner\"><div class=\"post-thumb\"><a href=\"https:\/\/ikar.dev\/bceco-v2\/service\/projet-de-coup-de-pouce-a-lentrepreneuriat-culturel-et-creatif-pcecc\/\" class=\"post-image-link\"><img decoding=\"async\" src=\"https:\/\/ikar.dev\/bceco-v2\/wp-content\/uploads\/2024\/04\/Le-BCECO-decide-a-livrer-la-vraie-information-12.jpg\" title=\"Le BCECO de\u0301cide\u0301 a\u0300 livrer la vraie information 12\" alt=\"\" class=\"img-fluid squared img-fluid squared img-fluid squared\" \/><\/a><\/div><!-- .post-thumb --><div class=\"service-icon-img-wrap\"><img decoding=\"async\" src=\"https:\/\/ikar.dev\/bceco-v2\/wp-content\/uploads\/2021\/08\/010-stock-market-1.png\" class=\"img-fluid service-icon-img\" alt=\"Projet de Coup de Pouce \u00e0 l&#8217;Entrepreneuriat Culturel et Cr\u00e9atif (PCECC)\" \/><\/div><div class=\"entry-title\"><h4 class=\"post-title-head\"><a href=\"https:\/\/ikar.dev\/bceco-v2\/service\/projet-de-coup-de-pouce-a-lentrepreneuriat-culturel-et-creatif-pcecc\/\" class=\"post-title\">Projet de Coup de Pouce \u00e0 l&#8217;Entrepreneuriat Culturel et Cr\u00e9atif (PCECC)<\/a><\/h4><\/div><!-- .entry-title --><div class=\"post-excerpt\"><\/div><!-- .post-excerpt --><\/div><!-- .service-inner --><\/div><!-- .col \/ .owl-carousel-item \/ .isotope --><\/div><!-- .row --><div class=\"row\"><div class=\"col-lg-4 col-md-4\"><div class=\"service-inner\"><div class=\"post-thumb\"><a href=\"https:\/\/ikar.dev\/bceco-v2\/service\/projet-de-rehabilitation-et-reconstruction-des-infrastructures-scolaires-prris\/\" class=\"post-image-link\"><img decoding=\"async\" src=\"https:\/\/ikar.dev\/bceco-v2\/wp-content\/uploads\/2025\/12\/Projet-de-Rehabilitation-et-Reconstruction-des-Infrastructures-Scolaires-PRRIS.jpg\" title=\"Projet de Re\u0301habilitation et Reconstruction des Infrastructures Scolaires (PRRIS)\" alt=\"\" class=\"img-fluid squared img-fluid squared img-fluid squared img-fluid squared\" \/><\/a><\/div><!-- .post-thumb --><div class=\"service-icon-img-wrap\"><img decoding=\"async\" src=\"https:\/\/ikar.dev\/bceco-v2\/wp-content\/uploads\/2021\/08\/006-pie-chart-1.png\" class=\"img-fluid service-icon-img\" alt=\"Projet de R\u00e9habilitation et Reconstruction des Infrastructures Scolaires (PRRIS)\" \/><\/div><div class=\"entry-title\"><h4 class=\"post-title-head\"><a href=\"https:\/\/ikar.dev\/bceco-v2\/service\/projet-de-rehabilitation-et-reconstruction-des-infrastructures-scolaires-prris\/\" class=\"post-title\">Projet de R\u00e9habilitation et Reconstruction des Infrastructures Scolaires (PRRIS)<\/a><\/h4><\/div><!-- .entry-title --><div class=\"post-excerpt\">Projet de R\u00e9habilitation et Reconstruction des Infrastructures Scolaires (PRRIS) Le Projet de R\u00e9habilitation..<\/div><!-- .post-excerpt --><\/div><!-- .service-inner --><\/div><!-- .col \/ .owl-carousel-item \/ .isotope --><div class=\"col-lg-4 col-md-4\"><div class=\"service-inner\"><div class=\"post-thumb\"><a href=\"https:\/\/ikar.dev\/bceco-v2\/service\/modernisation-de-la-voirie-urbaine-de-kinshasa\/\" class=\"post-image-link\"><img decoding=\"async\" src=\"https:\/\/ikar.dev\/bceco-v2\/wp-content\/uploads\/2025\/12\/Modernisation-de-la-Voirie-Urbaine-de-Kinshasa.jpg\" title=\"Modernisation de la Voirie Urbaine de Kinshasa\" alt=\"\" class=\"img-fluid squared img-fluid squared img-fluid squared img-fluid squared img-fluid squared\" \/><\/a><\/div><!-- .post-thumb --><div class=\"service-icon-img-wrap\"><img decoding=\"async\" src=\"https:\/\/ikar.dev\/bceco-v2\/wp-content\/uploads\/2021\/08\/011-diagram-1.png\" class=\"img-fluid service-icon-img\" alt=\"Modernisation de la Voirie Urbaine de Kinshasa\" \/><\/div><div class=\"entry-title\"><h4 class=\"post-title-head\"><a href=\"https:\/\/ikar.dev\/bceco-v2\/service\/modernisation-de-la-voirie-urbaine-de-kinshasa\/\" class=\"post-title\">Modernisation de la Voirie Urbaine de Kinshasa<\/a><\/h4><\/div><!-- .entry-title --><div class=\"post-excerpt\">Modernisation de la Voirie Urbaine de Kinshasa La modernisation de la voirie urbaine..<\/div><!-- .post-excerpt --><\/div><!-- .service-inner --><\/div><!-- .col \/ .owl-carousel-item \/ .isotope --><div class=\"col-lg-4 col-md-4\"><div class=\"service-inner\"><div class=\"post-thumb\"><a href=\"https:\/\/ikar.dev\/bceco-v2\/service\/programme-de-renovation-des-structures-sanitaires-contre-la-covid-19-press-covid-19\/\" class=\"post-image-link\"><img decoding=\"async\" src=\"https:\/\/ikar.dev\/bceco-v2\/wp-content\/uploads\/2023\/12\/Appui-au-systeme-sanitaire-congolais-_-Le-BCECO-remet-un-lot-de-vehicules-a-lINRB-1.jpg\" title=\"Appui au syste\u0300me sanitaire congolais _ Le BCECO remet un lot de ve\u0301hicules a\u0300 l&#8217;INRB ! (1)\" alt=\"\" class=\"img-fluid squared img-fluid squared img-fluid squared img-fluid squared img-fluid squared img-fluid squared\" \/><\/a><\/div><!-- .post-thumb --><div class=\"service-icon-img-wrap\"><img decoding=\"async\" src=\"https:\/\/ikar.dev\/bceco-v2\/wp-content\/uploads\/2021\/08\/009-earning-1.png\" class=\"img-fluid service-icon-img\" alt=\"Programme de R\u00e9novation des Structures Sanitaires contre la COVID-19 (PRESS-COVID-19)\" \/><\/div><div class=\"entry-title\"><h4 class=\"post-title-head\"><a href=\"https:\/\/ikar.dev\/bceco-v2\/service\/programme-de-renovation-des-structures-sanitaires-contre-la-covid-19-press-covid-19\/\" class=\"post-title\">Programme de R\u00e9novation des Structures Sanitaires contre la COVID-19 (PRESS-COVID-19)<\/a><\/h4><\/div><!-- .entry-title --><div class=\"post-excerpt\"><\/div><!-- .post-excerpt --><\/div><!-- .service-inner --><\/div><!-- .col \/ .owl-carousel-item \/ .isotope --><\/div><!-- .row -->\t\t\t\r\n\t\t<\/div>\r\n\t\t\t\t<\/div>\n\t\t\t\t\t<\/div>\n\t\t<\/div>\n\t\t\t\t\t<\/div>\n\t\t<\/section>\n\t\t\t\t<\/div>\n\t\t","protected":false},"excerpt":{"rendered":"","protected":false},"author":1,"featured_media":0,"parent":0,"menu_order":0,"comment_status":"closed","ping_status":"closed","template":"","meta":{"footnotes":""},"class_list":["post-10663","page","type-page","status-publish","hentry"],"yoast_head":"<!-- This site is optimized with the Yoast SEO plugin v27.0 - https:\/\/yoast.com\/product\/yoast-seo-wordpress\/ -->\n<title>Projets - Bureau Central de Coordination<\/title>\n<meta name=\"robots\" content=\"index, follow, max-snippet:-1, max-image-preview:large, max-video-preview:-1\" \/>\n<link rel=\"canonical\" href=\"https:\/\/ikar.dev\/bceco-v2\/projets\/\" \/>\n<meta property=\"og:locale\" content=\"en_US\" \/>\n<meta property=\"og:type\" content=\"article\" \/>\n<meta property=\"og:title\" content=\"Projets - Bureau Central de Coordination\" \/>\n<meta property=\"og:url\" content=\"https:\/\/ikar.dev\/bceco-v2\/projets\/\" \/>\n<meta property=\"og:site_name\" content=\"Bureau Central de Coordination\" \/>\n<meta property=\"article:publisher\" content=\"https:\/\/www.facebook.com\/BCeCoRDC\" \/>\n<meta property=\"article:modified_time\" content=\"2025-12-21T23:50:22+00:00\" \/>\n<meta name=\"twitter:card\" content=\"summary_large_image\" \/>\n<meta name=\"twitter:site\" content=\"@BCeCoRDC\" \/>\n<script type=\"application\/ld+json\" class=\"yoast-schema-graph\">{\"@context\":\"https:\/\/schema.org\",\"@graph\":[{\"@type\":\"WebPage\",\"@id\":\"https:\/\/ikar.dev\/bceco-v2\/projets\/\",\"url\":\"https:\/\/ikar.dev\/bceco-v2\/projets\/\",\"name\":\"Projets - Bureau Central de Coordination\",\"isPartOf\":{\"@id\":\"https:\/\/ikar.dev\/bceco-v2\/#website\"},\"datePublished\":\"2025-12-11T08:40:53+00:00\",\"dateModified\":\"2025-12-21T23:50:22+00:00\",\"breadcrumb\":{\"@id\":\"https:\/\/ikar.dev\/bceco-v2\/projets\/#breadcrumb\"},\"inLanguage\":\"en-US\",\"potentialAction\":[{\"@type\":\"ReadAction\",\"target\":[\"https:\/\/ikar.dev\/bceco-v2\/projets\/\"]}]},{\"@type\":\"BreadcrumbList\",\"@id\":\"https:\/\/ikar.dev\/bceco-v2\/projets\/#breadcrumb\",\"itemListElement\":[{\"@type\":\"ListItem\",\"position\":1,\"name\":\"Accueil\",\"item\":\"https:\/\/ikar.dev\/bceco-v2\/\"},{\"@type\":\"ListItem\",\"position\":2,\"name\":\"Projets\"}]},{\"@type\":\"WebSite\",\"@id\":\"https:\/\/ikar.dev\/bceco-v2\/#website\",\"url\":\"https:\/\/ikar.dev\/bceco-v2\/\",\"name\":\"Bureau Central de Coordination\",\"description\":\"B.Ce.Co \u2013 Au c\u0153ur de l\u2019ex\u00e9cution des projets de d\u00e9veloppement en RDC\",\"publisher\":{\"@id\":\"https:\/\/ikar.dev\/bceco-v2\/#organization\"},\"potentialAction\":[{\"@type\":\"SearchAction\",\"target\":{\"@type\":\"EntryPoint\",\"urlTemplate\":\"https:\/\/ikar.dev\/bceco-v2\/?s={search_term_string}\"},\"query-input\":{\"@type\":\"PropertyValueSpecification\",\"valueRequired\":true,\"valueName\":\"search_term_string\"}}],\"inLanguage\":\"en-US\"},{\"@type\":\"Organization\",\"@id\":\"https:\/\/ikar.dev\/bceco-v2\/#organization\",\"name\":\"Bureau Central de Coordination\",\"url\":\"https:\/\/ikar.dev\/bceco-v2\/\",\"logo\":{\"@type\":\"ImageObject\",\"inLanguage\":\"en-US\",\"@id\":\"https:\/\/ikar.dev\/bceco-v2\/#\/schema\/logo\/image\/\",\"url\":\"https:\/\/ikar.dev\/bceco-v2\/wp-content\/uploads\/2025\/12\/BCECO-Bureau-Central-de-Coordination.jpg\",\"contentUrl\":\"https:\/\/ikar.dev\/bceco-v2\/wp-content\/uploads\/2025\/12\/BCECO-Bureau-Central-de-Coordination.jpg\",\"width\":2048,\"height\":2048,\"caption\":\"Bureau Central de Coordination\"},\"image\":{\"@id\":\"https:\/\/ikar.dev\/bceco-v2\/#\/schema\/logo\/image\/\"},\"sameAs\":[\"https:\/\/www.facebook.com\/BCeCoRDC\",\"https:\/\/x.com\/BCeCoRDC\"]}]}<\/script>\n<!-- \/ Yoast SEO plugin. -->","yoast_head_json":{"title":"Projets - Bureau Central de Coordination","robots":{"index":"index","follow":"follow","max-snippet":"max-snippet:-1","max-image-preview":"max-image-preview:large","max-video-preview":"max-video-preview:-1"},"canonical":"https:\/\/ikar.dev\/bceco-v2\/projets\/","og_locale":"en_US","og_type":"article","og_title":"Projets - Bureau Central de Coordination","og_url":"https:\/\/ikar.dev\/bceco-v2\/projets\/","og_site_name":"Bureau Central de Coordination","article_publisher":"https:\/\/www.facebook.com\/BCeCoRDC","article_modified_time":"2025-12-21T23:50:22+00:00","twitter_card":"summary_large_image","twitter_site":"@BCeCoRDC","schema":{"@context":"https:\/\/schema.org","@graph":[{"@type":"WebPage","@id":"https:\/\/ikar.dev\/bceco-v2\/projets\/","url":"https:\/\/ikar.dev\/bceco-v2\/projets\/","name":"Projets - Bureau Central de Coordination","isPartOf":{"@id":"https:\/\/ikar.dev\/bceco-v2\/#website"},"datePublished":"2025-12-11T08:40:53+00:00","dateModified":"2025-12-21T23:50:22+00:00","breadcrumb":{"@id":"https:\/\/ikar.dev\/bceco-v2\/projets\/#breadcrumb"},"inLanguage":"en-US","potentialAction":[{"@type":"ReadAction","target":["https:\/\/ikar.dev\/bceco-v2\/projets\/"]}]},{"@type":"BreadcrumbList","@id":"https:\/\/ikar.dev\/bceco-v2\/projets\/#breadcrumb","itemListElement":[{"@type":"ListItem","position":1,"name":"Accueil","item":"https:\/\/ikar.dev\/bceco-v2\/"},{"@type":"ListItem","position":2,"name":"Projets"}]},{"@type":"WebSite","@id":"https:\/\/ikar.dev\/bceco-v2\/#website","url":"https:\/\/ikar.dev\/bceco-v2\/","name":"Bureau Central de Coordination","description":"B.Ce.Co \u2013 Au c\u0153ur de l\u2019ex\u00e9cution des projets de d\u00e9veloppement en RDC","publisher":{"@id":"https:\/\/ikar.dev\/bceco-v2\/#organization"},"potentialAction":[{"@type":"SearchAction","target":{"@type":"EntryPoint","urlTemplate":"https:\/\/ikar.dev\/bceco-v2\/?s={search_term_string}"},"query-input":{"@type":"PropertyValueSpecification","valueRequired":true,"valueName":"search_term_string"}}],"inLanguage":"en-US"},{"@type":"Organization","@id":"https:\/\/ikar.dev\/bceco-v2\/#organization","name":"Bureau Central de Coordination","url":"https:\/\/ikar.dev\/bceco-v2\/","logo":{"@type":"ImageObject","inLanguage":"en-US","@id":"https:\/\/ikar.dev\/bceco-v2\/#\/schema\/logo\/image\/","url":"https:\/\/ikar.dev\/bceco-v2\/wp-content\/uploads\/2025\/12\/BCECO-Bureau-Central-de-Coordination.jpg","contentUrl":"https:\/\/ikar.dev\/bceco-v2\/wp-content\/uploads\/2025\/12\/BCECO-Bureau-Central-de-Coordination.jpg","width":2048,"height":2048,"caption":"Bureau Central de Coordination"},"image":{"@id":"https:\/\/ikar.dev\/bceco-v2\/#\/schema\/logo\/image\/"},"sameAs":["https:\/\/www.facebook.com\/BCeCoRDC","https:\/\/x.com\/BCeCoRDC"]}]}},"_links":{"self":[{"href":"https:\/\/ikar.dev\/bceco-v2\/wp-json\/wp\/v2\/pages\/10663","targetHints":{"allow":["GET"]}}],"collection":[{"href":"https:\/\/ikar.dev\/bceco-v2\/wp-json\/wp\/v2\/pages"}],"about":[{"href":"https:\/\/ikar.dev\/bceco-v2\/wp-json\/wp\/v2\/types\/page"}],"author":[{"embeddable":true,"href":"https:\/\/ikar.dev\/bceco-v2\/wp-json\/wp\/v2\/users\/1"}],"replies":[{"embeddable":true,"href":"https:\/\/ikar.dev\/bceco-v2\/wp-json\/wp\/v2\/comments?post=10663"}],"version-history":[{"count":1,"href":"https:\/\/ikar.dev\/bceco-v2\/wp-json\/wp\/v2\/pages\/10663\/revisions"}],"predecessor-version":[{"id":56138,"href":"https:\/\/ikar.dev\/bceco-v2\/wp-json\/wp\/v2\/pages\/10663\/revisions\/56138"}],"wp:attachment":[{"href":"https:\/\/ikar.dev\/bceco-v2\/wp-json\/wp\/v2\/media?parent=10663"}],"curies":[{"name":"wp","href":"https:\/\/api.w.org\/{rel}","templated":true}]}}